{"id":3309,"date":"2024-08-16T13:03:20","date_gmt":"2024-08-16T11:03:20","guid":{"rendered":"https:\/\/vtc-strasbourg-dmd.fr\/chauffeur-prive-vtc-entzheim-flughafen-strassburg\/"},"modified":"2026-02-12T17:36:17","modified_gmt":"2026-02-12T16:36:17","slug":"chauffeur-prive-vtc-entzheim-flughafen-strassburg","status":"publish","type":"page","link":"https:\/\/vtc-strasbourg-dmd.fr\/de\/chauffeur-prive-vtc-entzheim-flughafen-strassburg\/","title":{"rendered":"Privatfahrer Flughafen Entzheim Stra\u00dfburg"},"content":{"rendered":"\t\t<div data-elementor-type=\"wp-page\" data-elementor-id=\"3309\" class=\"elementor elementor-3309 elementor-2153\" data-elementor-post-type=\"page\">\n\t\t\t\t\t\t<section class=\"elementor-section elementor-top-section elementor-element elementor-element-779780a elementor-section-full_width elementor-section-height-min-height elementor-section-height-default elementor-section-items-middle\" data-id=\"779780a\" data-element_type=\"section\" data-e-type=\"section\" data-settings=\"{&quot;background_background&quot;:&quot;classic&quot;}\">\n\t\t\t\t\t\t\t<div class=\"elementor-background-overlay\"><\/div>\n\t\t\t\t\t\t\t<div class=\"elementor-container elementor-column-gap-default\">\n\t\t\t\t\t<div class=\"elementor-column elementor-col-100 elementor-top-column elementor-element elementor-element-cf57236\" data-id=\"cf57236\" data-element_type=\"column\" data-e-type=\"column\">\n\t\t\t<div class=\"elementor-widget-wrap elementor-element-populated\">\n\t\t\t\t\t\t<div class=\"elementor-element elementor-element-832213a elementor-widget elementor-widget-heading\" data-id=\"832213a\" data-element_type=\"widget\" data-e-type=\"widget\" data-widget_type=\"heading.default\">\n\t\t\t\t<div class=\"elementor-widget-container\">\n\t\t\t\t\t<h1 class=\"elementor-heading-title elementor-size-default\">Stra\u00dfburg Flughafen Entzheim (SXB) Privatfahrer-Shuttle zu einem festen Tarif<\/h1>\t\t\t\t<\/div>\n\t\t\t\t<\/div>\n\t\t\t\t<div class=\"elementor-element elementor-element-fd2530c elementor-widget__width-initial elementor-widget elementor-widget-text-editor\" data-id=\"fd2530c\" data-element_type=\"widget\" data-e-type=\"widget\" data-widget_type=\"text-editor.default\">\n\t\t\t\t<div class=\"elementor-widget-container\">\n\t\t\t\t\t\t\t\t\t<p>Verschwende keine Zeit damit, auf ein Taxi zu warten oder nach deinem Weg zur Landung zu suchen. <b data-path-to-node=\"12,0\" data-index-in-node=\"88\">VTC Strasbourg DMD<\/b> bietet Ihren privaten Transfer zwischen dem Flughafen Stra\u00dfburg-Entzheim (SXB) und dem Stadtzentrum, Ihrem Zuhause oder B\u00fcro. Egal, ob Sie allein in einer Limoune oder in einer Gruppe mit unserem Mercedes Van reisen \u2013 genie\u00dfen Sie einen VIP-Empfang und einen im Voraus bekannten Preis \u2013 ohne zus\u00e4tzliche Kosten f\u00fcr Gep\u00e4ck.<\/p>\t\t\t\t\t\t\t\t<\/div>\n\t\t\t\t<\/div>\n\t\t\t\t<div class=\"elementor-element elementor-element-3180a0a elementor-widget elementor-widget-html\" data-id=\"3180a0a\" data-element_type=\"widget\" data-e-type=\"widget\" data-widget_type=\"html.default\">\n\t\t\t\t<div class=\"elementor-widget-container\">\n\t\t\t\t\t<iframe src=\"https:\/\/dr2e48b1.web.app\" height=\"600\" width=\"LARGEUR\"><\/iframe>\t\t\t\t<\/div>\n\t\t\t\t<\/div>\n\t\t\t\t\t<\/div>\n\t\t<\/div>\n\t\t\t\t\t<\/div>\n\t\t<\/section>\n\t\t\t\t<section class=\"elementor-section elementor-top-section elementor-element elementor-element-cd062fe elementor-section-content-middle elementor-section-boxed elementor-section-height-default elementor-section-height-default\" data-id=\"cd062fe\" data-element_type=\"section\" data-e-type=\"section\" data-settings=\"{&quot;background_background&quot;:&quot;classic&quot;}\">\n\t\t\t\t\t\t<div class=\"elementor-container elementor-column-gap-no\">\n\t\t\t\t\t<div class=\"elementor-column elementor-col-100 elementor-top-column elementor-element elementor-element-834daf0\" data-id=\"834daf0\" data-element_type=\"column\" data-e-type=\"column\">\n\t\t\t<div class=\"elementor-widget-wrap elementor-element-populated\">\n\t\t\t\t\t\t<section class=\"elementor-section elementor-inner-section elementor-element elementor-element-ea3fcd4 elementor-section-content-middle elementor-section-boxed elementor-section-height-default elementor-section-height-default\" data-id=\"ea3fcd4\" data-element_type=\"section\" data-e-type=\"section\">\n\t\t\t\t\t\t<div class=\"elementor-container elementor-column-gap-no\">\n\t\t\t\t\t<div class=\"elementor-column elementor-col-50 elementor-inner-column elementor-element elementor-element-dfc8c0f\" data-id=\"dfc8c0f\" data-element_type=\"column\" data-e-type=\"column\" data-settings=\"{&quot;background_background&quot;:&quot;classic&quot;}\">\n\t\t\t<div class=\"elementor-widget-wrap elementor-element-populated\">\n\t\t\t\t\t\t<div class=\"elementor-element elementor-element-0fec762 elementor-widget elementor-widget-spacer\" data-id=\"0fec762\" data-element_type=\"widget\" data-e-type=\"widget\" data-widget_type=\"spacer.default\">\n\t\t\t\t<div class=\"elementor-widget-container\">\n\t\t\t\t\t\t\t<div class=\"elementor-spacer\">\n\t\t\t<div class=\"elementor-spacer-inner\"><\/div>\n\t\t<\/div>\n\t\t\t\t\t\t<\/div>\n\t\t\t\t<\/div>\n\t\t\t\t\t<\/div>\n\t\t<\/div>\n\t\t\t\t<div class=\"elementor-column elementor-col-50 elementor-inner-column elementor-element elementor-element-aed728c\" data-id=\"aed728c\" data-element_type=\"column\" data-e-type=\"column\">\n\t\t\t<div class=\"elementor-widget-wrap elementor-element-populated\">\n\t\t\t\t\t\t<div class=\"elementor-element elementor-element-65ad636 elementor-widget elementor-widget-heading\" data-id=\"65ad636\" data-element_type=\"widget\" data-e-type=\"widget\" data-widget_type=\"heading.default\">\n\t\t\t\t<div class=\"elementor-widget-container\">\n\t\t\t\t\t<h2 class=\"elementor-heading-title elementor-size-default\">Warum buchen Sie Ihren Strasbourg DMD VTC f\u00fcr den Flughafen<\/h2>\t\t\t\t<\/div>\n\t\t\t\t<\/div>\n\t\t\t\t<div class=\"elementor-element elementor-element-5f29de7 elementor-widget elementor-widget-text-editor\" data-id=\"5f29de7\" data-element_type=\"widget\" data-e-type=\"widget\" data-widget_type=\"text-editor.default\">\n\t\t\t\t<div class=\"elementor-widget-container\">\n\t\t\t\t\t\t\t\t\t<p>1. <strong>Echtzeit-Flugverfolgung<\/strong> (Kein Stress durch Versp\u00e4tungen) Wir \u00fcberwachen Ihren Flug \u00fcber seine Nummer. Wenn Ihr Flug Versp\u00e4tung hat, wissen wir das und verschieben automatisch die Ankunft des Fahrers. F\u00fcr das Warten auf die Flugversp\u00e4tung werden keine zus\u00e4tzlichen Geb\u00fchren berechnet.   <\/p><p>2. <strong>Personalisiertes Willkommen (Schild):<\/strong> Ihr privater Fahrer wartet direkt am Abgabepunkt oder in der Ankunftshalle mit einem Tablet oder einem Schild mit Ihrem Namen auf Sie. Du entdeckst ihn sofort, er \u00fcbernimmt deine Koffer und f\u00fchrt dich zum Fahrzeug. <\/p><p>3. <strong>Fester und transparenter Preis<\/strong> Im Gegensatz zu traditionellen Stra\u00dfburger Taxis, bei denen der Taxameter bei Staus auf der A35 l\u00e4uft, sind unsere Preise pauschal. Du kennst den genauen Preis beim Buchen. Beispiel: Ein Transfer vom Flughafen ins Stadtzentrum (Kathedrale\/Bahnhof) wird mit einem festen Satz berechnet, bei fl\u00fcssigem oder starkem Verkehr.  <br><br>4. <strong>Comfort Sedan (1-3 Passagiere):<\/strong> Ideal f\u00fcr Gesch\u00e4ftsreisende oder Paare. Reisen Sie in einer Mercedes E-Class (oder gleichwertig) mit WLAN, Ladeger\u00e4ten und Flaschenwasser. Mercedes V-Klasse Van (4\u20137 Personen): Die wirtschaftliche L\u00f6sung f\u00fcr Familien oder Gruppen. Ein riesiger Koffer f\u00fcr all deine Koffer (einschlie\u00dflich Skier oder Instrumenten).   <\/p>\t\t\t\t\t\t\t\t<\/div>\n\t\t\t\t<\/div>\n\t\t\t\t<div class=\"elementor-element elementor-element-70edcd3 elementor-align-left elementor-widget elementor-widget-button\" data-id=\"70edcd3\" data-element_type=\"widget\" data-e-type=\"widget\" data-widget_type=\"button.default\">\n\t\t\t\t<div class=\"elementor-widget-container\">\n\t\t\t\t\t\t\t\t\t<div class=\"elementor-button-wrapper\">\n\t\t\t\t\t<a class=\"elementor-button elementor-button-link elementor-size-md\" href=\"#elementor-action%3Aaction%3Dpopup%3Aopen%26settings%3DeyJpZCI6MzMyOSwidG9nZ2xlIjpmYWxzZX0%3D\">\n\t\t\t\t\t\t<span class=\"elementor-button-content-wrapper\">\n\t\t\t\t\t\t\t\t\t<span class=\"elementor-button-text\">Buchen Sie eine Fahrt<\/span>\n\t\t\t\t\t<\/span>\n\t\t\t\t\t<\/a>\n\t\t\t\t<\/div>\n\t\t\t\t\t\t\t\t<\/div>\n\t\t\t\t<\/div>\n\t\t\t\t\t<\/div>\n\t\t<\/div>\n\t\t\t\t\t<\/div>\n\t\t<\/section>\n\t\t\t\t<section class=\"elementor-section elementor-inner-section elementor-element elementor-element-787d8b1 elementor-section-content-middle elementor-reverse-mobile elementor-section-boxed elementor-section-height-default elementor-section-height-default\" data-id=\"787d8b1\" data-element_type=\"section\" data-e-type=\"section\">\n\t\t\t\t\t\t<div class=\"elementor-container elementor-column-gap-no\">\n\t\t\t\t\t<div class=\"elementor-column elementor-col-50 elementor-inner-column elementor-element elementor-element-270c558\" data-id=\"270c558\" data-element_type=\"column\" data-e-type=\"column\">\n\t\t\t<div class=\"elementor-widget-wrap elementor-element-populated\">\n\t\t\t\t\t\t<div class=\"elementor-element elementor-element-37b9cad elementor-widget elementor-widget-heading\" data-id=\"37b9cad\" data-element_type=\"widget\" data-e-type=\"widget\" data-widget_type=\"heading.default\">\n\t\t\t\t<div class=\"elementor-widget-container\">\n\t\t\t\t\t<h2 class=\"elementor-heading-title elementor-size-default\">Flughafen Stra\u00dfburg VTC-Tarife (Sch\u00e4tzungen)<\/h2>\t\t\t\t<\/div>\n\t\t\t\t<\/div>\n\t\t\t\t<div class=\"elementor-element elementor-element-d9d3e83 elementor-widget elementor-widget-text-editor\" data-id=\"d9d3e83\" data-element_type=\"widget\" data-e-type=\"widget\" data-widget_type=\"text-editor.default\">\n\t\t\t\t<div class=\"elementor-widget-container\">\n\t\t\t\t\t\t\t\t\t<p>Hier sind einige Beispiele unserer VTC-Pakete zum oder vom Flughafen Entzheim:<\/p><ul><li><a href=\"https:\/\/vtc-strasbourg-dmd.fr\/chauffeur-prive-vtc-aeroport-entzheim-strasbourg\/\">Flughafen \u2194 Stra\u00dfburger Zentrum \/ Bahnhof<\/a> : Ab 40 \u20ac *<\/li><li><a href=\"https:\/\/vtc-strasbourg-dmd.fr\/chauffeur-prive-vtc-europa-park-strasbourg\/\">Europa-Park Flughafen \u2194<\/a> : Ab 90\u20ac *<\/li><li><a href=\"https:\/\/vtc-strasbourg-dmd.fr\/transfert-vtc-chauffeur-prive-colmar-strasbourg\/\">Flughafen \u2194 Colmar<\/a> : Von 110\u20ac *<\/li><li><a href=\"https:\/\/vtc-strasbourg-dmd.fr\/chauffeur-prive-vtc-aeroport-baden-baden\/\">Flughafen \u2194 Baden-Baden<\/a> : Ein Zitat<p>*(Indikative Preise je nach Fahrzeug und Fahrplan, eine Simulation f\u00fcr den genauen Preis erstellen)<\/p><\/li><\/ul>\t\t\t\t\t\t\t\t<\/div>\n\t\t\t\t<\/div>\n\t\t\t\t<div class=\"elementor-element elementor-element-4c38630 elementor-widget elementor-widget-heading\" data-id=\"4c38630\" data-element_type=\"widget\" data-e-type=\"widget\" data-widget_type=\"heading.default\">\n\t\t\t\t<div class=\"elementor-widget-container\">\n\t\t\t\t\t<h2 class=\"elementor-heading-title elementor-size-default\">Wie findet man seinen Fahrer in Entzheim?<\/h2>\t\t\t\t<\/div>\n\t\t\t\t<\/div>\n\t\t\t\t<div class=\"elementor-element elementor-element-d78750f elementor-widget elementor-widget-text-editor\" data-id=\"d78750f\" data-element_type=\"widget\" data-e-type=\"widget\" data-widget_type=\"text-editor.default\">\n\t\t\t\t<div class=\"elementor-widget-container\">\n\t\t\t\t\t\t\t\t\t<p data-path-to-node=\"28,0\">Der Flughafen Stra\u00dfburg ist im menschlichen Ma\u00dfstab, aber es ist beruhigend zu wissen, wohin man fliegen muss.<\/p><ol start=\"1\" data-path-to-node=\"28,1\"><li><p data-path-to-node=\"28,1,0,0\">Wenn Sie aus dem Flugzeug steigen, holen Sie Ihr Gep\u00e4ck ein.<\/p><\/li><li><p data-path-to-node=\"28,1,0,0\">Geh zum Hauptausgang.<\/p><\/li><li><p data-path-to-node=\"28,1,2,0\">Ihr <b data-path-to-node=\"28,1,2,0\" data-index-in-node=\"16\">Stra\u00dfburger DMD VTC-Fahrer<\/b> wird mit seinem Schild direkt nach dem Zoll oder auf dem Au\u00dfenplatz &#8222;Drop-off Minute&#8220; positioniert, je nach Ihrer Pr\u00e4ferenz per SMS \u00fcbermittelt.<\/p><\/li><\/ol>\t\t\t\t\t\t\t\t<\/div>\n\t\t\t\t<\/div>\n\t\t\t\t<div class=\"elementor-element elementor-element-a547e9e elementor-align-left elementor-widget elementor-widget-button\" data-id=\"a547e9e\" data-element_type=\"widget\" data-e-type=\"widget\" data-widget_type=\"button.default\">\n\t\t\t\t<div class=\"elementor-widget-container\">\n\t\t\t\t\t\t\t\t\t<div class=\"elementor-button-wrapper\">\n\t\t\t\t\t<a class=\"elementor-button elementor-button-link elementor-size-md\" href=\"#elementor-action%3Aaction%3Dpopup%3Aopen%26settings%3DeyJpZCI6MzMyOSwidG9nZ2xlIjpmYWxzZX0%3D\">\n\t\t\t\t\t\t<span class=\"elementor-button-content-wrapper\">\n\t\t\t\t\t\t\t\t\t<span class=\"elementor-button-text\">Buchen Sie eine Fahrt<\/span>\n\t\t\t\t\t<\/span>\n\t\t\t\t\t<\/a>\n\t\t\t\t<\/div>\n\t\t\t\t\t\t\t\t<\/div>\n\t\t\t\t<\/div>\n\t\t\t\t\t<\/div>\n\t\t<\/div>\n\t\t\t\t<div class=\"elementor-column elementor-col-50 elementor-inner-column elementor-element elementor-element-78c37ee\" data-id=\"78c37ee\" data-element_type=\"column\" data-e-type=\"column\" data-settings=\"{&quot;background_background&quot;:&quot;classic&quot;}\">\n\t\t\t<div class=\"elementor-widget-wrap elementor-element-populated\">\n\t\t\t\t\t\t<div class=\"elementor-element elementor-element-e064d37 elementor-widget elementor-widget-spacer\" data-id=\"e064d37\" data-element_type=\"widget\" data-e-type=\"widget\" data-widget_type=\"spacer.default\">\n\t\t\t\t<div class=\"elementor-widget-container\">\n\t\t\t\t\t\t\t<div class=\"elementor-spacer\">\n\t\t\t<div class=\"elementor-spacer-inner\"><\/div>\n\t\t<\/div>\n\t\t\t\t\t\t<\/div>\n\t\t\t\t<\/div>\n\t\t\t\t\t<\/div>\n\t\t<\/div>\n\t\t\t\t\t<\/div>\n\t\t<\/section>\n\t\t\t\t<div class=\"elementor-element elementor-element-1e26d34 elementor-widget elementor-widget-toggle\" data-id=\"1e26d34\" data-element_type=\"widget\" data-e-type=\"widget\" data-widget_type=\"toggle.default\">\n\t\t\t\t<div class=\"elementor-widget-container\">\n\t\t\t\t\t\t\t<div class=\"elementor-toggle\">\n\t\t\t\t\t\t\t<div class=\"elementor-toggle-item\">\n\t\t\t\t\t<h3 id=\"elementor-tab-title-3161\" class=\"elementor-tab-title\" data-tab=\"1\" role=\"button\" aria-controls=\"elementor-tab-content-3161\" aria-expanded=\"false\">\n\t\t\t\t\t\t\t\t\t\t\t\t<span class=\"elementor-toggle-icon elementor-toggle-icon-left\" aria-hidden=\"true\">\n\t\t\t\t\t\t\t\t\t\t\t\t\t\t\t<span class=\"elementor-toggle-icon-closed\"><i class=\"fas fa-caret-right\"><\/i><\/span>\n\t\t\t\t\t\t\t\t<span class=\"elementor-toggle-icon-opened\"><i class=\"elementor-toggle-icon-opened fas fa-caret-up\"><\/i><\/span>\n\t\t\t\t\t\t\t\t\t\t\t\t\t<\/span>\n\t\t\t\t\t\t\t\t\t\t\t\t<a class=\"elementor-toggle-title\" tabindex=\"0\">Zu welchen anderen Zielen fliegen wir in der N\u00e4he von Stra\u00dfburg?  <\/a>\n\t\t\t\t\t<\/h3>\n\n\t\t\t\t\t<div id=\"elementor-tab-content-3161\" class=\"elementor-tab-content elementor-clearfix\" data-tab=\"1\" role=\"region\" aria-labelledby=\"elementor-tab-title-3161\"><p>VTC Stra\u00dfburg DMD bietet seine Dienstleistungen an den verschiedenen Flugh\u00e4fen in Grand Est, Deutschland und der Schweiz an:  <\/p>\n<p><span style=\"text-decoration: underline;\"><span style=\"color: #ffffff; text-decoration: underline;\">&#8211; <a style=\"color: #ffffff; text-decoration: underline;\" href=\"https:\/\/vtc-strasbourg-dmd.fr\/chauffeur-prive-vtc-aeroport-baden-baden\/\">Umstieg zum Flughafen Baden-Baden<\/a><\/span><\/span><br \/><span style=\"text-decoration: underline;\"><span style=\"color: #ffffff; text-decoration: underline;\">&#8211; <a style=\"color: #ffffff; text-decoration: underline;\" href=\"https:\/\/vtc-strasbourg-dmd.fr\/chauffeur-prive-vtc-aeroport-entzheim-strasbourg\/\">Umsteigung zum Flughafen Stra\u00dfburg Entzheim<\/a><\/span><\/span><br \/><span style=\"text-decoration: underline;\"><span style=\"color: #ffffff; text-decoration: underline;\"><a style=\"color: #ffffff; text-decoration: underline;\" href=\"https:\/\/vtc-strasbourg-dmd.fr\/chauffeur-prive-vtc-aeroport-stuttgart\/\">&#8211; Transfer zum Flughafen Stuttgart<\/a><\/span><\/span><br \/><span style=\"text-decoration: underline;\"><span style=\"color: #ffffff; text-decoration: underline;\">&#8211; <a style=\"color: #ffffff; text-decoration: underline;\" href=\"https:\/\/vtc-strasbourg-dmd.fr\/transfert-vtc-aeroport-francfort-strasbourg\/\">Umsteigung zum Flughafen Frankfurt<\/a><\/span><\/span><br \/><span style=\"text-decoration: underline;\"><span style=\"color: #ffffff; text-decoration: underline;\">&#8211; <a style=\"color: #ffffff; text-decoration: underline;\" href=\"https:\/\/vtc-strasbourg-dmd.fr\/chauffeur-prive-vtc-aeroport-bale-mulhouse-fribourg\/\">Umsteigung zum Flughafen Basel-Mulhouse<\/a><\/span><\/span><br \/><span style=\"text-decoration: underline;\"><span style=\"color: #ffffff; text-decoration: underline;\">&#8211; <a style=\"color: #ffffff; text-decoration: underline;\" href=\"https:\/\/vtc-strasbourg-dmd.fr\/transfert-vtc-aeroport-zurich-strasbourg\/\">Transfer zum Flughafen Z\u00fcrich<\/a><\/span><\/span><br \/><span style=\"text-decoration: underline;\"><span style=\"color: #ffffff; text-decoration: underline;\">&#8211;<a style=\"color: #ffffff; text-decoration: underline;\" href=\"https:\/\/vtc-strasbourg-dmd.fr\/chauffeur-prive-vtc-aeroport-entzheim-strasbourg\/\"> Umsteigung zum Flughafen Stra\u00dfburg Entzheim<\/a><\/span><\/span><\/p>\n<p><span style=\"color: #ffffff;\">Wir empfehlen Ihnen au\u00dferdem, die sch\u00f6nsten Orte unserer Region zu besuchen:  <\/span><\/p>\n<p><span style=\"text-decoration: underline;\"><span style=\"color: #ffffff; text-decoration: underline;\">&#8211; <a style=\"color: #ffffff; text-decoration: underline;\" href=\"https:\/\/vtc-strasbourg-dmd.fr\/chauffeur-prive-vtc-europa-park-strasbourg\/\">Fahrer von Europa Park VTC<\/a><\/span><\/span><br \/><span style=\"text-decoration: underline;\"><span style=\"color: #ffffff; text-decoration: underline;\">&#8211; <a style=\"color: #ffffff; text-decoration: underline;\" href=\"https:\/\/vtc-strasbourg-dmd.fr\/transfert-vtc-chauffeur-prive-colmar-strasbourg\/\">Privatfahrer Colmar<\/a><\/span><\/span><br \/><span style=\"text-decoration: underline;\"><span style=\"color: #ffffff; text-decoration: underline;\">&#8211; <a style=\"color: #ffffff; text-decoration: underline;\" href=\"https:\/\/vtc-strasbourg-dmd.fr\/transfert-vtc-chauffeur-prive-ribeauville-strasbourg\/\">Chauffeur Chauffeur Ribeauvill\u00e9<\/a><\/span><\/span><br \/><span style=\"text-decoration: underline;\"><span style=\"color: #ffffff; text-decoration: underline;\">&#8211; <a style=\"color: #ffffff; text-decoration: underline;\" href=\"https:\/\/vtc-strasbourg-dmd.fr\/transfert-vtc-chauffeur-prive-obernai-strasbourg\/\">Chauffeur VTC Obernai<\/a><\/span><\/span><br \/><span style=\"text-decoration: underline;\"><span style=\"color: #ffffff; text-decoration: underline;\">&#8211; <a style=\"color: #ffffff; text-decoration: underline;\" href=\"https:\/\/vtc-strasbourg-dmd.fr\/transfert-vtc-chauffeur-prive-kaysersberg-strasbourg\/\">Chauffeur VTC Kaysersberg<\/a><\/span><\/span><br \/><span style=\"text-decoration: underline;\"><span style=\"color: #ffffff; text-decoration: underline;\">&#8211; <a style=\"color: #ffffff; text-decoration: underline;\" href=\"https:\/\/vtc-strasbourg-dmd.fr\/transfert-vtc-chauffeur-prive-riquewihr-strasbourg\/\">Riquewhir VTC-Fahrer<\/a><\/span><\/span><br \/><span style=\"text-decoration: underline;\"><span style=\"color: #ffffff; text-decoration: underline;\">&#8211; <a style=\"color: #ffffff; text-decoration: underline;\" href=\"https:\/\/vtc-strasbourg-dmd.fr\/transfert-vtc-chauffeur-prive-eguisheim-strasbourg\/\">VTC-Fahrer Eguisheim<\/a><\/span><\/span><\/p>\n<\/div>\n\t\t\t\t<\/div>\n\t\t\t\t\t\t\t<div class=\"elementor-toggle-item\">\n\t\t\t\t\t<h3 id=\"elementor-tab-title-3162\" class=\"elementor-tab-title\" data-tab=\"2\" role=\"button\" aria-controls=\"elementor-tab-content-3162\" aria-expanded=\"false\">\n\t\t\t\t\t\t\t\t\t\t\t\t<span class=\"elementor-toggle-icon elementor-toggle-icon-left\" aria-hidden=\"true\">\n\t\t\t\t\t\t\t\t\t\t\t\t\t\t\t<span class=\"elementor-toggle-icon-closed\"><i class=\"fas fa-caret-right\"><\/i><\/span>\n\t\t\t\t\t\t\t\t<span class=\"elementor-toggle-icon-opened\"><i class=\"elementor-toggle-icon-opened fas fa-caret-up\"><\/i><\/span>\n\t\t\t\t\t\t\t\t\t\t\t\t\t<\/span>\n\t\t\t\t\t\t\t\t\t\t\t\t<a class=\"elementor-toggle-title\" tabindex=\"0\">Fl\u00fcge zu Stra\u00dfburger DMD VTC-Flugh\u00e4fen<\/a>\n\t\t\t\t\t<\/h3>\n\n\t\t\t\t\t<div id=\"elementor-tab-content-3162\" class=\"elementor-tab-content elementor-clearfix\" data-tab=\"2\" role=\"region\" aria-labelledby=\"elementor-tab-title-3162\"><p data-path-to-node=\"3\">Ab Stra\u00dfburg und ganz Elsass bieten wir Ihre privaten Transfers (Hin- und R\u00fcckfahrt) zu den wichtigsten Flughafenplattformen der Region und grenz\u00fcberschreitend:<\/p>\n<ul data-path-to-node=\"4\">\n<li>\n<p data-path-to-node=\"4,0,0\"><b data-path-to-node=\"4,0,0\" data-index-in-node=\"0\">Frankreich:<\/b> <a href=\"https:\/\/vtc-strasbourg-dmd.fr\/chauffeur-prive-vtc-aeroport-entzheim-strasbourg\/\">Stra\u00dfburg-Entzheim (SXB)<\/a> und <a href=\"https:\/\/vtc-strasbourg-dmd.fr\/chauffeur-prive-vtc-aeroport-bale-mulhouse-fribourg\/\">Basel-M\u00fclhaus (EuroAirport).<\/a><\/p>\n<\/li>\n<li>\n<p data-path-to-node=\"4,1,0\"><b data-path-to-node=\"4,1,0\" data-index-in-node=\"0\">Deutschland:<\/b> <a href=\"https:\/\/vtc-strasbourg-dmd.fr\/chauffeur-prive-vtc-aeroport-baden-baden\/\">Karlsruhe \/ Baden-Baden (FKB),<\/a> <a href=\"https:\/\/vtc-strasbourg-dmd.fr\/transfert-vtc-aeroport-francfort-strasbourg\/\">Frankfurt International (FRA)<\/a> und <a href=\"https:\/\/vtc-strasbourg-dmd.fr\/chauffeur-prive-vtc-aeroport-stuttgart\/\">Stuttgart (STR).<\/a><\/p>\n<\/li>\n<li>\n<p data-path-to-node=\"4,2,0\"><b data-path-to-node=\"4,2,0\" data-index-in-node=\"0\">Schweiz:<\/b> <a href=\"https:\/\/vtc-strasbourg-dmd.fr\/transfert-vtc-aeroport-zurich-strasbourg\/\">Z\u00fcrich (ZRH)<\/a> und Basel.<\/p>\n<\/li>\n<\/ul>\n<p data-path-to-node=\"5\"><b data-path-to-node=\"5\" data-index-in-node=\"0\">Das DMD + VTC:<\/b> Ein im Voraus bekannter fester Fahrpreis, Echtzeit-Flugverfolgung und &#8222;T\u00fcr-zu-Terminal&#8220;-Unterst\u00fctzung ohne Verbindungen.<\/p>\n<\/div>\n\t\t\t\t<\/div>\n\t\t\t\t\t\t\t<div class=\"elementor-toggle-item\">\n\t\t\t\t\t<h3 id=\"elementor-tab-title-3163\" class=\"elementor-tab-title\" data-tab=\"3\" role=\"button\" aria-controls=\"elementor-tab-content-3163\" aria-expanded=\"false\">\n\t\t\t\t\t\t\t\t\t\t\t\t<span class=\"elementor-toggle-icon elementor-toggle-icon-left\" aria-hidden=\"true\">\n\t\t\t\t\t\t\t\t\t\t\t\t\t\t\t<span class=\"elementor-toggle-icon-closed\"><i class=\"fas fa-caret-right\"><\/i><\/span>\n\t\t\t\t\t\t\t\t<span class=\"elementor-toggle-icon-opened\"><i class=\"elementor-toggle-icon-opened fas fa-caret-up\"><\/i><\/span>\n\t\t\t\t\t\t\t\t\t\t\t\t\t<\/span>\n\t\t\t\t\t\t\t\t\t\t\t\t<a class=\"elementor-toggle-title\" tabindex=\"0\">SNCF- und DB-Bahnhofsdienste (Stra\u00dfburg und Umgebung)<\/a>\n\t\t\t\t\t<\/h3>\n\n\t\t\t\t\t<div id=\"elementor-tab-content-3163\" class=\"elementor-tab-content elementor-clearfix\" data-tab=\"3\" role=\"region\" aria-labelledby=\"elementor-tab-title-3163\"><p data-path-to-node=\"3\">Um Ihre TGV- oder TER-Verbindungen zu erleichtern, stellt <b data-path-to-node=\"3\" data-index-in-node=\"47\">VTC Strasbourg DMD<\/b> Ihre Umstiege zu und von allen strategischen Bahnh\u00f6fen in Bas-Rhin und Ortenau (Deutschland) bereit:<\/p>\n<ul data-path-to-node=\"4\">\n<li>\n<p data-path-to-node=\"4,0,0\"><b data-path-to-node=\"4,0,0\" data-index-in-node=\"0\">Stra\u00dfburg:<\/b> Zentralbahnhof (TGV) und Krimmeri-Meinau-Bahnhof.<\/p>\n<\/li>\n<li>\n<p data-path-to-node=\"4,1,0\"><b data-path-to-node=\"4,1,0\" data-index-in-node=\"0\">Nord &amp; West:<\/b> Haguenau, Saverne, Brumath.<\/p>\n<\/li>\n<li>\n<p data-path-to-node=\"4,2,0\"><b data-path-to-node=\"4,2,0\" data-index-in-node=\"0\">S\u00fcd &amp; Weinroute:<\/b> S\u00e9lestat, Molsheim, Obernai, Entzheim-Flughafen.<\/p>\n<\/li>\n<li>\n<p data-path-to-node=\"4,3,0\"><b data-path-to-node=\"4,3,0\" data-index-in-node=\"0\">Deutschland:<\/b> Stationen Kehl und Offenburg (ICE-Verbindungen).<\/p>\n<\/li>\n<\/ul>\n<p data-path-to-node=\"5\"><b data-path-to-node=\"5\" data-index-in-node=\"0\">Ihr Vorteil:<\/b> Ein Fahrer wartet auf dem Bahnsteig oder am Abgabepunkt auf Sie. Keine Parksuche mehr oder das Nachjagen einer Stra\u00dfenbahn. <\/p>\n<\/div>\n\t\t\t\t<\/div>\n\t\t\t\t\t\t\t<div class=\"elementor-toggle-item\">\n\t\t\t\t\t<h3 id=\"elementor-tab-title-3164\" class=\"elementor-tab-title\" data-tab=\"4\" role=\"button\" aria-controls=\"elementor-tab-content-3164\" aria-expanded=\"false\">\n\t\t\t\t\t\t\t\t\t\t\t\t<span class=\"elementor-toggle-icon elementor-toggle-icon-left\" aria-hidden=\"true\">\n\t\t\t\t\t\t\t\t\t\t\t\t\t\t\t<span class=\"elementor-toggle-icon-closed\"><i class=\"fas fa-caret-right\"><\/i><\/span>\n\t\t\t\t\t\t\t\t<span class=\"elementor-toggle-icon-opened\"><i class=\"elementor-toggle-icon-opened fas fa-caret-up\"><\/i><\/span>\n\t\t\t\t\t\t\t\t\t\t\t\t\t<\/span>\n\t\t\t\t\t\t\t\t\t\t\t\t<a class=\"elementor-toggle-title\" tabindex=\"0\">Touristenentdeckung: Besuchen Sie das Elsass durch VTC<\/a>\n\t\t\t\t\t<\/h3>\n\n\t\t\t\t\t<div id=\"elementor-tab-content-3164\" class=\"elementor-tab-content elementor-clearfix\" data-tab=\"4\" role=\"region\" aria-labelledby=\"elementor-tab-title-3164\"><p data-path-to-node=\"3\">Genie\u00dfen Sie die Gegend ohne die Einschr\u00e4nkungen von Autofahren oder Parken. Wir f\u00fchren Sie direkt zu den sch\u00f6nsten Touristenattraktionen rund um Stra\u00dfburg: <\/p>\n<ul data-path-to-node=\"4\">\n<li>\n<p data-path-to-node=\"4,0,0\"><b data-path-to-node=\"4,0,0\" data-index-in-node=\"0\">Die Weinstra\u00dfe:<\/b> <a href=\"https:\/\/vtc-strasbourg-dmd.fr\/transfert-vtc-chauffeur-prive-obernai-strasbourg\/\">Obernai<\/a>, <a href=\"https:\/\/vtc-strasbourg-dmd.fr\/transfert-vtc-chauffeur-prive-riquewihr-strasbourg\/\">Riquewihr<\/a>, <a href=\"https:\/\/vtc-strasbourg-dmd.fr\/transfert-vtc-chauffeur-prive-kaysersberg-strasbourg\/\">Kaysersberg<\/a> und <a href=\"https:\/\/vtc-strasbourg-dmd.fr\/transfert-vtc-chauffeur-prive-colmar-strasbourg\/\">Colmar<\/a>.<\/p>\n<\/li>\n<li>\n<p data-path-to-node=\"4,1,0\"><b data-path-to-node=\"4,1,0\" data-index-in-node=\"0\">Freizeit &amp; Unterhaltung:<\/b> <a href=\"https:\/\/vtc-strasbourg-dmd.fr\/chauffeur-prive-vtc-europa-park-strasbourg\/\">Europa-Park &amp; Rulantica<\/a> (Deutschland), Das K\u00f6nigliche Schloss (Kirrwiller), Baden-Baden Casino.<\/p>\n<\/li>\n<li>\n<p data-path-to-node=\"4,2,0\"><b data-path-to-node=\"4,2,0\" data-index-in-node=\"0\">Geschichte &amp; Natur:<\/b> Schloss Haut-K\u0153nigsbourg, Mont Sainte-Odile, Fort de Mutzig.<\/p>\n<\/li>\n<li>\n<p data-path-to-node=\"4,3,0\"><b data-path-to-node=\"4,3,0\" data-index-in-node=\"0\">Einkaufen:<\/b> Roppenheim The Style Outlets.<\/p>\n<\/li>\n<\/ul>\n<p data-path-to-node=\"5\"><b data-path-to-node=\"5\" data-index-in-node=\"0\">&#8222;Provision&#8220;-Formel:<\/b> F\u00fcr v\u00f6llige Freiheit <a href=\"https:\/\/vtc-strasbourg-dmd.fr\/chauffeur-prive-sur-mesure-strasbourg-vtc\/\">buchen Sie Ihren Fahrer f\u00fcr einen halben oder einen ganzen Tag.<\/a> Es wartet auf jeden Schritt des Weges auf dich.<\/p>\n<\/div>\n\t\t\t\t<\/div>\n\t\t\t\t\t\t\t\t<\/div>\n\t\t\t\t\t\t<\/div>\n\t\t\t\t<\/div>\n\t\t\t\t\t<\/div>\n\t\t<\/div>\n\t\t\t\t\t<\/div>\n\t\t<\/section>\n\t\t\t\t<\/div>\n\t\t","protected":false},"excerpt":{"rendered":"<p>Stra\u00dfburg Flughafen Entzheim (SXB) Privatfahrer-Shuttle zu einem festen Tarif Verschwende keine Zeit damit, auf ein Taxi zu warten oder nach deinem Weg zur Landung zu suchen. VTC Strasbourg DMD bietet Ihren privaten Transfer zwischen dem Flughafen Stra\u00dfburg-Entzheim (SXB) und dem Stadtzentrum, Ihrem Zuhause oder B\u00fcro. Egal, ob Sie allein in einer Limoune oder in einer [&hellip;]<\/p>\n","protected":false},"author":31,"featured_media":0,"parent":0,"menu_order":0,"comment_status":"closed","ping_status":"closed","template":"","meta":{"site-sidebar-layout":"no-sidebar","site-content-layout":"page-builder","ast-site-content-layout":"full-width-container","site-content-style":"default","site-sidebar-style":"default","ast-global-header-display":"","ast-banner-title-visibility":"","ast-main-header-display":"","ast-hfb-above-header-display":"","ast-hfb-below-header-display":"","ast-hfb-mobile-header-display":"","site-post-title":"disabled","ast-breadcrumbs-content":"","ast-featured-img":"disabled","footer-sml-layout":"","ast-disable-related-posts":"","theme-transparent-header-meta":"","adv-header-id-meta":"","stick-header-meta":"","header-above-stick-meta":"","header-main-stick-meta":"","header-below-stick-meta":"","astra-migrate-meta-layouts":"default","ast-page-background-enabled":"default","ast-page-background-meta":{"desktop":{"background-color":"","background-image":"","background-repeat":"repeat","background-position":"center center","background-size":"auto","background-attachment":"scroll","background-type":"","background-media":"","overlay-type":"","overlay-color":"","overlay-opacity":"","overlay-gradient":""},"tablet":{"background-color":"","background-image":"","background-repeat":"repeat","background-position":"center center","background-size":"auto","background-attachment":"scroll","background-type":"","background-media":"","overlay-type":"","overlay-color":"","overlay-opacity":"","overlay-gradient":""},"mobile":{"background-color":"","background-image":"","background-repeat":"repeat","background-position":"center center","background-size":"auto","background-attachment":"scroll","background-type":"","background-media":"","overlay-type":"","overlay-color":"","overlay-opacity":"","overlay-gradient":""}},"ast-content-background-meta":{"desktop":{"background-color":"var(--ast-global-color-5)","background-image":"","background-repeat":"repeat","background-position":"center center","background-size":"auto","background-attachment":"scroll","background-type":"","background-media":"","overlay-type":"","overlay-color":"","overlay-opacity":"","overlay-gradient":""},"tablet":{"background-color":"var(--ast-global-color-5)","background-image":"","background-repeat":"repeat","background-position":"center center","background-size":"auto","background-attachment":"scroll","background-type":"","background-media":"","overlay-type":"","overlay-color":"","overlay-opacity":"","overlay-gradient":""},"mobile":{"background-color":"var(--ast-global-color-5)","background-image":"","background-repeat":"repeat","background-position":"center center","background-size":"auto","background-attachment":"scroll","background-type":"","background-media":"","overlay-type":"","overlay-color":"","overlay-opacity":"","overlay-gradient":""}},"footnotes":""},"class_list":["post-3309","page","type-page","status-publish","hentry"],"yoast_head":"<!-- This site is optimized with the Yoast SEO plugin v27.0 - https:\/\/yoast.com\/product\/yoast-seo-wordpress\/ -->\n<title>Privater Mietwagen vom Flughafen Entzheim - VTC Strasbourg DMD<\/title>\n<meta name=\"description\" content=\"Mit seinen personalisierten VTC-Dienstleistungen begleitet Sie Drive me Driver von Anfang an am Flughafen Stra\u00dfburg Entzheim.\" \/>\n<meta name=\"robots\" content=\"index, follow, max-snippet:-1, max-image-preview:large, max-video-preview:-1\" \/>\n<link rel=\"canonical\" href=\"https:\/\/vtc-strasbourg-dmd.fr\/de\/chauffeur-prive-vtc-entzheim-flughafen-strassburg\/\" \/>\n<meta property=\"og:locale\" content=\"de_DE\" \/>\n<meta property=\"og:type\" content=\"article\" \/>\n<meta property=\"og:title\" content=\"Privater Mietwagen vom Flughafen Entzheim - VTC Strasbourg DMD\" \/>\n<meta property=\"og:description\" content=\"Mit seinen personalisierten VTC-Dienstleistungen begleitet Sie Drive me Driver von Anfang an am Flughafen Stra\u00dfburg Entzheim.\" \/>\n<meta property=\"og:url\" content=\"https:\/\/vtc-strasbourg-dmd.fr\/de\/chauffeur-prive-vtc-entzheim-flughafen-strassburg\/\" \/>\n<meta property=\"og:site_name\" content=\"VTC Strasbourg DMD\" \/>\n<meta property=\"article:modified_time\" content=\"2026-02-12T16:36:17+00:00\" \/>\n<meta name=\"twitter:card\" content=\"summary_large_image\" \/>\n<meta name=\"twitter:label1\" content=\"Gesch\u00e4tzte Lesezeit\" \/>\n\t<meta name=\"twitter:data1\" content=\"4 Minuten\" \/>\n<script type=\"application\/ld+json\" class=\"yoast-schema-graph\">{\"@context\":\"https:\/\/schema.org\",\"@graph\":[{\"@type\":\"WebPage\",\"@id\":\"https:\/\/vtc-strasbourg-dmd.fr\/de\/chauffeur-prive-vtc-entzheim-flughafen-strassburg\/\",\"url\":\"https:\/\/vtc-strasbourg-dmd.fr\/de\/chauffeur-prive-vtc-entzheim-flughafen-strassburg\/\",\"name\":\"Privater Mietwagen vom Flughafen Entzheim - VTC Strasbourg DMD\",\"isPartOf\":{\"@id\":\"http:\/\/vtc-strasbourg-dmd.fr\/de\/#website\"},\"datePublished\":\"2024-08-16T11:03:20+00:00\",\"dateModified\":\"2026-02-12T16:36:17+00:00\",\"description\":\"Mit seinen personalisierten VTC-Dienstleistungen begleitet Sie Drive me Driver von Anfang an am Flughafen Stra\u00dfburg Entzheim.\",\"breadcrumb\":{\"@id\":\"https:\/\/vtc-strasbourg-dmd.fr\/de\/chauffeur-prive-vtc-entzheim-flughafen-strassburg\/#breadcrumb\"},\"inLanguage\":\"de\",\"potentialAction\":[{\"@type\":\"ReadAction\",\"target\":[\"https:\/\/vtc-strasbourg-dmd.fr\/de\/chauffeur-prive-vtc-entzheim-flughafen-strassburg\/\"]}]},{\"@type\":\"BreadcrumbList\",\"@id\":\"https:\/\/vtc-strasbourg-dmd.fr\/de\/chauffeur-prive-vtc-entzheim-flughafen-strassburg\/#breadcrumb\",\"itemListElement\":[{\"@type\":\"ListItem\",\"position\":1,\"name\":\"Accueil\",\"item\":\"https:\/\/vtc-strasbourg-dmd.fr\/de\/\"},{\"@type\":\"ListItem\",\"position\":2,\"name\":\"Privatfahrer Flughafen Entzheim Stra\u00dfburg\"}]},{\"@type\":\"WebSite\",\"@id\":\"http:\/\/vtc-strasbourg-dmd.fr\/de\/#website\",\"url\":\"http:\/\/vtc-strasbourg-dmd.fr\/de\/\",\"name\":\"VTC Strasbourg DMD\",\"description\":\"Chauffeur VTC Strasbourg\",\"publisher\":{\"@id\":\"http:\/\/vtc-strasbourg-dmd.fr\/de\/#organization\"},\"potentialAction\":[{\"@type\":\"SearchAction\",\"target\":{\"@type\":\"EntryPoint\",\"urlTemplate\":\"http:\/\/vtc-strasbourg-dmd.fr\/de\/?s={search_term_string}\"},\"query-input\":{\"@type\":\"PropertyValueSpecification\",\"valueRequired\":true,\"valueName\":\"search_term_string\"}}],\"inLanguage\":\"de\"},{\"@type\":\"Organization\",\"@id\":\"http:\/\/vtc-strasbourg-dmd.fr\/de\/#organization\",\"name\":\"VTC Strasbourg DMD\",\"url\":\"http:\/\/vtc-strasbourg-dmd.fr\/de\/\",\"logo\":{\"@type\":\"ImageObject\",\"inLanguage\":\"de\",\"@id\":\"http:\/\/vtc-strasbourg-dmd.fr\/de\/#\/schema\/logo\/image\/\",\"url\":\"https:\/\/vtc-strasbourg-dmd.fr\/wp-content\/uploads\/2025\/05\/cropped-LOGO-DRIVE-ME-DRIVER-scaled-1.png\",\"contentUrl\":\"https:\/\/vtc-strasbourg-dmd.fr\/wp-content\/uploads\/2025\/05\/cropped-LOGO-DRIVE-ME-DRIVER-scaled-1.png\",\"width\":2557,\"height\":854,\"caption\":\"VTC Strasbourg DMD\"},\"image\":{\"@id\":\"http:\/\/vtc-strasbourg-dmd.fr\/de\/#\/schema\/logo\/image\/\"}}]}<\/script>\n<!-- \/ Yoast SEO plugin. -->","yoast_head_json":{"title":"Privater Mietwagen vom Flughafen Entzheim - VTC Strasbourg DMD","description":"Mit seinen personalisierten VTC-Dienstleistungen begleitet Sie Drive me Driver von Anfang an am Flughafen Stra\u00dfburg Entzheim.","robots":{"index":"index","follow":"follow","max-snippet":"max-snippet:-1","max-image-preview":"max-image-preview:large","max-video-preview":"max-video-preview:-1"},"canonical":"https:\/\/vtc-strasbourg-dmd.fr\/de\/chauffeur-prive-vtc-entzheim-flughafen-strassburg\/","og_locale":"de_DE","og_type":"article","og_title":"Privater Mietwagen vom Flughafen Entzheim - VTC Strasbourg DMD","og_description":"Mit seinen personalisierten VTC-Dienstleistungen begleitet Sie Drive me Driver von Anfang an am Flughafen Stra\u00dfburg Entzheim.","og_url":"https:\/\/vtc-strasbourg-dmd.fr\/de\/chauffeur-prive-vtc-entzheim-flughafen-strassburg\/","og_site_name":"VTC Strasbourg DMD","article_modified_time":"2026-02-12T16:36:17+00:00","twitter_card":"summary_large_image","twitter_misc":{"Gesch\u00e4tzte Lesezeit":"4 Minuten"},"schema":{"@context":"https:\/\/schema.org","@graph":[{"@type":"WebPage","@id":"https:\/\/vtc-strasbourg-dmd.fr\/de\/chauffeur-prive-vtc-entzheim-flughafen-strassburg\/","url":"https:\/\/vtc-strasbourg-dmd.fr\/de\/chauffeur-prive-vtc-entzheim-flughafen-strassburg\/","name":"Privater Mietwagen vom Flughafen Entzheim - VTC Strasbourg DMD","isPartOf":{"@id":"http:\/\/vtc-strasbourg-dmd.fr\/de\/#website"},"datePublished":"2024-08-16T11:03:20+00:00","dateModified":"2026-02-12T16:36:17+00:00","description":"Mit seinen personalisierten VTC-Dienstleistungen begleitet Sie Drive me Driver von Anfang an am Flughafen Stra\u00dfburg Entzheim.","breadcrumb":{"@id":"https:\/\/vtc-strasbourg-dmd.fr\/de\/chauffeur-prive-vtc-entzheim-flughafen-strassburg\/#breadcrumb"},"inLanguage":"de","potentialAction":[{"@type":"ReadAction","target":["https:\/\/vtc-strasbourg-dmd.fr\/de\/chauffeur-prive-vtc-entzheim-flughafen-strassburg\/"]}]},{"@type":"BreadcrumbList","@id":"https:\/\/vtc-strasbourg-dmd.fr\/de\/chauffeur-prive-vtc-entzheim-flughafen-strassburg\/#breadcrumb","itemListElement":[{"@type":"ListItem","position":1,"name":"Accueil","item":"https:\/\/vtc-strasbourg-dmd.fr\/de\/"},{"@type":"ListItem","position":2,"name":"Privatfahrer Flughafen Entzheim Stra\u00dfburg"}]},{"@type":"WebSite","@id":"http:\/\/vtc-strasbourg-dmd.fr\/de\/#website","url":"http:\/\/vtc-strasbourg-dmd.fr\/de\/","name":"VTC Strasbourg DMD","description":"Chauffeur VTC Strasbourg","publisher":{"@id":"http:\/\/vtc-strasbourg-dmd.fr\/de\/#organization"},"potentialAction":[{"@type":"SearchAction","target":{"@type":"EntryPoint","urlTemplate":"http:\/\/vtc-strasbourg-dmd.fr\/de\/?s={search_term_string}"},"query-input":{"@type":"PropertyValueSpecification","valueRequired":true,"valueName":"search_term_string"}}],"inLanguage":"de"},{"@type":"Organization","@id":"http:\/\/vtc-strasbourg-dmd.fr\/de\/#organization","name":"VTC Strasbourg DMD","url":"http:\/\/vtc-strasbourg-dmd.fr\/de\/","logo":{"@type":"ImageObject","inLanguage":"de","@id":"http:\/\/vtc-strasbourg-dmd.fr\/de\/#\/schema\/logo\/image\/","url":"https:\/\/vtc-strasbourg-dmd.fr\/wp-content\/uploads\/2025\/05\/cropped-LOGO-DRIVE-ME-DRIVER-scaled-1.png","contentUrl":"https:\/\/vtc-strasbourg-dmd.fr\/wp-content\/uploads\/2025\/05\/cropped-LOGO-DRIVE-ME-DRIVER-scaled-1.png","width":2557,"height":854,"caption":"VTC Strasbourg DMD"},"image":{"@id":"http:\/\/vtc-strasbourg-dmd.fr\/de\/#\/schema\/logo\/image\/"}}]}},"_links":{"self":[{"href":"https:\/\/vtc-strasbourg-dmd.fr\/de\/wp-json\/wp\/v2\/pages\/3309","targetHints":{"allow":["GET"]}}],"collection":[{"href":"https:\/\/vtc-strasbourg-dmd.fr\/de\/wp-json\/wp\/v2\/pages"}],"about":[{"href":"https:\/\/vtc-strasbourg-dmd.fr\/de\/wp-json\/wp\/v2\/types\/page"}],"author":[{"embeddable":true,"href":"https:\/\/vtc-strasbourg-dmd.fr\/de\/wp-json\/wp\/v2\/users\/31"}],"replies":[{"embeddable":true,"href":"https:\/\/vtc-strasbourg-dmd.fr\/de\/wp-json\/wp\/v2\/comments?post=3309"}],"version-history":[{"count":11,"href":"https:\/\/vtc-strasbourg-dmd.fr\/de\/wp-json\/wp\/v2\/pages\/3309\/revisions"}],"predecessor-version":[{"id":4199,"href":"https:\/\/vtc-strasbourg-dmd.fr\/de\/wp-json\/wp\/v2\/pages\/3309\/revisions\/4199"}],"wp:attachment":[{"href":"https:\/\/vtc-strasbourg-dmd.fr\/de\/wp-json\/wp\/v2\/media?parent=3309"}],"curies":[{"name":"wp","href":"https:\/\/api.w.org\/{rel}","templated":true}]}}