{"id":3271,"date":"2025-09-10T11:17:39","date_gmt":"2025-09-10T09:17:39","guid":{"rendered":"https:\/\/vtc-strasbourg-dmd.fr\/privater-fahrertransfer-riquewihr-strassburg\/"},"modified":"2025-12-02T00:26:40","modified_gmt":"2025-12-01T23:26:40","slug":"privater-fahrertransfer-riquewihr-strassburg","status":"publish","type":"page","link":"https:\/\/vtc-strasbourg-dmd.fr\/de\/privater-fahrertransfer-riquewihr-strassburg\/","title":{"rendered":"Privater Fahrertransfer Riquewihr Stra\u00dfburg"},"content":{"rendered":"\t\t<div data-elementor-type=\"wp-page\" data-elementor-id=\"3271\" class=\"elementor elementor-3271 elementor-2861\" data-elementor-post-type=\"page\">\n\t\t\t\t\t\t<section class=\"elementor-section elementor-top-section elementor-element elementor-element-ffbfa2e elementor-section-full_width elementor-section-height-min-height elementor-section-height-default elementor-section-items-middle\" data-id=\"ffbfa2e\" data-element_type=\"section\" data-e-type=\"section\" data-settings=\"{&quot;background_background&quot;:&quot;classic&quot;}\">\n\t\t\t\t\t\t\t<div class=\"elementor-background-overlay\"><\/div>\n\t\t\t\t\t\t\t<div class=\"elementor-container elementor-column-gap-default\">\n\t\t\t\t\t<div class=\"elementor-column elementor-col-100 elementor-top-column elementor-element elementor-element-2e439e6\" data-id=\"2e439e6\" data-element_type=\"column\" data-e-type=\"column\">\n\t\t\t<div class=\"elementor-widget-wrap elementor-element-populated\">\n\t\t\t\t\t\t<div class=\"elementor-element elementor-element-ec29c47 elementor-widget elementor-widget-heading\" data-id=\"ec29c47\" data-element_type=\"widget\" data-e-type=\"widget\" data-widget_type=\"heading.default\">\n\t\t\t\t<div class=\"elementor-widget-container\">\n\t\t\t\t\t<h1 class=\"elementor-heading-title elementor-size-default\">Privater Miettransfer von Stra\u00dfburg nach Riquewihr<\/h1>\t\t\t\t<\/div>\n\t\t\t\t<\/div>\n\t\t\t\t\t<\/div>\n\t\t<\/div>\n\t\t\t\t\t<\/div>\n\t\t<\/section>\n\t\t\t\t<section class=\"elementor-section elementor-top-section elementor-element elementor-element-d977132 elementor-section-boxed elementor-section-height-default elementor-section-height-default\" data-id=\"d977132\" data-element_type=\"section\" data-e-type=\"section\" data-settings=\"{&quot;background_background&quot;:&quot;classic&quot;}\">\n\t\t\t\t\t\t<div class=\"elementor-container elementor-column-gap-no\">\n\t\t\t\t\t<div class=\"elementor-column elementor-col-100 elementor-top-column elementor-element elementor-element-1a948cc\" data-id=\"1a948cc\" data-element_type=\"column\" data-e-type=\"column\" data-settings=\"{&quot;background_background&quot;:&quot;classic&quot;}\">\n\t\t\t<div class=\"elementor-widget-wrap elementor-element-populated\">\n\t\t\t\t\t\t<div class=\"elementor-element elementor-element-c0d3e78 elementor-widget elementor-widget-text-editor\" data-id=\"c0d3e78\" data-element_type=\"widget\" data-e-type=\"widget\" data-widget_type=\"text-editor.default\">\n\t\t\t\t<div class=\"elementor-widget-container\">\n\t\t\t\t\t\t\t\t\t<p><span style=\"color: #ffffff; font-size: 32px;\">VTC Riquewihr \u2014 Stra\u00dfburg \u2194 Riquewihr Transfers &amp; Sightseeing Touren<\/span><\/p>\n<header>\n<p class=\"excerpt\"><span style=\"color: #ffffff;\">Genie\u00dfen Sie mit DriveMeDriver einen schnellen und komfortablen <strong>Transfer nach Stra\u00dfburg Riquewihr<\/strong> oder entscheiden Sie sich f\u00fcr eine ma\u00dfgeschneiderte Sightseeing-Tour im Herzen des Elsass.<\/span><\/p>\n<\/header>\n<p><span style=\"color: #ffffff; font-size: 27.2px;\">Ihr privater Fahrer nach Riquewihr<\/span><\/p>\n<section id=\"presentation\">\n<p><span style=\"color: #ffffff;\">Sind Sie auf der Suche nach einer zuverl\u00e4ssigen <strong>Riquewihr VTC<\/strong> , um dieses malerische Dorf von Stra\u00dfburg aus zu erreichen? Unsere erfahrenen Fahrer werden Sie in aller Ruhe fahren. Ob es sich um einen <strong>Transfer nach Stra\u00dfburg Riquewihr<\/strong> oder eine touristische Tour auf der <em>Weinstra\u00dfe<\/em> handelt, wir garantieren Komfort, P\u00fcnktlichkeit und Professionalit\u00e4t.  <\/span><\/p>\n<\/section>\n<section id=\"a-propos-riquewihr\">\n<h2><span style=\"color: #ffffff;\">Entdecken Sie Riquewihr<\/span><\/h2>\n<p><span style=\"color: #ffffff;\"><strong>Riquewihr<\/strong> liegt im Herzen der els\u00e4ssischen Weinberge und wurde als eines der &#8222;sch\u00f6nsten D\u00f6rfer Frankreichs&#8220; eingestuft. Mit seinen bunten Fachwerkh\u00e4usern, mittelalterlichen Stadtmauern und Verkostungskellern zieht es jedes Jahr Besucher aus aller Welt an. Von Stra\u00dfburg aus dauert es etwa 1 Stunde und 15 Minuten mit dem VTC, um dieses historische Juwel zu erreichen.  <\/span><\/p>\n<\/section>\n<section id=\"services\">\n<h2><span style=\"color: #ffffff;\">Unsere VTC-Dienstleistungen Stra\u00dfburg \u2194 Riquewihr<\/span><\/h2>\n<article>\n<h3><span style=\"color: #ffffff;\">Transfer Stra\u00dfburg \u2192 Riquewihr<\/span><\/h3>\n<p><span style=\"color: #ffffff;\">DriveMeDriver bietet direkte und komfortable Fahrten vom TGV-Bahnhof Stra\u00dfburg, dem Flughafen Entzheim oder Ihrem Hotel. Ihr Fahrer setzt Sie in unmittelbarer N\u00e4he des historischen Zentrums ab, um einen problemlosen Besuch zu erm\u00f6glichen. <\/span><\/p>\n<\/article>\n<article>\n<h3><span style=\"color: #ffffff;\">Private Sightseeing-Tour<\/span><\/h3>\n<p><span style=\"color: #ffffff;\">Kombinieren Sie Ihre <strong>Strasbourg Riquewihr VTC<\/strong> mit der Entdeckung anderer emblematischer D\u00f6rfer wie Hunawihr, Ribeauvill\u00e9 oder Kaysersberg. Wir erstellen personalisierte Touren mit Verkostungen und Fotostopps im Weinberg. <\/span><\/p>\n<\/article>\n<article>\n<h3><span style=\"color: #ffffff;\">Gruppen &amp; Veranstaltungen<\/span><\/h3>\n<p><span style=\"color: #ffffff;\">Reisen Sie mit Familie oder Freunden? Wir bieten Minibus-Transfers f\u00fcr Ihre privaten Ausfl\u00fcge, Seminare oder Veranstaltungen rund um die Weinstra\u00dfe an. <\/span><\/p>\n<\/article>\n<\/section>\n<section id=\"tarifs\">\n<h2><span style=\"color: #ffffff;\">Richtpreise<\/span><\/h2>\n<ul>\n<li><span style=\"color: #ffffff;\">Transfer Stra\u00dfburg \u2192 Riquewihr (1 bis 3 Passagiere): ab <b>(siehe auf dem Rechner)<\/b><\/span><\/li>\n<li><span style=\"color: #ffffff;\">R\u00fcckfahrt im Laufe des Tages mit Wartezeit: personalisiertes Angebot<\/span><\/li>\n<li><span style=\"color: #ffffff;\">Weinstra\u00dfen-Tour: ma\u00dfgeschneiderter Preis<\/span><\/li>\n<\/ul>\n<p><span style=\"color: #ffffff;\">Fordern Sie ein Angebot f\u00fcr Ihren <strong>Transfer Stra\u00dfburg Riquewihr<\/strong> an, das Ihren Bed\u00fcrfnissen und der Anzahl der Passagiere entspricht.<\/span><\/p>\n<\/section>\n<section id=\"reservation\">\n<h2><span style=\"color: #ffffff;\">Buchen Sie Ihren Mietwagen in Riquewihr<\/span><\/h2>\n<p><span style=\"color: #ffffff;\">Buchen Sie ganz einfach online oder kontaktieren Sie uns telefonisch unter <strong>06 01 35 53 54<\/strong>. Unser Team steht Ihnen 24\/7 f\u00fcr Ihre <strong>Stra\u00dfburg Riquewihr Transfers<\/strong> und Sightseeing-Touren zur Verf\u00fcgung. <\/span><\/p>\n<p><span style=\"color: #ffffff;\"><a style=\"color: #ffffff;\" href=\"https:\/\/www.drivemedriver.fr\/reservation?service=vtc-strasbourg-riquewihr\" aria-label=\"R\u00e9server un VTC Strasbourg Riquewihr\"><img decoding=\"async\" draggable=\"false\" role=\"img\" class=\"emoji\" alt=\"\ud83d\udc49\" src=\"https:\/\/s.w.org\/images\/core\/emoji\/16.0.1\/svg\/1f449.svg\">  Buchen Sie ein VTC Strasbourg Riquewihr<\/a><\/span><\/p>\n<\/section>\n<section id=\"faq\">\n<h2><span style=\"color: #ffffff;\">H\u00e4ufig gestellte Fragen \u2014 VTC Strasbourg Riquewihr<\/span><\/h2>\n<dl>\n<dt><span style=\"color: #ffffff;\">Wie lange dauert eine \u00dcberweisung von Strasbourg \u2192 Riquewihr?<\/span><\/dt>\n<dd><span style=\"color: #ffffff;\">Die Fahrt dauert je nach Verkehr ca. 1 Stunde und 15 Minuten.<\/span><\/dd>\n<dt><span style=\"color: #ffffff;\">Kann ich mehrere Besuche auf der Weinstra\u00dfe kombinieren?<\/span><\/dt>\n<dd><span style=\"color: #ffffff;\">Ja, wir bieten ma\u00dfgeschneiderte Touren an, darunter Ribeauvill\u00e9, Hunawihr oder Colmar.<\/span><\/dd>\n<dt><span style=\"color: #ffffff;\">Sind Transfers vom Flughafen m\u00f6glich?<\/span><\/dt>\n<dd><span style=\"color: #ffffff;\">Ja, wir bieten Ihre Dienstleistungen ab dem Flughafen Stra\u00dfburg-Entzheim und dem EuroAirport Basel-Mulhouse an.<\/span><\/dd>\n<dt><span style=\"color: #ffffff;\">Bieten Sie Gruppenl\u00f6sungen an?<\/span><\/dt>\n<dd><span style=\"color: #ffffff;\">Ja, es stehen Kleinbusse f\u00fcr Familien, Freunde oder Gesch\u00e4ftsseminare zur Verf\u00fcgung.<\/span><\/dd>\n<\/dl>\n<\/section>\n<footer>\n<p><span style=\"color: #ffffff;\">DriveMeDriver \u2014 VTC Stra\u00dfburg &amp; touristische Rennstrecken im Elsass. <a style=\"color: #ffffff;\" href=\"https:\/\/vtc-strasbourg-dmd.fr\/de\/rechtlich\/\">Rechtlicher Hinweis<\/a> | <a style=\"color: #ffffff;\" href=\"\/contact\">Kontakt<\/a><\/span><\/p>\n<\/footer>\t\t\t\t\t\t\t\t<\/div>\n\t\t\t\t<\/div>\n\t\t\t\t<div class=\"elementor-element elementor-element-faa3d2d elementor-align-left elementor-widget elementor-widget-button\" data-id=\"faa3d2d\" data-element_type=\"widget\" data-e-type=\"widget\" data-widget_type=\"button.default\">\n\t\t\t\t<div class=\"elementor-widget-container\">\n\t\t\t\t\t\t\t\t\t<div class=\"elementor-button-wrapper\">\n\t\t\t\t\t<a class=\"elementor-button elementor-button-link elementor-size-md\" href=\"https:\/\/vtc-strasbourg-dmd.fr\/de\/\">\n\t\t\t\t\t\t<span class=\"elementor-button-content-wrapper\">\n\t\t\t\t\t\t\t\t\t<span class=\"elementor-button-text\">Buchen Sie eine Fahrt<\/span>\n\t\t\t\t\t<\/span>\n\t\t\t\t\t<\/a>\n\t\t\t\t<\/div>\n\t\t\t\t\t\t\t\t<\/div>\n\t\t\t\t<\/div>\n\t\t\t\t<div class=\"elementor-element elementor-element-e1f6a9b elementor-widget elementor-widget-heading\" data-id=\"e1f6a9b\" data-element_type=\"widget\" data-e-type=\"widget\" data-widget_type=\"heading.default\">\n\t\t\t\t<div class=\"elementor-widget-container\">\n\t\t\t\t\t<h2 class=\"elementor-heading-title elementor-size-default\">Zu welchen anderen Zielen fliegen wir?  <\/h2>\t\t\t\t<\/div>\n\t\t\t\t<\/div>\n\t\t\t\t<div class=\"elementor-element elementor-element-d3f7170 elementor-widget elementor-widget-text-editor\" data-id=\"d3f7170\" data-element_type=\"widget\" data-e-type=\"widget\" data-widget_type=\"text-editor.default\">\n\t\t\t\t<div class=\"elementor-widget-container\">\n\t\t\t\t\t\t\t\t\t<p>Drive me Driver bietet seine Dienstleistungen an den verschiedenen Flugh\u00e4fen in Grand Est, Deutschland und der Schweiz an:  <\/p><p><span style=\"text-decoration: underline;\"><span style=\"color: #ffffff; text-decoration: underline;\">&#8211; <a style=\"color: #ffffff; text-decoration: underline;\" href=\"https:\/\/vtc-strasbourg-dmd.fr\/chauffeur-prive-vtc-aeroport-baden-baden\/\">Umstieg zum Flughafen Baden-Baden<\/a><\/span><\/span><br><span style=\"text-decoration: underline;\"><span style=\"color: #ffffff; text-decoration: underline;\">&#8211; <a style=\"color: #ffffff; text-decoration: underline;\" href=\"https:\/\/vtc-strasbourg-dmd.fr\/chauffeur-prive-vtc-aeroport-entzheim-strasbourg\/\">Umsteigung zum Flughafen Stra\u00dfburg Entzheim<\/a><\/span><\/span><br><span style=\"text-decoration: underline;\"><span style=\"color: #ffffff; text-decoration: underline;\"><a style=\"color: #ffffff; text-decoration: underline;\" href=\"https:\/\/vtc-strasbourg-dmd.fr\/chauffeur-prive-vtc-aeroport-stuttgart\/\">&#8211; Transfer zum Flughafen Stuttgart<\/a><\/span><\/span><br><span style=\"text-decoration: underline;\"><span style=\"color: #ffffff; text-decoration: underline;\">&#8211; <a style=\"color: #ffffff; text-decoration: underline;\" href=\"https:\/\/vtc-strasbourg-dmd.fr\/transfert-vtc-aeroport-francfort-strasbourg\/\">Umsteigung zum Flughafen Frankfurt<\/a><\/span><\/span><br><span style=\"text-decoration: underline;\"><span style=\"color: #ffffff; text-decoration: underline;\">&#8211; <a style=\"color: #ffffff; text-decoration: underline;\" href=\"https:\/\/vtc-strasbourg-dmd.fr\/chauffeur-prive-vtc-aeroport-bale-mulhouse-fribourg\/\">Umsteigung zum Flughafen Basel-Mulhouse<\/a><\/span><\/span><br><span style=\"text-decoration: underline;\"><span style=\"color: #ffffff; text-decoration: underline;\">&#8211; <a style=\"color: #ffffff; text-decoration: underline;\" href=\"https:\/\/vtc-strasbourg-dmd.fr\/transfert-vtc-aeroport-zurich-strasbourg\/\">Transfer zum Flughafen Z\u00fcrich<\/a><\/span><\/span><br><span style=\"text-decoration: underline;\"><span style=\"color: #ffffff; text-decoration: underline;\">&#8211;<a style=\"color: #ffffff; text-decoration: underline;\" href=\"https:\/\/vtc-strasbourg-dmd.fr\/chauffeur-prive-vtc-aeroport-entzheim-strasbourg\/\"> Umsteigung zum Flughafen Stra\u00dfburg Entzheim<\/a><\/span><\/span><\/p><p><span style=\"color: #ffffff;\">Wir empfehlen Ihnen au\u00dferdem, die sch\u00f6nsten Orte unserer Region zu besuchen:  <\/span><\/p><p><span style=\"text-decoration: underline;\"><span style=\"color: #ffffff; text-decoration: underline;\">&#8211; <a style=\"color: #ffffff; text-decoration: underline;\" href=\"https:\/\/vtc-strasbourg-dmd.fr\/chauffeur-prive-vtc-europa-park-strasbourg\/\">Fahrer von Europa Park VTC<\/a><\/span><\/span><br><span style=\"text-decoration: underline;\"><span style=\"color: #ffffff; text-decoration: underline;\">&#8211; <a style=\"color: #ffffff; text-decoration: underline;\" href=\"https:\/\/vtc-strasbourg-dmd.fr\/transfert-vtc-chauffeur-prive-colmar-strasbourg\/\">Privatfahrer Colmar<\/a><\/span><\/span><br><span style=\"text-decoration: underline;\"><span style=\"color: #ffffff; text-decoration: underline;\">&#8211; <a style=\"color: #ffffff; text-decoration: underline;\" href=\"https:\/\/vtc-strasbourg-dmd.fr\/transfert-vtc-chauffeur-prive-ribeauville-strasbourg\/\">Chauffeur Chauffeur Ribeauvill\u00e9<\/a><\/span><\/span><br><span style=\"text-decoration: underline;\"><span style=\"color: #ffffff; text-decoration: underline;\">&#8211; <a style=\"color: #ffffff; text-decoration: underline;\" href=\"https:\/\/vtc-strasbourg-dmd.fr\/transfert-vtc-chauffeur-prive-obernai-strasbourg\/\">Chauffeur VTC Obernai<\/a><\/span><\/span><br><span style=\"text-decoration: underline;\"><span style=\"color: #ffffff; text-decoration: underline;\">&#8211; <a style=\"color: #ffffff; text-decoration: underline;\" href=\"https:\/\/vtc-strasbourg-dmd.fr\/transfert-vtc-chauffeur-prive-kaysersberg-strasbourg\/\">Chauffeur VTC Kaysersberg<\/a><\/span><\/span><br><span style=\"text-decoration: underline;\"><span style=\"color: #ffffff; text-decoration: underline;\">&#8211; <a style=\"color: #ffffff; text-decoration: underline;\" href=\"https:\/\/vtc-strasbourg-dmd.fr\/transfert-vtc-chauffeur-prive-riquewihr-strasbourg\/\">Riquewhir VTC-Fahrer<\/a><\/span><\/span><br><span style=\"text-decoration: underline;\"><span style=\"color: #ffffff; text-decoration: underline;\">&#8211; <a style=\"color: #ffffff; text-decoration: underline;\" href=\"https:\/\/vtc-strasbourg-dmd.fr\/transfert-vtc-chauffeur-prive-eguisheim-strasbourg\/\">VTC-Fahrer Eguisheim<\/a><\/span><\/span><\/p>\t\t\t\t\t\t\t\t<\/div>\n\t\t\t\t<\/div>\n\t\t\t\t\t<\/div>\n\t\t<\/div>\n\t\t\t\t\t<\/div>\n\t\t<\/section>\n\t\t\t\t<\/div>\n\t\t","protected":false},"excerpt":{"rendered":"<p>Privater Miettransfer von Stra\u00dfburg nach Riquewihr VTC Riquewihr \u2014 Stra\u00dfburg \u2194 Riquewihr Transfers &amp; Sightseeing Touren Genie\u00dfen Sie mit DriveMeDriver einen schnellen und komfortablen Transfer nach Stra\u00dfburg Riquewihr oder entscheiden Sie sich f\u00fcr eine ma\u00dfgeschneiderte Sightseeing-Tour im Herzen des Elsass. Ihr privater Fahrer nach Riquewihr Sind Sie auf der Suche nach einer zuverl\u00e4ssigen Riquewihr VTC [&hellip;]<\/p>\n","protected":false},"author":30,"featured_media":0,"parent":0,"menu_order":0,"comment_status":"closed","ping_status":"closed","template":"","meta":{"site-sidebar-layout":"default","site-content-layout":"","ast-site-content-layout":"full-width-container","site-content-style":"default","site-sidebar-style":"default","ast-global-header-display":"disabled","ast-banner-title-visibility":"disabled","ast-main-header-display":"","ast-hfb-above-header-display":"","ast-hfb-below-header-display":"","ast-hfb-mobile-header-display":"","site-post-title":"disabled","ast-breadcrumbs-content":"","ast-featured-img":"","footer-sml-layout":"disabled","ast-disable-related-posts":"","theme-transparent-header-meta":"","adv-header-id-meta":"","stick-header-meta":"","header-above-stick-meta":"","header-main-stick-meta":"","header-below-stick-meta":"","astra-migrate-meta-layouts":"default","ast-page-background-enabled":"default","ast-page-background-meta":{"desktop":{"background-color":"","background-image":"","background-repeat":"repeat","background-position":"center center","background-size":"auto","background-attachment":"scroll","background-type":"","background-media":"","overlay-type":"","overlay-color":"","overlay-opacity":"","overlay-gradient":""},"tablet":{"background-color":"","background-image":"","background-repeat":"repeat","background-position":"center center","background-size":"auto","background-attachment":"scroll","background-type":"","background-media":"","overlay-type":"","overlay-color":"","overlay-opacity":"","overlay-gradient":""},"mobile":{"background-color":"","background-image":"","background-repeat":"repeat","background-position":"center center","background-size":"auto","background-attachment":"scroll","background-type":"","background-media":"","overlay-type":"","overlay-color":"","overlay-opacity":"","overlay-gradient":""}},"ast-content-background-meta":{"desktop":{"background-color":"var(--ast-global-color-5)","background-image":"","background-repeat":"repeat","background-position":"center center","background-size":"auto","background-attachment":"scroll","background-type":"","background-media":"","overlay-type":"","overlay-color":"","overlay-opacity":"","overlay-gradient":""},"tablet":{"background-color":"var(--ast-global-color-5)","background-image":"","background-repeat":"repeat","background-position":"center center","background-size":"auto","background-attachment":"scroll","background-type":"","background-media":"","overlay-type":"","overlay-color":"","overlay-opacity":"","overlay-gradient":""},"mobile":{"background-color":"var(--ast-global-color-5)","background-image":"","background-repeat":"repeat","background-position":"center center","background-size":"auto","background-attachment":"scroll","background-type":"","background-media":"","overlay-type":"","overlay-color":"","overlay-opacity":"","overlay-gradient":""}},"footnotes":""},"class_list":["post-3271","page","type-page","status-publish","hentry"],"yoast_head":"<!-- This site is optimized with the Yoast SEO plugin v27.0 - https:\/\/yoast.com\/product\/yoast-seo-wordpress\/ -->\n<title>Privater Fahrertransfer Riquewihr Stra\u00dfburg - VTC Strasbourg DMD<\/title>\n<meta name=\"description\" content=\"Buchen Sie Ihren privaten Fahrer zwischen Riquewihr und Stra\u00dfburg. Transfers und Touristische Touren zwischen Stra\u00dfburg und Riquewihr im Elsass.\" \/>\n<meta name=\"robots\" content=\"index, follow, max-snippet:-1, max-image-preview:large, max-video-preview:-1\" \/>\n<link rel=\"canonical\" href=\"https:\/\/vtc-strasbourg-dmd.fr\/de\/privater-fahrertransfer-riquewihr-strassburg\/\" \/>\n<meta property=\"og:locale\" content=\"de_DE\" \/>\n<meta property=\"og:type\" content=\"article\" \/>\n<meta property=\"og:title\" content=\"Privater Fahrertransfer Riquewihr Stra\u00dfburg - VTC Strasbourg DMD\" \/>\n<meta property=\"og:description\" content=\"Buchen Sie Ihren privaten Fahrer zwischen Riquewihr und Stra\u00dfburg. Transfers und Touristische Touren zwischen Stra\u00dfburg und Riquewihr im Elsass.\" \/>\n<meta property=\"og:url\" content=\"https:\/\/vtc-strasbourg-dmd.fr\/de\/privater-fahrertransfer-riquewihr-strassburg\/\" \/>\n<meta property=\"og:site_name\" content=\"VTC Strasbourg DMD\" \/>\n<meta property=\"article:modified_time\" content=\"2025-12-01T23:26:40+00:00\" \/>\n<meta property=\"og:image\" content=\"https:\/\/s.w.org\/images\/core\/emoji\/16.0.1\/svg\/1f449.svg\" \/>\n<meta name=\"twitter:card\" content=\"summary_large_image\" \/>\n<meta name=\"twitter:label1\" content=\"Gesch\u00e4tzte Lesezeit\" \/>\n\t<meta name=\"twitter:data1\" content=\"3 Minuten\" \/>\n<script type=\"application\/ld+json\" class=\"yoast-schema-graph\">{\"@context\":\"https:\/\/schema.org\",\"@graph\":[{\"@type\":\"WebPage\",\"@id\":\"https:\/\/vtc-strasbourg-dmd.fr\/de\/privater-fahrertransfer-riquewihr-strassburg\/\",\"url\":\"https:\/\/vtc-strasbourg-dmd.fr\/de\/privater-fahrertransfer-riquewihr-strassburg\/\",\"name\":\"Privater Fahrertransfer Riquewihr Stra\u00dfburg - VTC Strasbourg DMD\",\"isPartOf\":{\"@id\":\"http:\/\/vtc-strasbourg-dmd.fr\/de\/#website\"},\"primaryImageOfPage\":{\"@id\":\"https:\/\/vtc-strasbourg-dmd.fr\/de\/privater-fahrertransfer-riquewihr-strassburg\/#primaryimage\"},\"image\":{\"@id\":\"https:\/\/vtc-strasbourg-dmd.fr\/de\/privater-fahrertransfer-riquewihr-strassburg\/#primaryimage\"},\"thumbnailUrl\":\"https:\/\/s.w.org\/images\/core\/emoji\/16.0.1\/svg\/1f449.svg\",\"datePublished\":\"2025-09-10T09:17:39+00:00\",\"dateModified\":\"2025-12-01T23:26:40+00:00\",\"description\":\"Buchen Sie Ihren privaten Fahrer zwischen Riquewihr und Stra\u00dfburg. Transfers und Touristische Touren zwischen Stra\u00dfburg und Riquewihr im Elsass.\",\"breadcrumb\":{\"@id\":\"https:\/\/vtc-strasbourg-dmd.fr\/de\/privater-fahrertransfer-riquewihr-strassburg\/#breadcrumb\"},\"inLanguage\":\"de\",\"potentialAction\":[{\"@type\":\"ReadAction\",\"target\":[\"https:\/\/vtc-strasbourg-dmd.fr\/de\/privater-fahrertransfer-riquewihr-strassburg\/\"]}]},{\"@type\":\"ImageObject\",\"inLanguage\":\"de\",\"@id\":\"https:\/\/vtc-strasbourg-dmd.fr\/de\/privater-fahrertransfer-riquewihr-strassburg\/#primaryimage\",\"url\":\"https:\/\/s.w.org\/images\/core\/emoji\/16.0.1\/svg\/1f449.svg\",\"contentUrl\":\"https:\/\/s.w.org\/images\/core\/emoji\/16.0.1\/svg\/1f449.svg\"},{\"@type\":\"BreadcrumbList\",\"@id\":\"https:\/\/vtc-strasbourg-dmd.fr\/de\/privater-fahrertransfer-riquewihr-strassburg\/#breadcrumb\",\"itemListElement\":[{\"@type\":\"ListItem\",\"position\":1,\"name\":\"Accueil\",\"item\":\"https:\/\/vtc-strasbourg-dmd.fr\/de\/\"},{\"@type\":\"ListItem\",\"position\":2,\"name\":\"Privater Fahrertransfer Riquewihr Stra\u00dfburg\"}]},{\"@type\":\"WebSite\",\"@id\":\"http:\/\/vtc-strasbourg-dmd.fr\/de\/#website\",\"url\":\"http:\/\/vtc-strasbourg-dmd.fr\/de\/\",\"name\":\"VTC Strasbourg DMD\",\"description\":\"Chauffeur VTC Strasbourg\",\"publisher\":{\"@id\":\"http:\/\/vtc-strasbourg-dmd.fr\/de\/#organization\"},\"potentialAction\":[{\"@type\":\"SearchAction\",\"target\":{\"@type\":\"EntryPoint\",\"urlTemplate\":\"http:\/\/vtc-strasbourg-dmd.fr\/de\/?s={search_term_string}\"},\"query-input\":{\"@type\":\"PropertyValueSpecification\",\"valueRequired\":true,\"valueName\":\"search_term_string\"}}],\"inLanguage\":\"de\"},{\"@type\":\"Organization\",\"@id\":\"http:\/\/vtc-strasbourg-dmd.fr\/de\/#organization\",\"name\":\"VTC Strasbourg DMD\",\"url\":\"http:\/\/vtc-strasbourg-dmd.fr\/de\/\",\"logo\":{\"@type\":\"ImageObject\",\"inLanguage\":\"de\",\"@id\":\"http:\/\/vtc-strasbourg-dmd.fr\/de\/#\/schema\/logo\/image\/\",\"url\":\"https:\/\/vtc-strasbourg-dmd.fr\/wp-content\/uploads\/2025\/05\/cropped-LOGO-DRIVE-ME-DRIVER-scaled-1.png\",\"contentUrl\":\"https:\/\/vtc-strasbourg-dmd.fr\/wp-content\/uploads\/2025\/05\/cropped-LOGO-DRIVE-ME-DRIVER-scaled-1.png\",\"width\":2557,\"height\":854,\"caption\":\"VTC Strasbourg DMD\"},\"image\":{\"@id\":\"http:\/\/vtc-strasbourg-dmd.fr\/de\/#\/schema\/logo\/image\/\"}}]}<\/script>\n<!-- \/ Yoast SEO plugin. -->","yoast_head_json":{"title":"Privater Fahrertransfer Riquewihr Stra\u00dfburg - VTC Strasbourg DMD","description":"Buchen Sie Ihren privaten Fahrer zwischen Riquewihr und Stra\u00dfburg. Transfers und Touristische Touren zwischen Stra\u00dfburg und Riquewihr im Elsass.","robots":{"index":"index","follow":"follow","max-snippet":"max-snippet:-1","max-image-preview":"max-image-preview:large","max-video-preview":"max-video-preview:-1"},"canonical":"https:\/\/vtc-strasbourg-dmd.fr\/de\/privater-fahrertransfer-riquewihr-strassburg\/","og_locale":"de_DE","og_type":"article","og_title":"Privater Fahrertransfer Riquewihr Stra\u00dfburg - VTC Strasbourg DMD","og_description":"Buchen Sie Ihren privaten Fahrer zwischen Riquewihr und Stra\u00dfburg. Transfers und Touristische Touren zwischen Stra\u00dfburg und Riquewihr im Elsass.","og_url":"https:\/\/vtc-strasbourg-dmd.fr\/de\/privater-fahrertransfer-riquewihr-strassburg\/","og_site_name":"VTC Strasbourg DMD","article_modified_time":"2025-12-01T23:26:40+00:00","og_image":[{"url":"https:\/\/s.w.org\/images\/core\/emoji\/16.0.1\/svg\/1f449.svg","type":"","width":"","height":""}],"twitter_card":"summary_large_image","twitter_misc":{"Gesch\u00e4tzte Lesezeit":"3 Minuten"},"schema":{"@context":"https:\/\/schema.org","@graph":[{"@type":"WebPage","@id":"https:\/\/vtc-strasbourg-dmd.fr\/de\/privater-fahrertransfer-riquewihr-strassburg\/","url":"https:\/\/vtc-strasbourg-dmd.fr\/de\/privater-fahrertransfer-riquewihr-strassburg\/","name":"Privater Fahrertransfer Riquewihr Stra\u00dfburg - VTC Strasbourg DMD","isPartOf":{"@id":"http:\/\/vtc-strasbourg-dmd.fr\/de\/#website"},"primaryImageOfPage":{"@id":"https:\/\/vtc-strasbourg-dmd.fr\/de\/privater-fahrertransfer-riquewihr-strassburg\/#primaryimage"},"image":{"@id":"https:\/\/vtc-strasbourg-dmd.fr\/de\/privater-fahrertransfer-riquewihr-strassburg\/#primaryimage"},"thumbnailUrl":"https:\/\/s.w.org\/images\/core\/emoji\/16.0.1\/svg\/1f449.svg","datePublished":"2025-09-10T09:17:39+00:00","dateModified":"2025-12-01T23:26:40+00:00","description":"Buchen Sie Ihren privaten Fahrer zwischen Riquewihr und Stra\u00dfburg. Transfers und Touristische Touren zwischen Stra\u00dfburg und Riquewihr im Elsass.","breadcrumb":{"@id":"https:\/\/vtc-strasbourg-dmd.fr\/de\/privater-fahrertransfer-riquewihr-strassburg\/#breadcrumb"},"inLanguage":"de","potentialAction":[{"@type":"ReadAction","target":["https:\/\/vtc-strasbourg-dmd.fr\/de\/privater-fahrertransfer-riquewihr-strassburg\/"]}]},{"@type":"ImageObject","inLanguage":"de","@id":"https:\/\/vtc-strasbourg-dmd.fr\/de\/privater-fahrertransfer-riquewihr-strassburg\/#primaryimage","url":"https:\/\/s.w.org\/images\/core\/emoji\/16.0.1\/svg\/1f449.svg","contentUrl":"https:\/\/s.w.org\/images\/core\/emoji\/16.0.1\/svg\/1f449.svg"},{"@type":"BreadcrumbList","@id":"https:\/\/vtc-strasbourg-dmd.fr\/de\/privater-fahrertransfer-riquewihr-strassburg\/#breadcrumb","itemListElement":[{"@type":"ListItem","position":1,"name":"Accueil","item":"https:\/\/vtc-strasbourg-dmd.fr\/de\/"},{"@type":"ListItem","position":2,"name":"Privater Fahrertransfer Riquewihr Stra\u00dfburg"}]},{"@type":"WebSite","@id":"http:\/\/vtc-strasbourg-dmd.fr\/de\/#website","url":"http:\/\/vtc-strasbourg-dmd.fr\/de\/","name":"VTC Strasbourg DMD","description":"Chauffeur VTC Strasbourg","publisher":{"@id":"http:\/\/vtc-strasbourg-dmd.fr\/de\/#organization"},"potentialAction":[{"@type":"SearchAction","target":{"@type":"EntryPoint","urlTemplate":"http:\/\/vtc-strasbourg-dmd.fr\/de\/?s={search_term_string}"},"query-input":{"@type":"PropertyValueSpecification","valueRequired":true,"valueName":"search_term_string"}}],"inLanguage":"de"},{"@type":"Organization","@id":"http:\/\/vtc-strasbourg-dmd.fr\/de\/#organization","name":"VTC Strasbourg DMD","url":"http:\/\/vtc-strasbourg-dmd.fr\/de\/","logo":{"@type":"ImageObject","inLanguage":"de","@id":"http:\/\/vtc-strasbourg-dmd.fr\/de\/#\/schema\/logo\/image\/","url":"https:\/\/vtc-strasbourg-dmd.fr\/wp-content\/uploads\/2025\/05\/cropped-LOGO-DRIVE-ME-DRIVER-scaled-1.png","contentUrl":"https:\/\/vtc-strasbourg-dmd.fr\/wp-content\/uploads\/2025\/05\/cropped-LOGO-DRIVE-ME-DRIVER-scaled-1.png","width":2557,"height":854,"caption":"VTC Strasbourg DMD"},"image":{"@id":"http:\/\/vtc-strasbourg-dmd.fr\/de\/#\/schema\/logo\/image\/"}}]}},"_links":{"self":[{"href":"https:\/\/vtc-strasbourg-dmd.fr\/de\/wp-json\/wp\/v2\/pages\/3271","targetHints":{"allow":["GET"]}}],"collection":[{"href":"https:\/\/vtc-strasbourg-dmd.fr\/de\/wp-json\/wp\/v2\/pages"}],"about":[{"href":"https:\/\/vtc-strasbourg-dmd.fr\/de\/wp-json\/wp\/v2\/types\/page"}],"author":[{"embeddable":true,"href":"https:\/\/vtc-strasbourg-dmd.fr\/de\/wp-json\/wp\/v2\/users\/30"}],"replies":[{"embeddable":true,"href":"https:\/\/vtc-strasbourg-dmd.fr\/de\/wp-json\/wp\/v2\/comments?post=3271"}],"version-history":[{"count":2,"href":"https:\/\/vtc-strasbourg-dmd.fr\/de\/wp-json\/wp\/v2\/pages\/3271\/revisions"}],"predecessor-version":[{"id":3640,"href":"https:\/\/vtc-strasbourg-dmd.fr\/de\/wp-json\/wp\/v2\/pages\/3271\/revisions\/3640"}],"wp:attachment":[{"href":"https:\/\/vtc-strasbourg-dmd.fr\/de\/wp-json\/wp\/v2\/media?parent=3271"}],"curies":[{"name":"wp","href":"https:\/\/api.w.org\/{rel}","templated":true}]}}