{"id":3243,"date":"2025-09-10T11:56:11","date_gmt":"2025-09-10T09:56:11","guid":{"rendered":"https:\/\/vtc-strasbourg-dmd.fr\/privater-fahrertransfer-colmar-strassburg\/"},"modified":"2025-12-02T00:24:57","modified_gmt":"2025-12-01T23:24:57","slug":"privater-fahrertransfer-colmar-strassburg","status":"publish","type":"page","link":"https:\/\/vtc-strasbourg-dmd.fr\/de\/privater-fahrertransfer-colmar-strassburg\/","title":{"rendered":"Privater Fahrertransfer Colmar Stra\u00dfburg"},"content":{"rendered":"\t\t<div data-elementor-type=\"wp-page\" data-elementor-id=\"3243\" class=\"elementor elementor-3243 elementor-2864\" data-elementor-post-type=\"page\">\n\t\t\t\t\t\t<section class=\"elementor-section elementor-top-section elementor-element elementor-element-ffbfa2e elementor-section-full_width elementor-section-height-min-height elementor-section-height-default elementor-section-items-middle\" data-id=\"ffbfa2e\" data-element_type=\"section\" data-e-type=\"section\" data-settings=\"{&quot;background_background&quot;:&quot;classic&quot;}\">\n\t\t\t\t\t\t\t<div class=\"elementor-background-overlay\"><\/div>\n\t\t\t\t\t\t\t<div class=\"elementor-container elementor-column-gap-default\">\n\t\t\t\t\t<div class=\"elementor-column elementor-col-100 elementor-top-column elementor-element elementor-element-2e439e6\" data-id=\"2e439e6\" data-element_type=\"column\" data-e-type=\"column\">\n\t\t\t<div class=\"elementor-widget-wrap elementor-element-populated\">\n\t\t\t\t\t\t<div class=\"elementor-element elementor-element-ec29c47 elementor-widget elementor-widget-heading\" data-id=\"ec29c47\" data-element_type=\"widget\" data-e-type=\"widget\" data-widget_type=\"heading.default\">\n\t\t\t\t<div class=\"elementor-widget-container\">\n\t\t\t\t\t<h1 class=\"elementor-heading-title elementor-size-default\">Privater Miettransfer von Stra\u00dfburg nach Colmar<\/h1>\t\t\t\t<\/div>\n\t\t\t\t<\/div>\n\t\t\t\t\t<\/div>\n\t\t<\/div>\n\t\t\t\t\t<\/div>\n\t\t<\/section>\n\t\t\t\t<section class=\"elementor-section elementor-top-section elementor-element elementor-element-d977132 elementor-section-boxed elementor-section-height-default elementor-section-height-default\" data-id=\"d977132\" data-element_type=\"section\" data-e-type=\"section\" data-settings=\"{&quot;background_background&quot;:&quot;classic&quot;}\">\n\t\t\t\t\t\t<div class=\"elementor-container elementor-column-gap-no\">\n\t\t\t\t\t<div class=\"elementor-column elementor-col-100 elementor-top-column elementor-element elementor-element-1a948cc\" data-id=\"1a948cc\" data-element_type=\"column\" data-e-type=\"column\" data-settings=\"{&quot;background_background&quot;:&quot;classic&quot;}\">\n\t\t\t<div class=\"elementor-widget-wrap elementor-element-populated\">\n\t\t\t\t\t\t<div class=\"elementor-element elementor-element-c0d3e78 elementor-widget elementor-widget-text-editor\" data-id=\"c0d3e78\" data-element_type=\"widget\" data-e-type=\"widget\" data-widget_type=\"text-editor.default\">\n\t\t\t\t<div class=\"elementor-widget-container\">\n\t\t\t\t\t\t\t\t\t<p><span style=\"font-size: 2em; font-weight: bold; color: #ffffff;\">VTC Colmar \u2014 Stra\u00dfburg \u2194 Colmar Transfers &amp; Sightseeing Touren<\/span><\/p>\n<header>\n<p class=\"excerpt\"><span style=\"color: #ffffff;\">Genie\u00dfen Sie mit DriveMeDriver einen komfortablen und sicheren <strong>Transfer nach Stra\u00dfburg Colmar<\/strong> oder erkunden Sie die Weinstra\u00dfe und Colmars Klein-Venedig mit einem privaten VTC-Fahrer.<\/span><\/p>\n<\/header>\n<p><span style=\"font-size: 1.7em; font-weight: bold; color: #ffffff;\">Ihr privater Fahrer nach Colmar<\/span><\/p>\n<section id=\"presentation\">\n<p><span style=\"color: #ffffff;\">Sind Sie auf der Suche nach einer <strong>Colmar VTC<\/strong> ab Stra\u00dfburg? DriveMeDriver bietet Ihnen erstklassige <g id=\"gid_1\">Transfers nach Stra\u00dfburg Colmar<\/g> , mit erfahrenen Fahrern und modernen Fahrzeugen. Reisen Sie in aller Ruhe 24\/7.  <\/span><\/p>\n<\/section>\n<section id=\"a-propos-colmar\">\n<h2><span style=\"color: #ffffff;\">Colmar: Hauptstadt der els\u00e4ssischen Weine<\/span><\/h2>\n<p><span style=\"color: #ffffff;\"><strong>Colmar<\/strong> liegt etwa 70 km von Stra\u00dfburg entfernt und ist eine Stadt im Elsass, die man gesehen haben muss. Mit seinem malerischen Viertel Klein-Venedig, seinen bunten Fachwerkh\u00e4usern und renommierten Museen wie dem Unterlinden-Museum zieht Colmar jedes Jahr Besucher aus aller Welt an. <\/span><\/p>\n<\/section>\n<section id=\"services\">\n<h2><span style=\"color: #ffffff;\">Unsere VTC-Dienstleistungen Stra\u00dfburg \u2194 Colmar<\/span><\/h2>\n<article>\n<h3><span style=\"color: #ffffff;\">Transfer Stra\u00dfburg \u2192 Colmar<\/span><\/h3>\n<p><span style=\"color: #ffffff;\">Buchen Sie einen direkten <strong>Transfer nach Stra\u00dfburg Colmar<\/strong> vom Flughafen Stra\u00dfburg-Entzheim, dem TGV-Bahnhof oder Ihrem Hotel. Unsere Fahrer garantieren P\u00fcnktlichkeit, Komfort und Diskretion. <\/span><\/p>\n<\/article>\n<article>\n<h3><span style=\"color: #ffffff;\">Personalisierte Sightseeing-Tour<\/span><\/h3>\n<p><span style=\"color: #ffffff;\">Kombinieren Sie Ihren <strong>VTC Strasbourg Colmar<\/strong> mit einem Ausflug auf der Weinstra\u00dfe. Entdecken Sie auch emblematische D\u00f6rfer wie <em>Eguisheim<\/em>, <em>Riquewihr<\/em> oder <em>Kaysersberg<\/em> in der N\u00e4he von Colmar. <\/span><\/p>\n<\/article>\n<article>\n<h3><span style=\"color: #ffffff;\">Gruppen &amp; Veranstaltungen<\/span><\/h3>\n<p><span style=\"color: #ffffff;\">DriveMeDriver bietet luxuri\u00f6se Limousinen und ger\u00e4umige Vans, die sich f\u00fcr Familien, Gruppen von Freunden oder Gesch\u00e4ftsreisen eignen. Service nach pers\u00f6nlichem Angebot 7 Tage die Woche verf\u00fcgbar. <\/span><\/p>\n<\/article>\n<\/section>\n<section id=\"tarifs\">\n<h2><span style=\"color: #ffffff;\">Richtpreise<\/span><\/h2>\n<ul>\n<li><span style=\"color: #ffffff;\">Transfer Stra\u00dfburg \u2192 Colmar (1 bis 3 Passagiere): ab <b>(siehe Rechner)<\/b><\/span><\/li>\n<li><span style=\"color: #ffffff;\">R\u00fcckfahrt tags\u00fcber mit Wartezeit: auf Anfrage<\/span><\/li>\n<li><span style=\"color: #ffffff;\">Weinstra\u00dfen-Sightseeing-Tour: Personalisierter Preis<\/span><\/li>\n<\/ul>\n<p><span style=\"color: #ffffff;\">Kontaktieren Sie uns, um ein genaues Angebot f\u00fcr Ihren <strong>Transfer von Stra\u00dfburg Colmar zu<\/strong> erhalten.<\/span><\/p>\n<\/section>\n<section id=\"reservation\">\n<h2><span style=\"color: #ffffff;\">Buchen Sie Ihren Mietwagen in Colmar<\/span><\/h2>\n<p><span style=\"color: #ffffff;\">Kontaktieren Sie DriveMeDriver telefonisch unter <strong>06 01 35 53 54<\/strong> oder buchen Sie Ihr <strong>VTC Strasbourg Colmar<\/strong> direkt online. Unsere Fahrer stehen Ihnen jederzeit f\u00fcr Ihre Transfers und Ausfl\u00fcge zur Verf\u00fcgung. <\/span><\/p>\n<p><span style=\"color: #ffffff;\"><a style=\"color: #ffffff;\" href=\"https:\/\/www.drivemedriver.fr\/reservation?service=vtc-strasbourg-colmar\" aria-label=\"R\u00e9server un VTC Strasbourg Colmar\"><img decoding=\"async\" class=\"emoji\" role=\"img\" draggable=\"false\" src=\"https:\/\/s.w.org\/images\/core\/emoji\/16.0.1\/svg\/1f449.svg\" alt=\"\ud83d\udc49\">  Buchen Sie eine VTC Strasbourg Colmar<\/a><\/span><\/p>\n<\/section>\n<section id=\"faq\">\n<h2><span style=\"color: #ffffff;\">H\u00e4ufig gestellte Fragen \u2014 VTC Strasbourg Colmar<\/span><\/h2>\n<dl>\n<dt><span style=\"color: #ffffff;\">Wie lange dauert eine \u00dcberweisung von Stra\u00dfburg \u2192 Colmar?<\/span><\/dt>\n<dd><span style=\"color: #ffffff;\">Die Fahrt dauert je nach Verkehr ca. 1 Stunde.<\/span><\/dd>\n<dt><span style=\"color: #ffffff;\">Bieten Sie Touren an, die Colmar und andere D\u00f6rfer kombinieren?<\/span><\/dt>\n<dd><span style=\"color: #ffffff;\">Ja, wir organisieren ma\u00dfgeschneiderte Touren wie Colmar, Eguisheim, Riquewihr und Kaysersberg.<\/span><\/dd>\n<dt><span style=\"color: #ffffff;\">Ist es m\u00f6glich, vom Flughafen aus zu buchen?<\/span><\/dt>\n<dd><span style=\"color: #ffffff;\">Ja, wir bieten <strong>einen pers\u00f6nlichen Empfang f\u00fcr Transfers von Stra\u00dfburg Entzheim \u2192 Colmar<\/strong> an.<\/span><\/dd>\n<dt><span style=\"color: #ffffff;\">Sind Ihre Fahrzeuge f\u00fcr Gruppen geeignet?<\/span><\/dt>\n<dd><span style=\"color: #ffffff;\">Ja, wir haben Vans und Minibusse f\u00fcr bis zu 7 Passagiere.<\/span><\/dd>\n<\/dl>\n<\/section>\n<footer>\n<p><span style=\"color: #ffffff;\">DriveMeDriver \u2014 VTC Stra\u00dfburg &amp; touristische Rennstrecken im Elsass. <a style=\"color: #ffffff;\" href=\"https:\/\/vtc-strasbourg-dmd.fr\/de\/rechtlich\/\">Rechtlicher Hinweis<\/a> | <a style=\"color: #ffffff;\" href=\"\/contact\">Kontakt<\/a><\/span><\/p>\n<\/footer>\t\t\t\t\t\t\t\t<\/div>\n\t\t\t\t<\/div>\n\t\t\t\t<div class=\"elementor-element elementor-element-faa3d2d elementor-align-left elementor-widget elementor-widget-button\" data-id=\"faa3d2d\" data-element_type=\"widget\" data-e-type=\"widget\" data-widget_type=\"button.default\">\n\t\t\t\t<div class=\"elementor-widget-container\">\n\t\t\t\t\t\t\t\t\t<div class=\"elementor-button-wrapper\">\n\t\t\t\t\t<a class=\"elementor-button elementor-button-link elementor-size-md\" href=\"https:\/\/vtc-strasbourg-dmd.fr\/de\/\">\n\t\t\t\t\t\t<span class=\"elementor-button-content-wrapper\">\n\t\t\t\t\t\t\t\t\t<span class=\"elementor-button-text\">Buchen Sie eine Fahrt<\/span>\n\t\t\t\t\t<\/span>\n\t\t\t\t\t<\/a>\n\t\t\t\t<\/div>\n\t\t\t\t\t\t\t\t<\/div>\n\t\t\t\t<\/div>\n\t\t\t\t<div class=\"elementor-element elementor-element-df10fd2 elementor-widget elementor-widget-heading\" data-id=\"df10fd2\" data-element_type=\"widget\" data-e-type=\"widget\" data-widget_type=\"heading.default\">\n\t\t\t\t<div class=\"elementor-widget-container\">\n\t\t\t\t\t<h2 class=\"elementor-heading-title elementor-size-default\">Zu welchen anderen Zielen fliegen wir?  <\/h2>\t\t\t\t<\/div>\n\t\t\t\t<\/div>\n\t\t\t\t<div class=\"elementor-element elementor-element-696cc8c elementor-widget elementor-widget-text-editor\" data-id=\"696cc8c\" data-element_type=\"widget\" data-e-type=\"widget\" data-widget_type=\"text-editor.default\">\n\t\t\t\t<div class=\"elementor-widget-container\">\n\t\t\t\t\t\t\t\t\t<p>Drive me Driver bietet seine Dienstleistungen an den verschiedenen Flugh\u00e4fen in Grand Est, Deutschland und der Schweiz an:  <\/p><p><span style=\"text-decoration: underline;\"><span style=\"color: #ffffff; text-decoration: underline;\">&#8211; <a style=\"color: #ffffff; text-decoration: underline;\" href=\"https:\/\/vtc-strasbourg-dmd.fr\/chauffeur-prive-vtc-aeroport-baden-baden\/\">Umstieg zum Flughafen Baden-Baden<\/a><\/span><\/span><br><span style=\"text-decoration: underline;\"><span style=\"color: #ffffff; text-decoration: underline;\">&#8211; <a style=\"color: #ffffff; text-decoration: underline;\" href=\"https:\/\/vtc-strasbourg-dmd.fr\/chauffeur-prive-vtc-aeroport-entzheim-strasbourg\/\">Umsteigung zum Flughafen Stra\u00dfburg Entzheim<\/a><\/span><\/span><br><span style=\"text-decoration: underline;\"><span style=\"color: #ffffff; text-decoration: underline;\"><a style=\"color: #ffffff; text-decoration: underline;\" href=\"https:\/\/vtc-strasbourg-dmd.fr\/chauffeur-prive-vtc-aeroport-stuttgart\/\">&#8211; Transfer zum Flughafen Stuttgart<\/a><\/span><\/span><br><span style=\"text-decoration: underline;\"><span style=\"color: #ffffff; text-decoration: underline;\">&#8211; <a style=\"color: #ffffff; text-decoration: underline;\" href=\"https:\/\/vtc-strasbourg-dmd.fr\/transfert-vtc-aeroport-francfort-strasbourg\/\">Umsteigung zum Flughafen Frankfurt<\/a><\/span><\/span><br><span style=\"text-decoration: underline;\"><span style=\"color: #ffffff; text-decoration: underline;\">&#8211; <a style=\"color: #ffffff; text-decoration: underline;\" href=\"https:\/\/vtc-strasbourg-dmd.fr\/chauffeur-prive-vtc-aeroport-bale-mulhouse-fribourg\/\">Umsteigung zum Flughafen Basel-Mulhouse<\/a><\/span><\/span><br><span style=\"text-decoration: underline;\"><span style=\"color: #ffffff; text-decoration: underline;\">&#8211; <a style=\"color: #ffffff; text-decoration: underline;\" href=\"https:\/\/vtc-strasbourg-dmd.fr\/transfert-vtc-aeroport-zurich-strasbourg\/\">Transfer zum Flughafen Z\u00fcrich<\/a><\/span><\/span><br><span style=\"text-decoration: underline;\"><span style=\"color: #ffffff; text-decoration: underline;\">&#8211;<a style=\"color: #ffffff; text-decoration: underline;\" href=\"https:\/\/vtc-strasbourg-dmd.fr\/chauffeur-prive-vtc-aeroport-entzheim-strasbourg\/\"> Umsteigung zum Flughafen Stra\u00dfburg Entzheim<\/a><\/span><\/span><\/p><p><span style=\"color: #ffffff;\">Wir empfehlen Ihnen au\u00dferdem, die sch\u00f6nsten Orte unserer Region zu besuchen:  <\/span><\/p><p><span style=\"text-decoration: underline;\"><span style=\"color: #ffffff; text-decoration: underline;\">&#8211; <a style=\"color: #ffffff; text-decoration: underline;\" href=\"https:\/\/vtc-strasbourg-dmd.fr\/chauffeur-prive-vtc-europa-park-strasbourg\/\">Fahrer von Europa Park VTC<\/a><\/span><\/span><br><span style=\"text-decoration: underline;\"><span style=\"color: #ffffff; text-decoration: underline;\">&#8211; <a style=\"color: #ffffff; text-decoration: underline;\" href=\"https:\/\/vtc-strasbourg-dmd.fr\/transfert-vtc-chauffeur-prive-colmar-strasbourg\/\">Privatfahrer Colmar<\/a><\/span><\/span><br><span style=\"text-decoration: underline;\"><span style=\"color: #ffffff; text-decoration: underline;\">&#8211; <a style=\"color: #ffffff; text-decoration: underline;\" href=\"https:\/\/vtc-strasbourg-dmd.fr\/transfert-vtc-chauffeur-prive-ribeauville-strasbourg\/\">Chauffeur Chauffeur Ribeauvill\u00e9<\/a><\/span><\/span><br><span style=\"text-decoration: underline;\"><span style=\"color: #ffffff; text-decoration: underline;\">&#8211; <a style=\"color: #ffffff; text-decoration: underline;\" href=\"https:\/\/vtc-strasbourg-dmd.fr\/transfert-vtc-chauffeur-prive-obernai-strasbourg\/\">Chauffeur VTC Obernai<\/a><\/span><\/span><br><span style=\"text-decoration: underline;\"><span style=\"color: #ffffff; text-decoration: underline;\">&#8211; <a style=\"color: #ffffff; text-decoration: underline;\" href=\"https:\/\/vtc-strasbourg-dmd.fr\/transfert-vtc-chauffeur-prive-kaysersberg-strasbourg\/\">Chauffeur VTC Kaysersberg<\/a><\/span><\/span><br><span style=\"text-decoration: underline;\"><span style=\"color: #ffffff; text-decoration: underline;\">&#8211; <a style=\"color: #ffffff; text-decoration: underline;\" href=\"https:\/\/vtc-strasbourg-dmd.fr\/transfert-vtc-chauffeur-prive-riquewihr-strasbourg\/\">Riquewhir VTC-Fahrer<\/a><\/span><\/span><br><span style=\"text-decoration: underline;\"><span style=\"color: #ffffff; text-decoration: underline;\">&#8211; <a style=\"color: #ffffff; text-decoration: underline;\" href=\"https:\/\/vtc-strasbourg-dmd.fr\/transfert-vtc-chauffeur-prive-eguisheim-strasbourg\/\">VTC-Fahrer Eguisheim<\/a><\/span><\/span><\/p>\t\t\t\t\t\t\t\t<\/div>\n\t\t\t\t<\/div>\n\t\t\t\t\t<\/div>\n\t\t<\/div>\n\t\t\t\t\t<\/div>\n\t\t<\/section>\n\t\t\t\t<\/div>\n\t\t","protected":false},"excerpt":{"rendered":"<p>Privater Miettransfer von Stra\u00dfburg nach Colmar VTC Colmar \u2014 Stra\u00dfburg \u2194 Colmar Transfers &amp; Sightseeing Touren Genie\u00dfen Sie mit DriveMeDriver einen komfortablen und sicheren Transfer nach Stra\u00dfburg Colmar oder erkunden Sie die Weinstra\u00dfe und Colmars Klein-Venedig mit einem privaten VTC-Fahrer. Ihr privater Fahrer nach Colmar Sind Sie auf der Suche nach einer Colmar VTC ab [&hellip;]<\/p>\n","protected":false},"author":30,"featured_media":0,"parent":0,"menu_order":0,"comment_status":"closed","ping_status":"closed","template":"","meta":{"site-sidebar-layout":"default","site-content-layout":"","ast-site-content-layout":"full-width-container","site-content-style":"default","site-sidebar-style":"default","ast-global-header-display":"disabled","ast-banner-title-visibility":"disabled","ast-main-header-display":"","ast-hfb-above-header-display":"","ast-hfb-below-header-display":"","ast-hfb-mobile-header-display":"","site-post-title":"","ast-breadcrumbs-content":"","ast-featured-img":"","footer-sml-layout":"disabled","ast-disable-related-posts":"","theme-transparent-header-meta":"","adv-header-id-meta":"","stick-header-meta":"","header-above-stick-meta":"","header-main-stick-meta":"","header-below-stick-meta":"","astra-migrate-meta-layouts":"default","ast-page-background-enabled":"default","ast-page-background-meta":{"desktop":{"background-color":"","background-image":"","background-repeat":"repeat","background-position":"center center","background-size":"auto","background-attachment":"scroll","background-type":"","background-media":"","overlay-type":"","overlay-color":"","overlay-opacity":"","overlay-gradient":""},"tablet":{"background-color":"","background-image":"","background-repeat":"repeat","background-position":"center center","background-size":"auto","background-attachment":"scroll","background-type":"","background-media":"","overlay-type":"","overlay-color":"","overlay-opacity":"","overlay-gradient":""},"mobile":{"background-color":"","background-image":"","background-repeat":"repeat","background-position":"center center","background-size":"auto","background-attachment":"scroll","background-type":"","background-media":"","overlay-type":"","overlay-color":"","overlay-opacity":"","overlay-gradient":""}},"ast-content-background-meta":{"desktop":{"background-color":"var(--ast-global-color-5)","background-image":"","background-repeat":"repeat","background-position":"center center","background-size":"auto","background-attachment":"scroll","background-type":"","background-media":"","overlay-type":"","overlay-color":"","overlay-opacity":"","overlay-gradient":""},"tablet":{"background-color":"var(--ast-global-color-5)","background-image":"","background-repeat":"repeat","background-position":"center center","background-size":"auto","background-attachment":"scroll","background-type":"","background-media":"","overlay-type":"","overlay-color":"","overlay-opacity":"","overlay-gradient":""},"mobile":{"background-color":"var(--ast-global-color-5)","background-image":"","background-repeat":"repeat","background-position":"center center","background-size":"auto","background-attachment":"scroll","background-type":"","background-media":"","overlay-type":"","overlay-color":"","overlay-opacity":"","overlay-gradient":""}},"footnotes":""},"class_list":["post-3243","page","type-page","status-publish","hentry"],"yoast_head":"<!-- This site is optimized with the Yoast SEO plugin v27.0 - https:\/\/yoast.com\/product\/yoast-seo-wordpress\/ -->\n<title>Privater Fahrertransfer Colmar Stra\u00dfburg - VTC Strasbourg DMD<\/title>\n<meta name=\"description\" content=\"Buchen Sie Ihren privaten Fahrer nach Colmar und Stra\u00dfburg. Professionelle Transfers und Sightseeing-Touren nach Colmar und Stra\u00dfburg.\" \/>\n<meta name=\"robots\" content=\"index, follow, max-snippet:-1, max-image-preview:large, max-video-preview:-1\" \/>\n<link rel=\"canonical\" href=\"https:\/\/vtc-strasbourg-dmd.fr\/de\/privater-fahrertransfer-colmar-strassburg\/\" \/>\n<meta property=\"og:locale\" content=\"de_DE\" \/>\n<meta property=\"og:type\" content=\"article\" \/>\n<meta property=\"og:title\" content=\"Privater Fahrertransfer Colmar Stra\u00dfburg - VTC Strasbourg DMD\" \/>\n<meta property=\"og:description\" content=\"Buchen Sie Ihren privaten Fahrer nach Colmar und Stra\u00dfburg. Professionelle Transfers und Sightseeing-Touren nach Colmar und Stra\u00dfburg.\" \/>\n<meta property=\"og:url\" content=\"https:\/\/vtc-strasbourg-dmd.fr\/de\/privater-fahrertransfer-colmar-strassburg\/\" \/>\n<meta property=\"og:site_name\" content=\"VTC Strasbourg DMD\" \/>\n<meta property=\"article:modified_time\" content=\"2025-12-01T23:24:57+00:00\" \/>\n<meta property=\"og:image\" content=\"https:\/\/s.w.org\/images\/core\/emoji\/16.0.1\/svg\/1f449.svg\" \/>\n<meta name=\"twitter:card\" content=\"summary_large_image\" \/>\n<meta name=\"twitter:label1\" content=\"Gesch\u00e4tzte Lesezeit\" \/>\n\t<meta name=\"twitter:data1\" content=\"3 Minuten\" \/>\n<script type=\"application\/ld+json\" class=\"yoast-schema-graph\">{\"@context\":\"https:\/\/schema.org\",\"@graph\":[{\"@type\":\"WebPage\",\"@id\":\"https:\/\/vtc-strasbourg-dmd.fr\/de\/privater-fahrertransfer-colmar-strassburg\/\",\"url\":\"https:\/\/vtc-strasbourg-dmd.fr\/de\/privater-fahrertransfer-colmar-strassburg\/\",\"name\":\"Privater Fahrertransfer Colmar Stra\u00dfburg - VTC Strasbourg DMD\",\"isPartOf\":{\"@id\":\"http:\/\/vtc-strasbourg-dmd.fr\/de\/#website\"},\"primaryImageOfPage\":{\"@id\":\"https:\/\/vtc-strasbourg-dmd.fr\/de\/privater-fahrertransfer-colmar-strassburg\/#primaryimage\"},\"image\":{\"@id\":\"https:\/\/vtc-strasbourg-dmd.fr\/de\/privater-fahrertransfer-colmar-strassburg\/#primaryimage\"},\"thumbnailUrl\":\"https:\/\/s.w.org\/images\/core\/emoji\/16.0.1\/svg\/1f449.svg\",\"datePublished\":\"2025-09-10T09:56:11+00:00\",\"dateModified\":\"2025-12-01T23:24:57+00:00\",\"description\":\"Buchen Sie Ihren privaten Fahrer nach Colmar und Stra\u00dfburg. Professionelle Transfers und Sightseeing-Touren nach Colmar und Stra\u00dfburg.\",\"breadcrumb\":{\"@id\":\"https:\/\/vtc-strasbourg-dmd.fr\/de\/privater-fahrertransfer-colmar-strassburg\/#breadcrumb\"},\"inLanguage\":\"de\",\"potentialAction\":[{\"@type\":\"ReadAction\",\"target\":[\"https:\/\/vtc-strasbourg-dmd.fr\/de\/privater-fahrertransfer-colmar-strassburg\/\"]}]},{\"@type\":\"ImageObject\",\"inLanguage\":\"de\",\"@id\":\"https:\/\/vtc-strasbourg-dmd.fr\/de\/privater-fahrertransfer-colmar-strassburg\/#primaryimage\",\"url\":\"https:\/\/s.w.org\/images\/core\/emoji\/16.0.1\/svg\/1f449.svg\",\"contentUrl\":\"https:\/\/s.w.org\/images\/core\/emoji\/16.0.1\/svg\/1f449.svg\"},{\"@type\":\"BreadcrumbList\",\"@id\":\"https:\/\/vtc-strasbourg-dmd.fr\/de\/privater-fahrertransfer-colmar-strassburg\/#breadcrumb\",\"itemListElement\":[{\"@type\":\"ListItem\",\"position\":1,\"name\":\"Accueil\",\"item\":\"https:\/\/vtc-strasbourg-dmd.fr\/de\/\"},{\"@type\":\"ListItem\",\"position\":2,\"name\":\"Privater Fahrertransfer Colmar Stra\u00dfburg\"}]},{\"@type\":\"WebSite\",\"@id\":\"http:\/\/vtc-strasbourg-dmd.fr\/de\/#website\",\"url\":\"http:\/\/vtc-strasbourg-dmd.fr\/de\/\",\"name\":\"VTC Strasbourg DMD\",\"description\":\"Chauffeur VTC Strasbourg\",\"publisher\":{\"@id\":\"http:\/\/vtc-strasbourg-dmd.fr\/de\/#organization\"},\"potentialAction\":[{\"@type\":\"SearchAction\",\"target\":{\"@type\":\"EntryPoint\",\"urlTemplate\":\"http:\/\/vtc-strasbourg-dmd.fr\/de\/?s={search_term_string}\"},\"query-input\":{\"@type\":\"PropertyValueSpecification\",\"valueRequired\":true,\"valueName\":\"search_term_string\"}}],\"inLanguage\":\"de\"},{\"@type\":\"Organization\",\"@id\":\"http:\/\/vtc-strasbourg-dmd.fr\/de\/#organization\",\"name\":\"VTC Strasbourg DMD\",\"url\":\"http:\/\/vtc-strasbourg-dmd.fr\/de\/\",\"logo\":{\"@type\":\"ImageObject\",\"inLanguage\":\"de\",\"@id\":\"http:\/\/vtc-strasbourg-dmd.fr\/de\/#\/schema\/logo\/image\/\",\"url\":\"https:\/\/vtc-strasbourg-dmd.fr\/wp-content\/uploads\/2025\/05\/cropped-LOGO-DRIVE-ME-DRIVER-scaled-1.png\",\"contentUrl\":\"https:\/\/vtc-strasbourg-dmd.fr\/wp-content\/uploads\/2025\/05\/cropped-LOGO-DRIVE-ME-DRIVER-scaled-1.png\",\"width\":2557,\"height\":854,\"caption\":\"VTC Strasbourg DMD\"},\"image\":{\"@id\":\"http:\/\/vtc-strasbourg-dmd.fr\/de\/#\/schema\/logo\/image\/\"}}]}<\/script>\n<!-- \/ Yoast SEO plugin. -->","yoast_head_json":{"title":"Privater Fahrertransfer Colmar Stra\u00dfburg - VTC Strasbourg DMD","description":"Buchen Sie Ihren privaten Fahrer nach Colmar und Stra\u00dfburg. Professionelle Transfers und Sightseeing-Touren nach Colmar und Stra\u00dfburg.","robots":{"index":"index","follow":"follow","max-snippet":"max-snippet:-1","max-image-preview":"max-image-preview:large","max-video-preview":"max-video-preview:-1"},"canonical":"https:\/\/vtc-strasbourg-dmd.fr\/de\/privater-fahrertransfer-colmar-strassburg\/","og_locale":"de_DE","og_type":"article","og_title":"Privater Fahrertransfer Colmar Stra\u00dfburg - VTC Strasbourg DMD","og_description":"Buchen Sie Ihren privaten Fahrer nach Colmar und Stra\u00dfburg. Professionelle Transfers und Sightseeing-Touren nach Colmar und Stra\u00dfburg.","og_url":"https:\/\/vtc-strasbourg-dmd.fr\/de\/privater-fahrertransfer-colmar-strassburg\/","og_site_name":"VTC Strasbourg DMD","article_modified_time":"2025-12-01T23:24:57+00:00","og_image":[{"url":"https:\/\/s.w.org\/images\/core\/emoji\/16.0.1\/svg\/1f449.svg","type":"","width":"","height":""}],"twitter_card":"summary_large_image","twitter_misc":{"Gesch\u00e4tzte Lesezeit":"3 Minuten"},"schema":{"@context":"https:\/\/schema.org","@graph":[{"@type":"WebPage","@id":"https:\/\/vtc-strasbourg-dmd.fr\/de\/privater-fahrertransfer-colmar-strassburg\/","url":"https:\/\/vtc-strasbourg-dmd.fr\/de\/privater-fahrertransfer-colmar-strassburg\/","name":"Privater Fahrertransfer Colmar Stra\u00dfburg - VTC Strasbourg DMD","isPartOf":{"@id":"http:\/\/vtc-strasbourg-dmd.fr\/de\/#website"},"primaryImageOfPage":{"@id":"https:\/\/vtc-strasbourg-dmd.fr\/de\/privater-fahrertransfer-colmar-strassburg\/#primaryimage"},"image":{"@id":"https:\/\/vtc-strasbourg-dmd.fr\/de\/privater-fahrertransfer-colmar-strassburg\/#primaryimage"},"thumbnailUrl":"https:\/\/s.w.org\/images\/core\/emoji\/16.0.1\/svg\/1f449.svg","datePublished":"2025-09-10T09:56:11+00:00","dateModified":"2025-12-01T23:24:57+00:00","description":"Buchen Sie Ihren privaten Fahrer nach Colmar und Stra\u00dfburg. Professionelle Transfers und Sightseeing-Touren nach Colmar und Stra\u00dfburg.","breadcrumb":{"@id":"https:\/\/vtc-strasbourg-dmd.fr\/de\/privater-fahrertransfer-colmar-strassburg\/#breadcrumb"},"inLanguage":"de","potentialAction":[{"@type":"ReadAction","target":["https:\/\/vtc-strasbourg-dmd.fr\/de\/privater-fahrertransfer-colmar-strassburg\/"]}]},{"@type":"ImageObject","inLanguage":"de","@id":"https:\/\/vtc-strasbourg-dmd.fr\/de\/privater-fahrertransfer-colmar-strassburg\/#primaryimage","url":"https:\/\/s.w.org\/images\/core\/emoji\/16.0.1\/svg\/1f449.svg","contentUrl":"https:\/\/s.w.org\/images\/core\/emoji\/16.0.1\/svg\/1f449.svg"},{"@type":"BreadcrumbList","@id":"https:\/\/vtc-strasbourg-dmd.fr\/de\/privater-fahrertransfer-colmar-strassburg\/#breadcrumb","itemListElement":[{"@type":"ListItem","position":1,"name":"Accueil","item":"https:\/\/vtc-strasbourg-dmd.fr\/de\/"},{"@type":"ListItem","position":2,"name":"Privater Fahrertransfer Colmar Stra\u00dfburg"}]},{"@type":"WebSite","@id":"http:\/\/vtc-strasbourg-dmd.fr\/de\/#website","url":"http:\/\/vtc-strasbourg-dmd.fr\/de\/","name":"VTC Strasbourg DMD","description":"Chauffeur VTC Strasbourg","publisher":{"@id":"http:\/\/vtc-strasbourg-dmd.fr\/de\/#organization"},"potentialAction":[{"@type":"SearchAction","target":{"@type":"EntryPoint","urlTemplate":"http:\/\/vtc-strasbourg-dmd.fr\/de\/?s={search_term_string}"},"query-input":{"@type":"PropertyValueSpecification","valueRequired":true,"valueName":"search_term_string"}}],"inLanguage":"de"},{"@type":"Organization","@id":"http:\/\/vtc-strasbourg-dmd.fr\/de\/#organization","name":"VTC Strasbourg DMD","url":"http:\/\/vtc-strasbourg-dmd.fr\/de\/","logo":{"@type":"ImageObject","inLanguage":"de","@id":"http:\/\/vtc-strasbourg-dmd.fr\/de\/#\/schema\/logo\/image\/","url":"https:\/\/vtc-strasbourg-dmd.fr\/wp-content\/uploads\/2025\/05\/cropped-LOGO-DRIVE-ME-DRIVER-scaled-1.png","contentUrl":"https:\/\/vtc-strasbourg-dmd.fr\/wp-content\/uploads\/2025\/05\/cropped-LOGO-DRIVE-ME-DRIVER-scaled-1.png","width":2557,"height":854,"caption":"VTC Strasbourg DMD"},"image":{"@id":"http:\/\/vtc-strasbourg-dmd.fr\/de\/#\/schema\/logo\/image\/"}}]}},"_links":{"self":[{"href":"https:\/\/vtc-strasbourg-dmd.fr\/de\/wp-json\/wp\/v2\/pages\/3243","targetHints":{"allow":["GET"]}}],"collection":[{"href":"https:\/\/vtc-strasbourg-dmd.fr\/de\/wp-json\/wp\/v2\/pages"}],"about":[{"href":"https:\/\/vtc-strasbourg-dmd.fr\/de\/wp-json\/wp\/v2\/types\/page"}],"author":[{"embeddable":true,"href":"https:\/\/vtc-strasbourg-dmd.fr\/de\/wp-json\/wp\/v2\/users\/30"}],"replies":[{"embeddable":true,"href":"https:\/\/vtc-strasbourg-dmd.fr\/de\/wp-json\/wp\/v2\/comments?post=3243"}],"version-history":[{"count":2,"href":"https:\/\/vtc-strasbourg-dmd.fr\/de\/wp-json\/wp\/v2\/pages\/3243\/revisions"}],"predecessor-version":[{"id":3634,"href":"https:\/\/vtc-strasbourg-dmd.fr\/de\/wp-json\/wp\/v2\/pages\/3243\/revisions\/3634"}],"wp:attachment":[{"href":"https:\/\/vtc-strasbourg-dmd.fr\/de\/wp-json\/wp\/v2\/media?parent=3243"}],"curies":[{"name":"wp","href":"https:\/\/api.w.org\/{rel}","templated":true}]}}