{"id":3142,"date":"2018-06-01T18:12:35","date_gmt":"2018-06-01T16:12:35","guid":{"rendered":"https:\/\/vtc-strasbourg-dmd.fr\/unsere-leistungen\/"},"modified":"2025-12-26T09:02:10","modified_gmt":"2025-12-26T08:02:10","slug":"unsere-leistungen","status":"publish","type":"page","link":"https:\/\/vtc-strasbourg-dmd.fr\/de\/unsere-leistungen\/","title":{"rendered":"Unsere VTC-Dienste in Stra\u00dfburg"},"content":{"rendered":"\t\t<div data-elementor-type=\"wp-post\" data-elementor-id=\"3142\" class=\"elementor elementor-3142 elementor-125\" data-elementor-post-type=\"page\">\n\t\t\t\t\t\t<section class=\"elementor-section elementor-top-section elementor-element elementor-element-43b2b450 elementor-section-full_width elementor-section-height-min-height elementor-section-height-default elementor-section-items-middle\" data-id=\"43b2b450\" data-element_type=\"section\" data-e-type=\"section\" data-settings=\"{&quot;background_background&quot;:&quot;classic&quot;}\">\n\t\t\t\t\t\t\t<div class=\"elementor-background-overlay\"><\/div>\n\t\t\t\t\t\t\t<div class=\"elementor-container elementor-column-gap-default\">\n\t\t\t\t\t<div class=\"elementor-column elementor-col-100 elementor-top-column elementor-element elementor-element-539af4c\" data-id=\"539af4c\" data-element_type=\"column\" data-e-type=\"column\">\n\t\t\t<div class=\"elementor-widget-wrap elementor-element-populated\">\n\t\t\t\t\t\t<div class=\"elementor-element elementor-element-2563a439 elementor-widget elementor-widget-heading\" data-id=\"2563a439\" data-element_type=\"widget\" data-e-type=\"widget\" data-widget_type=\"heading.default\">\n\t\t\t\t<div class=\"elementor-widget-container\">\n\t\t\t\t\t<h2 class=\"elementor-heading-title elementor-size-default\">UNSERE DIENSTLEISTUNGEN<\/h2>\t\t\t\t<\/div>\n\t\t\t\t<\/div>\n\t\t\t\t\t<\/div>\n\t\t<\/div>\n\t\t\t\t\t<\/div>\n\t\t<\/section>\n\t\t\t\t<section class=\"elementor-section elementor-top-section elementor-element elementor-element-7bf477a9 elementor-section-content-middle elementor-section-boxed elementor-section-height-default elementor-section-height-default\" data-id=\"7bf477a9\" data-element_type=\"section\" data-e-type=\"section\" data-settings=\"{&quot;background_background&quot;:&quot;classic&quot;}\">\n\t\t\t\t\t\t<div class=\"elementor-container elementor-column-gap-no\">\n\t\t\t\t\t<div class=\"elementor-column elementor-col-100 elementor-top-column elementor-element elementor-element-7a0bf59e\" data-id=\"7a0bf59e\" data-element_type=\"column\" data-e-type=\"column\">\n\t\t\t<div class=\"elementor-widget-wrap elementor-element-populated\">\n\t\t\t\t\t\t<section class=\"elementor-section elementor-inner-section elementor-element elementor-element-2f2636c9 elementor-section-content-middle elementor-section-boxed elementor-section-height-default elementor-section-height-default\" data-id=\"2f2636c9\" data-element_type=\"section\" data-e-type=\"section\">\n\t\t\t\t\t\t<div class=\"elementor-container elementor-column-gap-no\">\n\t\t\t\t\t<div class=\"elementor-column elementor-col-50 elementor-inner-column elementor-element elementor-element-3407e5d2\" data-id=\"3407e5d2\" data-element_type=\"column\" data-e-type=\"column\">\n\t\t\t<div class=\"elementor-widget-wrap elementor-element-populated\">\n\t\t\t\t\t\t<div class=\"elementor-element elementor-element-58a85204 elementor-invisible elementor-widget elementor-widget-image\" data-id=\"58a85204\" data-element_type=\"widget\" data-e-type=\"widget\" data-settings=\"{&quot;_animation&quot;:&quot;bounceInLeft&quot;}\" data-widget_type=\"image.default\">\n\t\t\t\t<div class=\"elementor-widget-container\">\n\t\t\t\t\t\t\t\t\t\t\t\t\t\t\t<img fetchpriority=\"high\" decoding=\"async\" width=\"650\" height=\"400\" src=\"https:\/\/vtc-strasbourg-dmd.fr\/wp-content\/uploads\/2018\/06\/vtc-fontainebleau.jpg\" class=\"attachment-large size-large wp-image-3085\" alt=\"Drive me driver vtc strasbourg chauffeur\" srcset=\"https:\/\/vtc-strasbourg-dmd.fr\/wp-content\/uploads\/2018\/06\/vtc-fontainebleau.jpg 650w, https:\/\/vtc-strasbourg-dmd.fr\/wp-content\/uploads\/2018\/06\/vtc-fontainebleau-300x185.jpg 300w, https:\/\/vtc-strasbourg-dmd.fr\/wp-content\/uploads\/2018\/06\/vtc-fontainebleau-600x369.jpg 600w\" sizes=\"(max-width: 650px) 100vw, 650px\" \/>\t\t\t\t\t\t\t\t\t\t\t\t\t\t\t<\/div>\n\t\t\t\t<\/div>\n\t\t\t\t\t<\/div>\n\t\t<\/div>\n\t\t\t\t<div class=\"elementor-column elementor-col-50 elementor-inner-column elementor-element elementor-element-5ed6c75a\" data-id=\"5ed6c75a\" data-element_type=\"column\" data-e-type=\"column\">\n\t\t\t<div class=\"elementor-widget-wrap elementor-element-populated\">\n\t\t\t\t\t\t<div class=\"elementor-element elementor-element-51e526da elementor-widget elementor-widget-heading\" data-id=\"51e526da\" data-element_type=\"widget\" data-e-type=\"widget\" data-widget_type=\"heading.default\">\n\t\t\t\t<div class=\"elementor-widget-container\">\n\t\t\t\t\t<h1 class=\"elementor-heading-title elementor-size-default\">Privater Fahrer in Stra\u00dfburg  <\/h1>\t\t\t\t<\/div>\n\t\t\t\t<\/div>\n\t\t\t\t<div class=\"elementor-element elementor-element-40ee8a3 elementor-widget elementor-widget-text-editor\" data-id=\"40ee8a3\" data-element_type=\"widget\" data-e-type=\"widget\" data-widget_type=\"text-editor.default\">\n\t\t\t\t<div class=\"elementor-widget-container\">\n\t\t\t\t\t\t\t\t\t<p>Unsere Leistungen:<\/p>\t\t\t\t\t\t\t\t<\/div>\n\t\t\t\t<\/div>\n\t\t\t\t<div class=\"elementor-element elementor-element-e604037 elementor-widget elementor-widget-text-editor\" data-id=\"e604037\" data-element_type=\"widget\" data-e-type=\"widget\" data-widget_type=\"text-editor.default\">\n\t\t\t\t<div class=\"elementor-widget-container\">\n\t\t\t\t\t\t\t\t\t<p>Sind Sie auf der Suche nach einem privaten Fahrer in Stra\u00dfburg? Drive me Driver bietet spezialisierte Dienstleistungen f\u00fcr den Personentransport in Stra\u00dfburg und der Eurometropole Stra\u00dfburg an. Wir sind bestrebt, Ihnen Ihre Reise zu erleichtern, indem wir Ihnen ein qualitativ hochwertiges Transporterlebnis bieten.  <br>Unser umfassendes Leistungsspektrum reicht vom Taxiservice \u00fcber den Flughafentransport bis hin zum privaten Fahrer f\u00fcr Ihre Fahrten in der Stadt. Was auch immer Ihre Transportbed\u00fcrfnisse in Stra\u00dfburg sind, wir haben die L\u00f6sung. <\/p>\t\t\t\t\t\t\t\t<\/div>\n\t\t\t\t<\/div>\n\t\t\t\t\t<\/div>\n\t\t<\/div>\n\t\t\t\t\t<\/div>\n\t\t<\/section>\n\t\t\t\t<section class=\"elementor-section elementor-inner-section elementor-element elementor-element-66c95681 elementor-section-content-middle elementor-reverse-mobile elementor-section-boxed elementor-section-height-default elementor-section-height-default\" data-id=\"66c95681\" data-element_type=\"section\" data-e-type=\"section\">\n\t\t\t\t\t\t<div class=\"elementor-container elementor-column-gap-no\">\n\t\t\t\t\t<div class=\"elementor-column elementor-col-50 elementor-inner-column elementor-element elementor-element-2eb252ad\" data-id=\"2eb252ad\" data-element_type=\"column\" data-e-type=\"column\">\n\t\t\t<div class=\"elementor-widget-wrap elementor-element-populated\">\n\t\t\t\t\t\t<div class=\"elementor-element elementor-element-75f4ce98 elementor-widget elementor-widget-heading\" data-id=\"75f4ce98\" data-element_type=\"widget\" data-e-type=\"widget\" data-widget_type=\"heading.default\">\n\t\t\t\t<div class=\"elementor-widget-container\">\n\t\t\t\t\t<h2 class=\"elementor-heading-title elementor-size-default\">Ihre Fahrten zwischen dem Flughafen und Stra\u00dfburg<\/h2>\t\t\t\t<\/div>\n\t\t\t\t<\/div>\n\t\t\t\t<div class=\"elementor-element elementor-element-8a8e8fa elementor-widget elementor-widget-text-editor\" data-id=\"8a8e8fa\" data-element_type=\"widget\" data-e-type=\"widget\" data-widget_type=\"text-editor.default\">\n\t\t\t\t<div class=\"elementor-widget-container\">\n\t\t\t\t\t\t\t\t\t<p><span style=\"color: #ffffff;\">Vertrauen Sie bei all Ihren touristischen Reisen oder Gesch\u00e4ftsreisen unseren privaten Fahrern. Unsere Dienstleistungen garantieren Ihren Transfer vom und zum Flughafen Stra\u00dfburg-Entzheim. Wir stellen Ihnen komfortable Fahrzeuge zu wettbewerbsf\u00e4higen Preisen zur Verf\u00fcgung.  <\/span><\/p><p><span style=\"color: #ffffff; font-family: inherit; font-size: 2rem; font-weight: 500;\">Transport zum Flughafen Stra\u00dfburg<\/span><\/p><p><span style=\"color: #ffffff;\">Sparen Sie Geld f\u00fcr teure Parkpl\u00e4tze in Stra\u00dfburg und vermeiden Sie den Stress der \u00f6ffentlichen Verkehrsmittel. Buchen Sie Ihren Transport zum Internationalen Flughafen Stra\u00dfburg. Sie profitieren von einem p\u00fcnktlichen Service zu einem sehr guten Preis-Leistungs-Verh\u00e4ltnis. Unsere Fahrer holen Sie zu Hause, im Hotel ab und fahren Sie sicher zum Flughafen.   <\/span><\/p><h3><span style=\"color: #ffffff;\">Empfang am Flughafen Stra\u00dfburg-Entzheim<\/span><\/h3><p><span style=\"color: #ffffff;\">Was gibt es Sch\u00f6neres als einen privaten Fahrer, der bei Ihrer Ankunft am Flughafen Stra\u00dfburg auf Sie wartet? G\u00f6nnen Sie sich einen hochwertigen Meet-and-Greet-Service am Flughafen. Unsere professionellen Fahrer warten mit einem Schild mit Ihrem Namen auf Sie zur\u00fcck. Sie k\u00f6nnen sich um Ihr Gep\u00e4ck k\u00fcmmern und zu Ihrem Hotel am Place Kl\u00e9ber, in Grande-\u00cele oder Neustadt gebracht werden.   <\/span><\/p>\t\t\t\t\t\t\t\t<\/div>\n\t\t\t\t<\/div>\n\t\t\t\t\t<\/div>\n\t\t<\/div>\n\t\t\t\t<div class=\"elementor-column elementor-col-50 elementor-inner-column elementor-element elementor-element-4c6d8069\" data-id=\"4c6d8069\" data-element_type=\"column\" data-e-type=\"column\">\n\t\t\t<div class=\"elementor-widget-wrap elementor-element-populated\">\n\t\t\t\t\t\t<div class=\"elementor-element elementor-element-2a30c6ca elementor-invisible elementor-widget elementor-widget-image\" data-id=\"2a30c6ca\" data-element_type=\"widget\" data-e-type=\"widget\" data-settings=\"{&quot;_animation&quot;:&quot;bounceInRight&quot;}\" data-widget_type=\"image.default\">\n\t\t\t\t<div class=\"elementor-widget-container\">\n\t\t\t\t\t\t\t\t\t\t\t\t\t\t\t<img decoding=\"async\" width=\"685\" height=\"1024\" src=\"https:\/\/vtc-strasbourg-dmd.fr\/wp-content\/uploads\/2023\/04\/AdobeStock_200181765-685x1024.jpeg\" class=\"attachment-large size-large wp-image-3086\" alt=\"\" srcset=\"https:\/\/vtc-strasbourg-dmd.fr\/wp-content\/uploads\/2023\/04\/AdobeStock_200181765-scaled.jpeg 685w, https:\/\/vtc-strasbourg-dmd.fr\/wp-content\/uploads\/2023\/04\/AdobeStock_200181765-201x300.jpeg 201w, https:\/\/vtc-strasbourg-dmd.fr\/wp-content\/uploads\/2023\/04\/AdobeStock_200181765-768x1147.jpeg 768w, https:\/\/vtc-strasbourg-dmd.fr\/wp-content\/uploads\/2023\/04\/AdobeStock_200181765-1028x1536.jpeg 1028w, https:\/\/vtc-strasbourg-dmd.fr\/wp-content\/uploads\/2023\/04\/AdobeStock_200181765-1371x2048.jpeg 1371w, https:\/\/vtc-strasbourg-dmd.fr\/wp-content\/uploads\/2023\/04\/AdobeStock_200181765-600x896.jpeg 600w\" sizes=\"(max-width: 685px) 100vw, 685px\" \/>\t\t\t\t\t\t\t\t\t\t\t\t\t\t\t<\/div>\n\t\t\t\t<\/div>\n\t\t\t\t\t<\/div>\n\t\t<\/div>\n\t\t\t\t\t<\/div>\n\t\t<\/section>\n\t\t\t\t<section class=\"elementor-section elementor-inner-section elementor-element elementor-element-25209bcb elementor-section-content-middle elementor-reverse-mobile elementor-section-boxed elementor-section-height-default elementor-section-height-default\" data-id=\"25209bcb\" data-element_type=\"section\" data-e-type=\"section\">\n\t\t\t\t\t\t<div class=\"elementor-container elementor-column-gap-no\">\n\t\t\t\t\t<div class=\"elementor-column elementor-col-50 elementor-inner-column elementor-element elementor-element-1766007f\" data-id=\"1766007f\" data-element_type=\"column\" data-e-type=\"column\">\n\t\t\t<div class=\"elementor-widget-wrap elementor-element-populated\">\n\t\t\t\t\t\t<div class=\"elementor-element elementor-element-36e34a28 elementor-invisible elementor-widget elementor-widget-image\" data-id=\"36e34a28\" data-element_type=\"widget\" data-e-type=\"widget\" data-settings=\"{&quot;_animation&quot;:&quot;bounceInLeft&quot;}\" data-widget_type=\"image.default\">\n\t\t\t\t<div class=\"elementor-widget-container\">\n\t\t\t\t\t\t\t\t\t\t\t\t\t\t\t<img decoding=\"async\" width=\"681\" height=\"1024\" src=\"https:\/\/vtc-strasbourg-dmd.fr\/wp-content\/uploads\/2023\/04\/AdobeStock_417964890-681x1024.jpeg\" class=\"attachment-large size-large wp-image-3087\" alt=\"\" srcset=\"https:\/\/vtc-strasbourg-dmd.fr\/wp-content\/uploads\/2023\/04\/AdobeStock_417964890-scaled.jpeg 681w, https:\/\/vtc-strasbourg-dmd.fr\/wp-content\/uploads\/2023\/04\/AdobeStock_417964890-199x300.jpeg 199w, https:\/\/vtc-strasbourg-dmd.fr\/wp-content\/uploads\/2023\/04\/AdobeStock_417964890-768x1155.jpeg 768w, https:\/\/vtc-strasbourg-dmd.fr\/wp-content\/uploads\/2023\/04\/AdobeStock_417964890-1021x1536.jpeg 1021w, https:\/\/vtc-strasbourg-dmd.fr\/wp-content\/uploads\/2023\/04\/AdobeStock_417964890-1361x2048.jpeg 1361w, https:\/\/vtc-strasbourg-dmd.fr\/wp-content\/uploads\/2023\/04\/AdobeStock_417964890-600x903.jpeg 600w\" sizes=\"(max-width: 681px) 100vw, 681px\" \/>\t\t\t\t\t\t\t\t\t\t\t\t\t\t\t<\/div>\n\t\t\t\t<\/div>\n\t\t\t\t\t<\/div>\n\t\t<\/div>\n\t\t\t\t<div class=\"elementor-column elementor-col-50 elementor-inner-column elementor-element elementor-element-18d80cd6\" data-id=\"18d80cd6\" data-element_type=\"column\" data-e-type=\"column\">\n\t\t\t<div class=\"elementor-widget-wrap elementor-element-populated\">\n\t\t\t\t\t\t<div class=\"elementor-element elementor-element-105a1fb2 elementor-widget elementor-widget-heading\" data-id=\"105a1fb2\" data-element_type=\"widget\" data-e-type=\"widget\" data-widget_type=\"heading.default\">\n\t\t\t\t<div class=\"elementor-widget-container\">\n\t\t\t\t\t<h2 class=\"elementor-heading-title elementor-size-default\">Ihre Transfers zu den Bahnh\u00f6fen von Stra\u00dfburg<\/h2>\t\t\t\t<\/div>\n\t\t\t\t<\/div>\n\t\t\t\t<div class=\"elementor-element elementor-element-356b2f0b elementor-widget elementor-widget-text-editor\" data-id=\"356b2f0b\" data-element_type=\"widget\" data-e-type=\"widget\" data-widget_type=\"text-editor.default\">\n\t\t\t\t<div class=\"elementor-widget-container\">\n\t\t\t\t\t\t\t\t\t<p><span style=\"color: #ffffff;\">Reisen Sie mit dem Zug? Unser privater Chauffeurservice in Stra\u00dfburg garantiert Ihre Transfers von Bahnhof zu Bahnhof oder zwischen dem Bahnhof Stra\u00dfburg und Ihrem Ziel. Unsere professionellen Fahrer erwarten Sie am Bahnhof Stra\u00dfburg mit einem Schild mit Ihrem Namen. Sie holen Sie an der Adresse Ihrer Wahl \u00fcberall in der Eurometropole Stra\u00dfburg ab und fahren Sie p\u00fcnktlich, damit Sie in aller Ruhe in Ihren Zug einsteigen k\u00f6nnen.   <\/span><\/p><h3><span style=\"color: #ffffff;\">Ihre St\u00e4dtereise in Stra\u00dfburg<\/span><\/h3><p><span style=\"color: #ffffff;\">Drive me Driver bietet High-End-Personenbef\u00f6rderungsdienste an. Entscheiden Sie sich f\u00fcr diskrete und elegante Fahrer f\u00fcr Ihre Fahrten in der europ\u00e4ischen und els\u00e4ssischen Hauptstadt. Lassen Sie sich durch die Stra\u00dfen von Petite France, das historische Viertel von Stra\u00dfburg, zum Europ\u00e4ischen Parlament oder zur Kathedrale Notre-Dame f\u00fchren.  <\/span><\/p><h3><span style=\"color: #ffffff;\">Unser Service ist online leicht zug\u00e4nglich<\/span><\/h3><p><span style=\"color: #ffffff;\">Unser Unternehmen stellt Ihnen Qualit\u00e4tsfahrzeuge zu festen und attraktiven Preisen zur Verf\u00fcgung. Bei all Ihren Reisen in der Pr\u00e4fektur Bas-Rhin bleiben Sie dank des Wifi an Bord in Verbindung. Wir bereichern Ihre Reisen mit verschiedenen Dienstleistungen. Buchen Sie Ihren Fahrer einfach telefonisch oder per Chat.   <\/span><\/p><h3><span style=\"color: #ffffff;\">Ein privater Fahrer f\u00fcr den Urlaub oder f\u00fcr eine Konferenz<\/span><\/h3><p><span style=\"color: #ffffff;\">Drive me Driver bietet einen privaten Chauffeurservice in Stra\u00dfburg und Umgebung an. F\u00fcr ein paar Stunden oder mehrere Tage k\u00f6nnen Sie einen noch pers\u00f6nlicheren Transportservice genie\u00dfen. Unsere Fahrer gehen auf alle Ihre Bed\u00fcrfnisse ein. Gesch\u00e4ftstreffen auf dem Place de l&#8217;Homme de Fer oder Abende im Palais de la Musique et des Congr\u00e8s, sie stehen Ihnen zur Verf\u00fcgung.   <\/span><\/p>\t\t\t\t\t\t\t\t<\/div>\n\t\t\t\t<\/div>\n\t\t\t\t\t<\/div>\n\t\t<\/div>\n\t\t\t\t\t<\/div>\n\t\t<\/section>\n\t\t\t\t\t<\/div>\n\t\t<\/div>\n\t\t\t\t\t<\/div>\n\t\t<\/section>\n\t\t\t\t<section class=\"elementor-section elementor-top-section elementor-element elementor-element-2e18eb5d elementor-section-content-middle elementor-section-boxed elementor-section-height-default elementor-section-height-default\" data-id=\"2e18eb5d\" data-element_type=\"section\" data-e-type=\"section\" data-settings=\"{&quot;background_background&quot;:&quot;classic&quot;}\">\n\t\t\t\t\t\t<div class=\"elementor-container elementor-column-gap-no\">\n\t\t\t\t\t<div class=\"elementor-column elementor-col-100 elementor-top-column elementor-element elementor-element-128add51\" data-id=\"128add51\" data-element_type=\"column\" data-e-type=\"column\">\n\t\t\t<div class=\"elementor-widget-wrap elementor-element-populated\">\n\t\t\t\t\t\t<div class=\"elementor-element elementor-element-5e7ead90 elementor-widget elementor-widget-heading\" data-id=\"5e7ead90\" data-element_type=\"widget\" data-e-type=\"widget\" data-widget_type=\"heading.default\">\n\t\t\t\t<div class=\"elementor-widget-container\">\n\t\t\t\t\t<h2 class=\"elementor-heading-title elementor-size-default\">Ihre Gesch\u00e4ftsreisen im Elsass<\/h2>\t\t\t\t<\/div>\n\t\t\t\t<\/div>\n\t\t\t\t<div class=\"elementor-element elementor-element-63e0e0b9 elementor-widget elementor-widget-text-editor\" data-id=\"63e0e0b9\" data-element_type=\"widget\" data-e-type=\"widget\" data-widget_type=\"text-editor.default\">\n\t\t\t\t<div class=\"elementor-widget-container\">\n\t\t\t\t\t\t\t\t\t<p><span style=\"color: #ffffff;\">Unser privater Chauffeurservice in Stra\u00dfburg steht Ihnen auch f\u00fcr Ihre touristischen Bed\u00fcrfnisse zur Verf\u00fcgung. Mit Drive me Driver profitieren Sie auch von au\u00dfergew\u00f6hnlichen Transportdiensten in Stra\u00dfburg und in der gesamten Region Grand Est. <\/span><\/p><h3><span style=\"color: #ffffff;\">Touristischer Verkehr in Stra\u00dfburg, um das Elsass zu besuchen<\/span><\/h3><p><span style=\"color: #ffffff;\">Unsere Fahrer kennen die Eurometropole Stra\u00dfburg wie ihre Westentasche. Nutzen Sie einen privaten Chauffeurservice in Stra\u00dfburg, um die wichtigsten Sehensw\u00fcrdigkeiten wie den Odilienberg, das Schloss Haut-K\u0153nigsbourg oder die els\u00e4ssische Weinstra\u00dfe zu besuchen. Sie k\u00f6nnen auch in Ruhe die Weihnachtsm\u00e4rkte in der Umgebung besuchen.  <\/span><\/p><h3><span style=\"color: #ffffff;\">Besondere Anl\u00e4sse in Stra\u00dfburg (Hochzeit, Empfang, etc.)<\/span><\/h3><p><span style=\"color: #ffffff;\">Sie gehen zu einer Hochzeit in die Orangerie oder zu einer Einweihungsparty in der Robertsau? Unser privater Chauffeurservice in Stra\u00dfburg bietet Ihnen einen Transport zu wettbewerbsf\u00e4higen Preisen. Geht es zu einem festlichen Abend in den Josephine Pavillon? Unsere Fahrzeuge der Spitzenklasse bringen Sie in gr\u00f6\u00dfter Eleganz vor die T\u00fcren Ihres Abends.   <\/span><\/p><h3><span style=\"color: #ffffff;\">Warum sollten Sie sich f\u00fcr unsere Transportdienste mit privatem Fahrer in Stra\u00dfburg entscheiden?<\/span><\/h3><p><span style=\"color: #ffffff;\">Wenn Sie sich f\u00fcr Drive me Driver entscheiden, entscheiden Sie sich f\u00fcr einen privaten Chauffeurservice in Stra\u00dfburg VIP. Sie profitieren von attraktiven Tarifen und komfortablen Fahrzeugen. Unsere Kunden vertrauen uns f\u00fcr die Professionalit\u00e4t unserer Fahrer. Wir bieten \u00c0-la-carte-Formeln f\u00fcr alle Ihre Reisen an. Sie profitieren von einem privaten Fahrer in Stra\u00dfburg, der 24\/7 zur Verf\u00fcgung steht.    <\/span><\/p><h3><span style=\"color: #ffffff;\">Ben\u00f6tigen Sie einen privaten Fahrer in Stra\u00dfburg: Warten Sie nicht l\u00e4nger!<\/span><\/h3><p><span style=\"color: #ffffff;\">Reservieren Sie jetzt Ihr Premium-Fahrzeug bei Drive me Driver. Was auch immer Ihre Transportbed\u00fcrfnisse sind, Drive me Driver ist hier, um Ihnen zu helfen. Wir bem\u00fchen uns, Ihnen ein effizientes und einzigartiges Transporterlebnis zu bieten. Sie k\u00f6nnen online oder direkt im Fahrzeug bezahlen.   <\/span><\/p>\t\t\t\t\t\t\t\t<\/div>\n\t\t\t\t<\/div>\n\t\t\t\t<div class=\"elementor-element elementor-element-6bdab6e elementor-widget elementor-widget-text-editor\" data-id=\"6bdab6e\" data-element_type=\"widget\" data-e-type=\"widget\" data-widget_type=\"text-editor.default\">\n\t\t\t\t<div class=\"elementor-widget-container\">\n\t\t\t\t\t\t\t\t\t<p>Drive me Driver bietet seine Dienstleistungen an den verschiedenen Flugh\u00e4fen in Grand Est, Deutschland und der Schweiz an:  <\/p><p><span style=\"text-decoration: underline;\"><span style=\"color: #ffffff; text-decoration: underline;\">&#8211; <a style=\"color: #ffffff; text-decoration: underline;\" href=\"https:\/\/vtc-strasbourg-dmd.fr\/chauffeur-prive-vtc-aeroport-baden-baden\/\">Umstieg zum Flughafen Baden-Baden<\/a><\/span><\/span><br><span style=\"text-decoration: underline;\"><span style=\"color: #ffffff; text-decoration: underline;\">&#8211; <a style=\"color: #ffffff; text-decoration: underline;\" href=\"https:\/\/vtc-strasbourg-dmd.fr\/chauffeur-prive-vtc-aeroport-entzheim-strasbourg\/\">Umsteigung zum Flughafen Stra\u00dfburg Entzheim<\/a><\/span><\/span><br><span style=\"text-decoration: underline;\"><span style=\"color: #ffffff; text-decoration: underline;\"><a style=\"color: #ffffff; text-decoration: underline;\" href=\"https:\/\/vtc-strasbourg-dmd.fr\/chauffeur-prive-vtc-aeroport-stuttgart\/\">&#8211; Transfer zum Flughafen Stuttgart<\/a><\/span><\/span><br><span style=\"text-decoration: underline;\"><span style=\"color: #ffffff; text-decoration: underline;\">&#8211; <a style=\"color: #ffffff; text-decoration: underline;\" href=\"https:\/\/vtc-strasbourg-dmd.fr\/transfert-vtc-aeroport-francfort-strasbourg\/\">Umsteigung zum Flughafen Frankfurt<\/a><\/span><\/span><br><span style=\"text-decoration: underline;\"><span style=\"color: #ffffff; text-decoration: underline;\">&#8211; <a style=\"color: #ffffff; text-decoration: underline;\" href=\"https:\/\/vtc-strasbourg-dmd.fr\/chauffeur-prive-vtc-aeroport-bale-mulhouse-fribourg\/\">Umsteigung zum Flughafen Basel-Mulhouse<\/a><\/span><\/span><br><span style=\"text-decoration: underline;\"><span style=\"color: #ffffff; text-decoration: underline;\">&#8211; <a style=\"color: #ffffff; text-decoration: underline;\" href=\"https:\/\/vtc-strasbourg-dmd.fr\/transfert-vtc-aeroport-zurich-strasbourg\/\">Transfer zum Flughafen Z\u00fcrich<\/a><\/span><\/span><br><span style=\"text-decoration: underline;\"><span style=\"color: #ffffff; text-decoration: underline;\">&#8211;<a style=\"color: #ffffff; text-decoration: underline;\" href=\"https:\/\/vtc-strasbourg-dmd.fr\/chauffeur-prive-vtc-aeroport-entzheim-strasbourg\/\"> Umsteigung zum Flughafen Stra\u00dfburg Entzheim<\/a><\/span><\/span><\/p><p><span style=\"color: #ffffff;\">Wir empfehlen Ihnen au\u00dferdem, die sch\u00f6nsten Orte unserer Region zu besuchen:  <\/span><\/p><p><span style=\"text-decoration: underline;\"><span style=\"color: #ffffff; text-decoration: underline;\">&#8211; <a style=\"color: #ffffff; text-decoration: underline;\" href=\"https:\/\/vtc-strasbourg-dmd.fr\/chauffeur-prive-vtc-europa-park-strasbourg\/\">Fahrer von Europa Park VTC<\/a><\/span><\/span><br><span style=\"text-decoration: underline;\"><span style=\"color: #ffffff; text-decoration: underline;\">&#8211; <a style=\"color: #ffffff; text-decoration: underline;\" href=\"https:\/\/vtc-strasbourg-dmd.fr\/transfert-vtc-chauffeur-prive-colmar-strasbourg\/\">Privatfahrer Colmar<\/a><\/span><\/span><br><span style=\"text-decoration: underline;\"><span style=\"color: #ffffff; text-decoration: underline;\">&#8211; <a style=\"color: #ffffff; text-decoration: underline;\" href=\"https:\/\/vtc-strasbourg-dmd.fr\/transfert-vtc-chauffeur-prive-ribeauville-strasbourg\/\">Chauffeur Chauffeur Ribeauvill\u00e9<\/a><\/span><\/span><br><span style=\"text-decoration: underline;\"><span style=\"color: #ffffff; text-decoration: underline;\">&#8211; <a style=\"color: #ffffff; text-decoration: underline;\" href=\"https:\/\/vtc-strasbourg-dmd.fr\/transfert-vtc-chauffeur-prive-obernai-strasbourg\/\">Chauffeur VTC Obernai<\/a><\/span><\/span><br><span style=\"text-decoration: underline;\"><span style=\"color: #ffffff; text-decoration: underline;\">&#8211; <a style=\"color: #ffffff; text-decoration: underline;\" href=\"https:\/\/vtc-strasbourg-dmd.fr\/transfert-vtc-chauffeur-prive-kaysersberg-strasbourg\/\">Chauffeur VTC Kaysersberg<\/a><\/span><\/span><br><span style=\"text-decoration: underline;\"><span style=\"color: #ffffff; text-decoration: underline;\">&#8211; <a style=\"color: #ffffff; text-decoration: underline;\" href=\"https:\/\/vtc-strasbourg-dmd.fr\/transfert-vtc-chauffeur-prive-riquewihr-strasbourg\/\">Riquewhir VTC-Fahrer<\/a><\/span><\/span><br><span style=\"text-decoration: underline;\"><span style=\"color: #ffffff; text-decoration: underline;\">&#8211; <a style=\"color: #ffffff; text-decoration: underline;\" href=\"https:\/\/vtc-strasbourg-dmd.fr\/transfert-vtc-chauffeur-prive-eguisheim-strasbourg\/\">VTC-Fahrer Eguisheim<\/a><\/span><\/span><\/p>\t\t\t\t\t\t\t\t<\/div>\n\t\t\t\t<\/div>\n\t\t\t\t\t<\/div>\n\t\t<\/div>\n\t\t\t\t\t<\/div>\n\t\t<\/section>\n\t\t\t\t<\/div>\n\t\t","protected":false},"excerpt":{"rendered":"<p>UNSERE DIENSTLEISTUNGEN Privater Fahrer in Stra\u00dfburg Unsere Leistungen: Sind Sie auf der Suche nach einem privaten Fahrer in Stra\u00dfburg? Drive me Driver bietet spezialisierte Dienstleistungen f\u00fcr den Personentransport in Stra\u00dfburg und der Eurometropole Stra\u00dfburg an. Wir sind bestrebt, Ihnen Ihre Reise zu erleichtern, indem wir Ihnen ein qualitativ hochwertiges Transporterlebnis bieten. Unser umfassendes Leistungsspektrum reicht [&hellip;]<\/p>\n","protected":false},"author":30,"featured_media":0,"parent":0,"menu_order":0,"comment_status":"closed","ping_status":"closed","template":"","meta":{"site-sidebar-layout":"no-sidebar","site-content-layout":"page-builder","ast-site-content-layout":"full-width-container","site-content-style":"unboxed","site-sidebar-style":"unboxed","ast-global-header-display":"","ast-banner-title-visibility":"","ast-main-header-display":"","ast-hfb-above-header-display":"","ast-hfb-below-header-display":"","ast-hfb-mobile-header-display":"","site-post-title":"disabled","ast-breadcrumbs-content":"","ast-featured-img":"disabled","footer-sml-layout":"","ast-disable-related-posts":"","theme-transparent-header-meta":"default","adv-header-id-meta":"","stick-header-meta":"default","header-above-stick-meta":"","header-main-stick-meta":"","header-below-stick-meta":"","astra-migrate-meta-layouts":"default","ast-page-background-enabled":"default","ast-page-background-meta":{"desktop":{"background-color":"","background-image":"","background-repeat":"repeat","background-position":"center center","background-size":"auto","background-attachment":"scroll","background-type":"","background-media":"","overlay-type":"","overlay-color":"","overlay-opacity":"","overlay-gradient":""},"tablet":{"background-color":"","background-image":"","background-repeat":"repeat","background-position":"center center","background-size":"auto","background-attachment":"scroll","background-type":"","background-media":"","overlay-type":"","overlay-color":"","overlay-opacity":"","overlay-gradient":""},"mobile":{"background-color":"","background-image":"","background-repeat":"repeat","background-position":"center center","background-size":"auto","background-attachment":"scroll","background-type":"","background-media":"","overlay-type":"","overlay-color":"","overlay-opacity":"","overlay-gradient":""}},"ast-content-background-meta":{"desktop":{"background-color":"var(--ast-global-color-5)","background-image":"","background-repeat":"repeat","background-position":"center center","background-size":"auto","background-attachment":"scroll","background-type":"","background-media":"","overlay-type":"","overlay-color":"","overlay-opacity":"","overlay-gradient":""},"tablet":{"background-color":"var(--ast-global-color-5)","background-image":"","background-repeat":"repeat","background-position":"center center","background-size":"auto","background-attachment":"scroll","background-type":"","background-media":"","overlay-type":"","overlay-color":"","overlay-opacity":"","overlay-gradient":""},"mobile":{"background-color":"var(--ast-global-color-5)","background-image":"","background-repeat":"repeat","background-position":"center center","background-size":"auto","background-attachment":"scroll","background-type":"","background-media":"","overlay-type":"","overlay-color":"","overlay-opacity":"","overlay-gradient":""}},"footnotes":""},"class_list":["post-3142","page","type-page","status-publish","hentry"],"yoast_head":"<!-- This site is optimized with the Yoast SEO plugin v27.0 - https:\/\/yoast.com\/product\/yoast-seo-wordpress\/ -->\n<title>Unsere VTC-Dienste in Stra\u00dfburg - VTC Strasbourg DMD<\/title>\n<meta name=\"description\" content=\"&quot;Entdecken Sie die Dienstleistungen des VTC Strasbourg DMD: Bahnhofs- und Flughafentransfers, Gesch\u00e4ftsreisen, Hochzeiten und Touristenrunden. Ihr ma\u00dfgeschneidertes Transportmittel im Elsass.&quot;\" \/>\n<meta name=\"robots\" content=\"index, follow, max-snippet:-1, max-image-preview:large, max-video-preview:-1\" \/>\n<link rel=\"canonical\" href=\"https:\/\/vtc-strasbourg-dmd.fr\/de\/unsere-leistungen\/\" \/>\n<meta property=\"og:locale\" content=\"de_DE\" \/>\n<meta property=\"og:type\" content=\"article\" \/>\n<meta property=\"og:title\" content=\"Unsere VTC-Dienste in Stra\u00dfburg - VTC Strasbourg DMD\" \/>\n<meta property=\"og:description\" content=\"&quot;Entdecken Sie die Dienstleistungen des VTC Strasbourg DMD: Bahnhofs- und Flughafentransfers, Gesch\u00e4ftsreisen, Hochzeiten und Touristenrunden. Ihr ma\u00dfgeschneidertes Transportmittel im Elsass.&quot;\" \/>\n<meta property=\"og:url\" content=\"https:\/\/vtc-strasbourg-dmd.fr\/de\/unsere-leistungen\/\" \/>\n<meta property=\"og:site_name\" content=\"VTC Strasbourg DMD\" \/>\n<meta property=\"article:modified_time\" content=\"2025-12-26T08:02:10+00:00\" \/>\n<meta property=\"og:image\" content=\"https:\/\/vtc-strasbourg-dmd.fr\/wp-content\/uploads\/2018\/06\/vtc-fontainebleau.jpg\" \/>\n<meta name=\"twitter:card\" content=\"summary_large_image\" \/>\n<meta name=\"twitter:label1\" content=\"Gesch\u00e4tzte Lesezeit\" \/>\n\t<meta name=\"twitter:data1\" content=\"5 Minuten\" \/>\n<script type=\"application\/ld+json\" class=\"yoast-schema-graph\">{\"@context\":\"https:\/\/schema.org\",\"@graph\":[{\"@type\":\"WebPage\",\"@id\":\"https:\/\/vtc-strasbourg-dmd.fr\/de\/unsere-leistungen\/\",\"url\":\"https:\/\/vtc-strasbourg-dmd.fr\/de\/unsere-leistungen\/\",\"name\":\"Unsere VTC-Dienste in Stra\u00dfburg - VTC Strasbourg DMD\",\"isPartOf\":{\"@id\":\"http:\/\/vtc-strasbourg-dmd.fr\/de\/#website\"},\"primaryImageOfPage\":{\"@id\":\"https:\/\/vtc-strasbourg-dmd.fr\/de\/unsere-leistungen\/#primaryimage\"},\"image\":{\"@id\":\"https:\/\/vtc-strasbourg-dmd.fr\/de\/unsere-leistungen\/#primaryimage\"},\"thumbnailUrl\":\"https:\/\/vtc-strasbourg-dmd.fr\/wp-content\/uploads\/2018\/06\/vtc-fontainebleau.jpg\",\"datePublished\":\"2018-06-01T16:12:35+00:00\",\"dateModified\":\"2025-12-26T08:02:10+00:00\",\"description\":\"\\\"Entdecken Sie die Dienstleistungen des VTC Strasbourg DMD: Bahnhofs- und Flughafentransfers, Gesch\u00e4ftsreisen, Hochzeiten und Touristenrunden. Ihr ma\u00dfgeschneidertes Transportmittel im Elsass.\\\"\",\"breadcrumb\":{\"@id\":\"https:\/\/vtc-strasbourg-dmd.fr\/de\/unsere-leistungen\/#breadcrumb\"},\"inLanguage\":\"de\",\"potentialAction\":[{\"@type\":\"ReadAction\",\"target\":[\"https:\/\/vtc-strasbourg-dmd.fr\/de\/unsere-leistungen\/\"]}]},{\"@type\":\"ImageObject\",\"inLanguage\":\"de\",\"@id\":\"https:\/\/vtc-strasbourg-dmd.fr\/de\/unsere-leistungen\/#primaryimage\",\"url\":\"https:\/\/vtc-strasbourg-dmd.fr\/wp-content\/uploads\/2018\/06\/vtc-fontainebleau.jpg\",\"contentUrl\":\"https:\/\/vtc-strasbourg-dmd.fr\/wp-content\/uploads\/2018\/06\/vtc-fontainebleau.jpg\"},{\"@type\":\"BreadcrumbList\",\"@id\":\"https:\/\/vtc-strasbourg-dmd.fr\/de\/unsere-leistungen\/#breadcrumb\",\"itemListElement\":[{\"@type\":\"ListItem\",\"position\":1,\"name\":\"Accueil\",\"item\":\"https:\/\/vtc-strasbourg-dmd.fr\/de\/\"},{\"@type\":\"ListItem\",\"position\":2,\"name\":\"Unsere VTC-Dienste in Stra\u00dfburg\"}]},{\"@type\":\"WebSite\",\"@id\":\"http:\/\/vtc-strasbourg-dmd.fr\/de\/#website\",\"url\":\"http:\/\/vtc-strasbourg-dmd.fr\/de\/\",\"name\":\"VTC Strasbourg DMD\",\"description\":\"Chauffeur VTC Strasbourg\",\"publisher\":{\"@id\":\"http:\/\/vtc-strasbourg-dmd.fr\/de\/#organization\"},\"potentialAction\":[{\"@type\":\"SearchAction\",\"target\":{\"@type\":\"EntryPoint\",\"urlTemplate\":\"http:\/\/vtc-strasbourg-dmd.fr\/de\/?s={search_term_string}\"},\"query-input\":{\"@type\":\"PropertyValueSpecification\",\"valueRequired\":true,\"valueName\":\"search_term_string\"}}],\"inLanguage\":\"de\"},{\"@type\":\"Organization\",\"@id\":\"http:\/\/vtc-strasbourg-dmd.fr\/de\/#organization\",\"name\":\"VTC Strasbourg DMD\",\"url\":\"http:\/\/vtc-strasbourg-dmd.fr\/de\/\",\"logo\":{\"@type\":\"ImageObject\",\"inLanguage\":\"de\",\"@id\":\"http:\/\/vtc-strasbourg-dmd.fr\/de\/#\/schema\/logo\/image\/\",\"url\":\"https:\/\/vtc-strasbourg-dmd.fr\/wp-content\/uploads\/2025\/05\/cropped-LOGO-DRIVE-ME-DRIVER-scaled-1.png\",\"contentUrl\":\"https:\/\/vtc-strasbourg-dmd.fr\/wp-content\/uploads\/2025\/05\/cropped-LOGO-DRIVE-ME-DRIVER-scaled-1.png\",\"width\":2557,\"height\":854,\"caption\":\"VTC Strasbourg DMD\"},\"image\":{\"@id\":\"http:\/\/vtc-strasbourg-dmd.fr\/de\/#\/schema\/logo\/image\/\"}}]}<\/script>\n<!-- \/ Yoast SEO plugin. -->","yoast_head_json":{"title":"Unsere VTC-Dienste in Stra\u00dfburg - VTC Strasbourg DMD","description":"\"Entdecken Sie die Dienstleistungen des VTC Strasbourg DMD: Bahnhofs- und Flughafentransfers, Gesch\u00e4ftsreisen, Hochzeiten und Touristenrunden. Ihr ma\u00dfgeschneidertes Transportmittel im Elsass.\"","robots":{"index":"index","follow":"follow","max-snippet":"max-snippet:-1","max-image-preview":"max-image-preview:large","max-video-preview":"max-video-preview:-1"},"canonical":"https:\/\/vtc-strasbourg-dmd.fr\/de\/unsere-leistungen\/","og_locale":"de_DE","og_type":"article","og_title":"Unsere VTC-Dienste in Stra\u00dfburg - VTC Strasbourg DMD","og_description":"\"Entdecken Sie die Dienstleistungen des VTC Strasbourg DMD: Bahnhofs- und Flughafentransfers, Gesch\u00e4ftsreisen, Hochzeiten und Touristenrunden. Ihr ma\u00dfgeschneidertes Transportmittel im Elsass.\"","og_url":"https:\/\/vtc-strasbourg-dmd.fr\/de\/unsere-leistungen\/","og_site_name":"VTC Strasbourg DMD","article_modified_time":"2025-12-26T08:02:10+00:00","og_image":[{"url":"https:\/\/vtc-strasbourg-dmd.fr\/wp-content\/uploads\/2018\/06\/vtc-fontainebleau.jpg","type":"","width":"","height":""}],"twitter_card":"summary_large_image","twitter_misc":{"Gesch\u00e4tzte Lesezeit":"5 Minuten"},"schema":{"@context":"https:\/\/schema.org","@graph":[{"@type":"WebPage","@id":"https:\/\/vtc-strasbourg-dmd.fr\/de\/unsere-leistungen\/","url":"https:\/\/vtc-strasbourg-dmd.fr\/de\/unsere-leistungen\/","name":"Unsere VTC-Dienste in Stra\u00dfburg - VTC Strasbourg DMD","isPartOf":{"@id":"http:\/\/vtc-strasbourg-dmd.fr\/de\/#website"},"primaryImageOfPage":{"@id":"https:\/\/vtc-strasbourg-dmd.fr\/de\/unsere-leistungen\/#primaryimage"},"image":{"@id":"https:\/\/vtc-strasbourg-dmd.fr\/de\/unsere-leistungen\/#primaryimage"},"thumbnailUrl":"https:\/\/vtc-strasbourg-dmd.fr\/wp-content\/uploads\/2018\/06\/vtc-fontainebleau.jpg","datePublished":"2018-06-01T16:12:35+00:00","dateModified":"2025-12-26T08:02:10+00:00","description":"\"Entdecken Sie die Dienstleistungen des VTC Strasbourg DMD: Bahnhofs- und Flughafentransfers, Gesch\u00e4ftsreisen, Hochzeiten und Touristenrunden. Ihr ma\u00dfgeschneidertes Transportmittel im Elsass.\"","breadcrumb":{"@id":"https:\/\/vtc-strasbourg-dmd.fr\/de\/unsere-leistungen\/#breadcrumb"},"inLanguage":"de","potentialAction":[{"@type":"ReadAction","target":["https:\/\/vtc-strasbourg-dmd.fr\/de\/unsere-leistungen\/"]}]},{"@type":"ImageObject","inLanguage":"de","@id":"https:\/\/vtc-strasbourg-dmd.fr\/de\/unsere-leistungen\/#primaryimage","url":"https:\/\/vtc-strasbourg-dmd.fr\/wp-content\/uploads\/2018\/06\/vtc-fontainebleau.jpg","contentUrl":"https:\/\/vtc-strasbourg-dmd.fr\/wp-content\/uploads\/2018\/06\/vtc-fontainebleau.jpg"},{"@type":"BreadcrumbList","@id":"https:\/\/vtc-strasbourg-dmd.fr\/de\/unsere-leistungen\/#breadcrumb","itemListElement":[{"@type":"ListItem","position":1,"name":"Accueil","item":"https:\/\/vtc-strasbourg-dmd.fr\/de\/"},{"@type":"ListItem","position":2,"name":"Unsere VTC-Dienste in Stra\u00dfburg"}]},{"@type":"WebSite","@id":"http:\/\/vtc-strasbourg-dmd.fr\/de\/#website","url":"http:\/\/vtc-strasbourg-dmd.fr\/de\/","name":"VTC Strasbourg DMD","description":"Chauffeur VTC Strasbourg","publisher":{"@id":"http:\/\/vtc-strasbourg-dmd.fr\/de\/#organization"},"potentialAction":[{"@type":"SearchAction","target":{"@type":"EntryPoint","urlTemplate":"http:\/\/vtc-strasbourg-dmd.fr\/de\/?s={search_term_string}"},"query-input":{"@type":"PropertyValueSpecification","valueRequired":true,"valueName":"search_term_string"}}],"inLanguage":"de"},{"@type":"Organization","@id":"http:\/\/vtc-strasbourg-dmd.fr\/de\/#organization","name":"VTC Strasbourg DMD","url":"http:\/\/vtc-strasbourg-dmd.fr\/de\/","logo":{"@type":"ImageObject","inLanguage":"de","@id":"http:\/\/vtc-strasbourg-dmd.fr\/de\/#\/schema\/logo\/image\/","url":"https:\/\/vtc-strasbourg-dmd.fr\/wp-content\/uploads\/2025\/05\/cropped-LOGO-DRIVE-ME-DRIVER-scaled-1.png","contentUrl":"https:\/\/vtc-strasbourg-dmd.fr\/wp-content\/uploads\/2025\/05\/cropped-LOGO-DRIVE-ME-DRIVER-scaled-1.png","width":2557,"height":854,"caption":"VTC Strasbourg DMD"},"image":{"@id":"http:\/\/vtc-strasbourg-dmd.fr\/de\/#\/schema\/logo\/image\/"}}]}},"_links":{"self":[{"href":"https:\/\/vtc-strasbourg-dmd.fr\/de\/wp-json\/wp\/v2\/pages\/3142","targetHints":{"allow":["GET"]}}],"collection":[{"href":"https:\/\/vtc-strasbourg-dmd.fr\/de\/wp-json\/wp\/v2\/pages"}],"about":[{"href":"https:\/\/vtc-strasbourg-dmd.fr\/de\/wp-json\/wp\/v2\/types\/page"}],"author":[{"embeddable":true,"href":"https:\/\/vtc-strasbourg-dmd.fr\/de\/wp-json\/wp\/v2\/users\/30"}],"replies":[{"embeddable":true,"href":"https:\/\/vtc-strasbourg-dmd.fr\/de\/wp-json\/wp\/v2\/comments?post=3142"}],"version-history":[{"count":4,"href":"https:\/\/vtc-strasbourg-dmd.fr\/de\/wp-json\/wp\/v2\/pages\/3142\/revisions"}],"predecessor-version":[{"id":3880,"href":"https:\/\/vtc-strasbourg-dmd.fr\/de\/wp-json\/wp\/v2\/pages\/3142\/revisions\/3880"}],"wp:attachment":[{"href":"https:\/\/vtc-strasbourg-dmd.fr\/de\/wp-json\/wp\/v2\/media?parent=3142"}],"curies":[{"name":"wp","href":"https:\/\/api.w.org\/{rel}","templated":true}]}}