{"id":3119,"date":"2023-11-15T15:28:11","date_gmt":"2023-11-15T14:28:11","guid":{"rendered":"https:\/\/vtc-strasbourg-dmd.fr\/privater-fahrer-basel-mulhouse-flughafen-freiburg\/"},"modified":"2025-12-02T00:21:46","modified_gmt":"2025-12-01T23:21:46","slug":"privater-fahrer-basel-mulhouse-flughafen-freiburg","status":"publish","type":"page","link":"https:\/\/vtc-strasbourg-dmd.fr\/de\/privater-fahrer-basel-mulhouse-flughafen-freiburg\/","title":{"rendered":"Privater Fahrer Basel, Mulhouse, Flughafen Freiburg"},"content":{"rendered":"\t\t<div data-elementor-type=\"wp-page\" data-elementor-id=\"3119\" class=\"elementor elementor-3119 elementor-1730\" data-elementor-post-type=\"page\">\n\t\t\t\t\t\t<section class=\"elementor-section elementor-top-section elementor-element elementor-element-eed8af7 elementor-section-full_width elementor-section-height-min-height elementor-section-height-default elementor-section-items-middle\" data-id=\"eed8af7\" data-element_type=\"section\" data-e-type=\"section\" data-settings=\"{&quot;background_background&quot;:&quot;classic&quot;}\">\n\t\t\t\t\t\t\t<div class=\"elementor-background-overlay\"><\/div>\n\t\t\t\t\t\t\t<div class=\"elementor-container elementor-column-gap-default\">\n\t\t\t\t\t<div class=\"elementor-column elementor-col-100 elementor-top-column elementor-element elementor-element-265e48e\" data-id=\"265e48e\" data-element_type=\"column\" data-e-type=\"column\">\n\t\t\t<div class=\"elementor-widget-wrap elementor-element-populated\">\n\t\t\t\t\t\t<div class=\"elementor-element elementor-element-e5d0aa5 elementor-widget elementor-widget-heading\" data-id=\"e5d0aa5\" data-element_type=\"widget\" data-e-type=\"widget\" data-widget_type=\"heading.default\">\n\t\t\t\t<div class=\"elementor-widget-container\">\n\t\t\t\t\t<h1 class=\"elementor-heading-title elementor-size-default\">Profitieren Sie von unserem VTC-Service vom Flughafen Basel Mulhouse Fribourg<\/h1>\t\t\t\t<\/div>\n\t\t\t\t<\/div>\n\t\t\t\t<div class=\"elementor-element elementor-element-7a09739 elementor-widget__width-initial elementor-widget elementor-widget-text-editor\" data-id=\"7a09739\" data-element_type=\"widget\" data-e-type=\"widget\" data-widget_type=\"text-editor.default\">\n\t\t\t\t<div class=\"elementor-widget-container\">\n\t\t\t\t\t\t\t\t\t<p>Sind Sie auf der Suche nach einem privaten Fahrer f\u00fcr Ihre Reisen? Entdecken Sie unseren VTC-Transportservice am <strong>Flughafen Basel Mulhouse Freiburg<\/strong>. Unsere Fahrer stehen Ihnen 7 Tage die Woche, Tag und Nacht zur Verf\u00fcgung. Sie k\u00fcmmern sich um Ihren Transfer und den anderer Passagiere zum oder vom internationalen Flughafen Franz\u00f6sisch-Schweiz. Drive me Driver bietet viele VTC-Dienste an Bord eines Top-Fahrzeugs an. Profitieren Sie von unseren Angeboten f\u00fcr Ihre Reisen Stra\u00dfburg-Basel, Mulhouse, Flughafen Fribourg oder f\u00fcr einen Besuch im Elsass.     <\/p>\t\t\t\t\t\t\t\t<\/div>\n\t\t\t\t<\/div>\n\t\t\t\t<div class=\"elementor-element elementor-element-d40deeb elementor-align-center elementor-widget elementor-widget-button\" data-id=\"d40deeb\" data-element_type=\"widget\" data-e-type=\"widget\" data-widget_type=\"button.default\">\n\t\t\t\t<div class=\"elementor-widget-container\">\n\t\t\t\t\t\t\t\t\t<div class=\"elementor-button-wrapper\">\n\t\t\t\t\t<a class=\"elementor-button elementor-button-link elementor-size-md\" href=\"#elementor-action%3Aaction%3Dpopup%3Aopen%26settings%3DeyJpZCI6MzMyOSwidG9nZ2xlIjpmYWxzZX0%3D\">\n\t\t\t\t\t\t<span class=\"elementor-button-content-wrapper\">\n\t\t\t\t\t\t\t\t\t<span class=\"elementor-button-text\">Buchen Sie eine Fahrt<\/span>\n\t\t\t\t\t<\/span>\n\t\t\t\t\t<\/a>\n\t\t\t\t<\/div>\n\t\t\t\t\t\t\t\t<\/div>\n\t\t\t\t<\/div>\n\t\t\t\t\t<\/div>\n\t\t<\/div>\n\t\t\t\t\t<\/div>\n\t\t<\/section>\n\t\t\t\t<section class=\"elementor-section elementor-top-section elementor-element elementor-element-6691a39 elementor-section-content-middle elementor-section-boxed elementor-section-height-default elementor-section-height-default\" data-id=\"6691a39\" data-element_type=\"section\" data-e-type=\"section\" data-settings=\"{&quot;background_background&quot;:&quot;classic&quot;}\">\n\t\t\t\t\t\t<div class=\"elementor-container elementor-column-gap-no\">\n\t\t\t\t\t<div class=\"elementor-column elementor-col-100 elementor-top-column elementor-element elementor-element-8d05f66\" data-id=\"8d05f66\" data-element_type=\"column\" data-e-type=\"column\">\n\t\t\t<div class=\"elementor-widget-wrap elementor-element-populated\">\n\t\t\t\t\t\t<section class=\"elementor-section elementor-inner-section elementor-element elementor-element-7cb58f2 elementor-section-content-middle elementor-section-boxed elementor-section-height-default elementor-section-height-default\" data-id=\"7cb58f2\" data-element_type=\"section\" data-e-type=\"section\">\n\t\t\t\t\t\t<div class=\"elementor-container elementor-column-gap-no\">\n\t\t\t\t\t<div class=\"elementor-column elementor-col-50 elementor-inner-column elementor-element elementor-element-2219cba\" data-id=\"2219cba\" data-element_type=\"column\" data-e-type=\"column\" data-settings=\"{&quot;background_background&quot;:&quot;classic&quot;}\">\n\t\t\t<div class=\"elementor-widget-wrap elementor-element-populated\">\n\t\t\t\t\t\t<div class=\"elementor-element elementor-element-08f3279 elementor-widget elementor-widget-spacer\" data-id=\"08f3279\" data-element_type=\"widget\" data-e-type=\"widget\" data-widget_type=\"spacer.default\">\n\t\t\t\t<div class=\"elementor-widget-container\">\n\t\t\t\t\t\t\t<div class=\"elementor-spacer\">\n\t\t\t<div class=\"elementor-spacer-inner\"><\/div>\n\t\t<\/div>\n\t\t\t\t\t\t<\/div>\n\t\t\t\t<\/div>\n\t\t\t\t\t<\/div>\n\t\t<\/div>\n\t\t\t\t<div class=\"elementor-column elementor-col-50 elementor-inner-column elementor-element elementor-element-96040b8\" data-id=\"96040b8\" data-element_type=\"column\" data-e-type=\"column\">\n\t\t\t<div class=\"elementor-widget-wrap elementor-element-populated\">\n\t\t\t\t\t\t<div class=\"elementor-element elementor-element-c163d68 elementor-widget elementor-widget-heading\" data-id=\"c163d68\" data-element_type=\"widget\" data-e-type=\"widget\" data-widget_type=\"heading.default\">\n\t\t\t\t<div class=\"elementor-widget-container\">\n\t\t\t\t\t<h2 class=\"elementor-heading-title elementor-size-default\">Welche VTC-Dienstleistungen sind vom Flughafen aus verf\u00fcgbar?<\/h2>\t\t\t\t<\/div>\n\t\t\t\t<\/div>\n\t\t\t\t<div class=\"elementor-element elementor-element-411b168 elementor-widget elementor-widget-text-editor\" data-id=\"411b168\" data-element_type=\"widget\" data-e-type=\"widget\" data-widget_type=\"text-editor.default\">\n\t\t\t\t<div class=\"elementor-widget-container\">\n\t\t\t\t\t\t\t\t\t<p><span style=\"color: #ffffff;\">Nutzen Sie <a style=\"color: #ffffff;\" href=\"https:\/\/www.drivemedriver.fr\/nos-prestations\/\">unseren VTC-Service<\/a> f\u00fcr alle Ihre Fahrten vom Flughafen Basel Mulhouse. Buchen Sie eine einfache Fahrt nach Basel, M\u00fclhaus oder Freiburg im Breisgau oder <b>Besuche im Grand Est<\/b>. Unsere privaten Fahrer bieten Ihnen eine VIP-Fahrt mit Luxusfahrzeugen an.<\/span><\/p>\t\t\t\t\t\t\t\t<\/div>\n\t\t\t\t<\/div>\n\t\t\t\t<div class=\"elementor-element elementor-element-5dc0abd elementor-widget elementor-widget-heading\" data-id=\"5dc0abd\" data-element_type=\"widget\" data-e-type=\"widget\" data-widget_type=\"heading.default\">\n\t\t\t\t<div class=\"elementor-widget-container\">\n\t\t\t\t\t<h3 class=\"elementor-heading-title elementor-size-default\">Empfang und Begr\u00fc\u00dfung durch Ihren Fahrer am Flughafen Basel Mulhouse Freiburg<\/h3>\t\t\t\t<\/div>\n\t\t\t\t<\/div>\n\t\t\t\t<div class=\"elementor-element elementor-element-80fe104 elementor-widget elementor-widget-text-editor\" data-id=\"80fe104\" data-element_type=\"widget\" data-e-type=\"widget\" data-widget_type=\"text-editor.default\">\n\t\t\t\t<div class=\"elementor-widget-container\">\n\t\t\t\t\t\t\t\t\tVermeiden Sie den ganzen Stress einer Fahrt in einem \u00fcberf\u00fcllten Shuttle. Bei Ihrer Ankunft am Flughafen Basel Mulhouse erwartet Sie ein privater Fahrer. Die Gep\u00e4ckbetreuung ist im Preis inbegriffen. M\u00fcssen Sie nach Saint-Louis, H\u00e9singue oder Blotzheim? Kein Problem, unsere VTC-Fahrer sind <strong>in ganz Grand Est<\/strong> unterwegs.    \t\t\t\t\t\t\t\t<\/div>\n\t\t\t\t<\/div>\n\t\t\t\t<div class=\"elementor-element elementor-element-54b3ec5 elementor-widget elementor-widget-heading\" data-id=\"54b3ec5\" data-element_type=\"widget\" data-e-type=\"widget\" data-widget_type=\"heading.default\">\n\t\t\t\t<div class=\"elementor-widget-container\">\n\t\t\t\t\t<h3 class=\"elementor-heading-title elementor-size-default\">Deine VTC-Reise zum Flughafen Basel Mulhouse Fribourg<\/h3>\t\t\t\t<\/div>\n\t\t\t\t<\/div>\n\t\t\t\t<div class=\"elementor-element elementor-element-9ba3648 elementor-widget elementor-widget-text-editor\" data-id=\"9ba3648\" data-element_type=\"widget\" data-e-type=\"widget\" data-widget_type=\"text-editor.default\">\n\t\t\t\t<div class=\"elementor-widget-container\">\n\t\t\t\t\t\t\t\t\t<p>Wohnen Sie in der Stadt Stra\u00dfburg oder in Colmar? K\u00f6nnen Sie kein Taxi f\u00fcr Ihre Fahrt zum Flughafen Basel Mulhouse finden? Bereiten Sie sich beruhigt auf Ihren Urlaub vor. Unser VTC-Service deckt <strong>die gesamte Region Elsass<\/strong> ab. Buchen Sie Ihren privaten Fahrer einfach und sicher direkt auf unserer Website. Sie haben die Wahl, Ihre Fahrt online oder direkt im Fahrzeug zu bezahlen.       <\/p>\t\t\t\t\t\t\t\t<\/div>\n\t\t\t\t<\/div>\n\t\t\t\t\t<\/div>\n\t\t<\/div>\n\t\t\t\t\t<\/div>\n\t\t<\/section>\n\t\t\t\t<section class=\"elementor-section elementor-inner-section elementor-element elementor-element-75ea3c1 elementor-section-content-middle elementor-reverse-mobile elementor-section-boxed elementor-section-height-default elementor-section-height-default\" data-id=\"75ea3c1\" data-element_type=\"section\" data-e-type=\"section\">\n\t\t\t\t\t\t<div class=\"elementor-container elementor-column-gap-no\">\n\t\t\t\t\t<div class=\"elementor-column elementor-col-50 elementor-inner-column elementor-element elementor-element-27c2e1a\" data-id=\"27c2e1a\" data-element_type=\"column\" data-e-type=\"column\">\n\t\t\t<div class=\"elementor-widget-wrap elementor-element-populated\">\n\t\t\t\t\t\t<div class=\"elementor-element elementor-element-1c6937c elementor-widget elementor-widget-heading\" data-id=\"1c6937c\" data-element_type=\"widget\" data-e-type=\"widget\" data-widget_type=\"heading.default\">\n\t\t\t\t<div class=\"elementor-widget-container\">\n\t\t\t\t\t<h2 class=\"elementor-heading-title elementor-size-default\">Ein ma\u00dfgeschneiderter VTC-Service f\u00fcr alle Ihre Reisen<\/h2>\t\t\t\t<\/div>\n\t\t\t\t<\/div>\n\t\t\t\t<div class=\"elementor-element elementor-element-05b5627 elementor-widget elementor-widget-text-editor\" data-id=\"05b5627\" data-element_type=\"widget\" data-e-type=\"widget\" data-widget_type=\"text-editor.default\">\n\t\t\t\t<div class=\"elementor-widget-container\">\n\t\t\t\t\t\t\t\t\tBei Drive me Driver sind wir bestrebt, Ihnen <strong>ma\u00dfgeschneiderte Fahrten<\/strong> anzubieten. Was auch immer der Grund f\u00fcr Ihre Reise ist: eine Gesch\u00e4ftsreise nach Colmar, ein Urlaub im Elsass, Abflug vom Flughafen Basel Mulhouse f\u00fcr ein Wochenende usw. Wir bieten Ihnen einen privaten VIP-Chauffeurservice an.  \t\t\t\t\t\t\t\t<\/div>\n\t\t\t\t<\/div>\n\t\t\t\t<div class=\"elementor-element elementor-element-b2f8375 elementor-widget elementor-widget-heading\" data-id=\"b2f8375\" data-element_type=\"widget\" data-e-type=\"widget\" data-widget_type=\"heading.default\">\n\t\t\t\t<div class=\"elementor-widget-container\">\n\t\t\t\t\t<h3 class=\"elementor-heading-title elementor-size-default\">Ein privater Fahrer f\u00fcr Ihre Gesch\u00e4ftsreisen vom Flughafen  <\/h3>\t\t\t\t<\/div>\n\t\t\t\t<\/div>\n\t\t\t\t<div class=\"elementor-element elementor-element-7d23679 elementor-widget elementor-widget-text-editor\" data-id=\"7d23679\" data-element_type=\"widget\" data-e-type=\"widget\" data-widget_type=\"text-editor.default\">\n\t\t\t\t<div class=\"elementor-widget-container\">\n\t\t\t\t\t\t\t\t\tM\u00fcssen Sie beruflich nach Stra\u00dfburg oder Colmar fahren? Buchen Sie einen VTC-Fahrer f\u00fcr <strong>Ihre Gesch\u00e4ftsreisen<\/strong>. Der Fahrer begr\u00fc\u00dft Sie, sobald Sie den Flughafen Basel Mulhouse verlassen. Um Ihnen die M\u00f6glichkeit zu geben, w\u00e4hrend Ihrer Fahrt zu arbeiten, haben Sie Zugang zu WIFI im Fahrzeug.\nM\u00fcssen Sie gesch\u00e4ftlich zum Flughafen Basel Mulhouse fliegen? <strong>Verlassen Sie Ihr Zuhause in aller Ruhe<\/strong> von Saint-Louis oder H\u00e9singue. Unsere VTC-Fahrer sind in ganz Grand Est unterwegs. Vermeiden Sie den Stress der \u00f6ffentlichen Verkehrsmittel oder des Shuttles. Bevorzugen Sie die Ruhe unserer Spitzenfahrzeuge.      \t\t\t\t\t\t\t\t<\/div>\n\t\t\t\t<\/div>\n\t\t\t\t<div class=\"elementor-element elementor-element-bcf290e elementor-widget elementor-widget-heading\" data-id=\"bcf290e\" data-element_type=\"widget\" data-e-type=\"widget\" data-widget_type=\"heading.default\">\n\t\t\t\t<div class=\"elementor-widget-container\">\n\t\t\t\t\t<h3 class=\"elementor-heading-title elementor-size-default\">Buchen Sie eine VTC f\u00fcr Ihren Urlaub in Frankreich<\/h3>\t\t\t\t<\/div>\n\t\t\t\t<\/div>\n\t\t\t\t<div class=\"elementor-element elementor-element-cb56a61 elementor-widget elementor-widget-text-editor\" data-id=\"cb56a61\" data-element_type=\"widget\" data-e-type=\"widget\" data-widget_type=\"text-editor.default\">\n\t\t\t\t<div class=\"elementor-widget-container\">\n\t\t\t\t\t\t\t\t\t<p>Kommen Sie f\u00fcr ein paar Tage Ferien am Flughafen Basel Mulhouse an? Lassen Sie uns Ihnen helfen, die wundersch\u00f6ne Region Grand Est zu entdecken. Wir haben einen <g id=\"gid_0\">VIP-Service f\u00fcr Ihren Urlaub im Elsass<\/g> eingerichtet. Entdecken Sie dank unserer erfahrenen Fahrer die els\u00e4ssische Weinstra\u00dfe. <a href=\"https:\/\/www.drivemedriver.fr\/circuits-touristiques\/\">Diese Tour<\/a> erm\u00f6glicht es Ihnen, die sch\u00f6nsten D\u00f6rfer zu besuchen und dabei eine komfortable Fahrt zu genie\u00dfen.   <\/p><p>Der Flughafen Basel Mulhouse ist nur 1 Stunde und 20 Minuten von Stra\u00dfburg entfernt. Verbringen Sie ein paar Stunden damit <b>, die Weihnachtshauptstadt zu entdecken<\/b>. Alles, was Sie tun m\u00fcssen, ist, Ihre Fahrt auf unserer Website zu buchen, um die Vorteile eines VTC-Transports zu nutzen. So profitierst du nicht nur von einer hochwertigen Fahrt, sondern auch von festen und attraktiven Preisen.   <\/p>\t\t\t\t\t\t\t\t<\/div>\n\t\t\t\t<\/div>\n\t\t\t\t\t<\/div>\n\t\t<\/div>\n\t\t\t\t<div class=\"elementor-column elementor-col-50 elementor-inner-column elementor-element elementor-element-2d5891a\" data-id=\"2d5891a\" data-element_type=\"column\" data-e-type=\"column\" data-settings=\"{&quot;background_background&quot;:&quot;classic&quot;}\">\n\t\t\t<div class=\"elementor-widget-wrap elementor-element-populated\">\n\t\t\t\t\t\t<div class=\"elementor-element elementor-element-1caf5db elementor-widget elementor-widget-spacer\" data-id=\"1caf5db\" data-element_type=\"widget\" data-e-type=\"widget\" data-widget_type=\"spacer.default\">\n\t\t\t\t<div class=\"elementor-widget-container\">\n\t\t\t\t\t\t\t<div class=\"elementor-spacer\">\n\t\t\t<div class=\"elementor-spacer-inner\"><\/div>\n\t\t<\/div>\n\t\t\t\t\t\t<\/div>\n\t\t\t\t<\/div>\n\t\t\t\t\t<\/div>\n\t\t<\/div>\n\t\t\t\t\t<\/div>\n\t\t<\/section>\n\t\t\t\t<section class=\"elementor-section elementor-inner-section elementor-element elementor-element-6a29e01 elementor-section-content-middle elementor-section-boxed elementor-section-height-default elementor-section-height-default\" data-id=\"6a29e01\" data-element_type=\"section\" data-e-type=\"section\">\n\t\t\t\t\t\t<div class=\"elementor-container elementor-column-gap-no\">\n\t\t\t\t\t<div class=\"elementor-column elementor-col-50 elementor-inner-column elementor-element elementor-element-b41f1ca\" data-id=\"b41f1ca\" data-element_type=\"column\" data-e-type=\"column\" data-settings=\"{&quot;background_background&quot;:&quot;classic&quot;}\">\n\t\t\t<div class=\"elementor-widget-wrap elementor-element-populated\">\n\t\t\t\t\t\t<div class=\"elementor-element elementor-element-ebecfed elementor-widget elementor-widget-spacer\" data-id=\"ebecfed\" data-element_type=\"widget\" data-e-type=\"widget\" data-widget_type=\"spacer.default\">\n\t\t\t\t<div class=\"elementor-widget-container\">\n\t\t\t\t\t\t\t<div class=\"elementor-spacer\">\n\t\t\t<div class=\"elementor-spacer-inner\"><\/div>\n\t\t<\/div>\n\t\t\t\t\t\t<\/div>\n\t\t\t\t<\/div>\n\t\t\t\t\t<\/div>\n\t\t<\/div>\n\t\t\t\t<div class=\"elementor-column elementor-col-50 elementor-inner-column elementor-element elementor-element-15a37f6\" data-id=\"15a37f6\" data-element_type=\"column\" data-e-type=\"column\">\n\t\t\t<div class=\"elementor-widget-wrap elementor-element-populated\">\n\t\t\t\t\t\t<div class=\"elementor-element elementor-element-4b90ee9 elementor-widget elementor-widget-heading\" data-id=\"4b90ee9\" data-element_type=\"widget\" data-e-type=\"widget\" data-widget_type=\"heading.default\">\n\t\t\t\t<div class=\"elementor-widget-container\">\n\t\t\t\t\t<h2 class=\"elementor-heading-title elementor-size-default\">Warum sollten Sie Drive me Driver f\u00fcr Ihre Fahrten buchen?<\/h2>\t\t\t\t<\/div>\n\t\t\t\t<\/div>\n\t\t\t\t<div class=\"elementor-element elementor-element-3cc0fcc elementor-widget elementor-widget-text-editor\" data-id=\"3cc0fcc\" data-element_type=\"widget\" data-e-type=\"widget\" data-widget_type=\"text-editor.default\">\n\t\t\t\t<div class=\"elementor-widget-container\">\n\t\t\t\t\t\t\t\t\tDrive me Driver bietet einen <b>qualitativ hochwertigen VTC-Service<\/b> f\u00fcr Sie und Ihre Mitfahrer. Unsere privaten Fahrer k\u00fcmmern sich bei all Ihren Fahrten um Ihre Bed\u00fcrfnisse. Buchen Sie Ihre Fahrt in der N\u00e4he der els\u00e4ssischen St\u00e4dte Saint-Louis und H\u00e9singue in Luxusfahrzeugen.  \t\t\t\t\t\t\t\t<\/div>\n\t\t\t\t<\/div>\n\t\t\t\t<div class=\"elementor-element elementor-element-d3c3794 elementor-widget elementor-widget-heading\" data-id=\"d3c3794\" data-element_type=\"widget\" data-e-type=\"widget\" data-widget_type=\"heading.default\">\n\t\t\t\t<div class=\"elementor-widget-container\">\n\t\t\t\t\t<h3 class=\"elementor-heading-title elementor-size-default\">Feste und attraktive VTC-Tarife f\u00fcr Ihre Reisen  \n<\/h3>\t\t\t\t<\/div>\n\t\t\t\t<\/div>\n\t\t\t\t<div class=\"elementor-element elementor-element-18c641e elementor-widget elementor-widget-text-editor\" data-id=\"18c641e\" data-element_type=\"widget\" data-e-type=\"widget\" data-widget_type=\"text-editor.default\">\n\t\t\t\t<div class=\"elementor-widget-container\">\n\t\t\t\t\t\t\t\t\tM\u00f6chten Sie einen VTC-Transport vom Flughafen Basel Mulhouse Fribourg? Alles, was Sie tun m\u00fcssen, ist, Ihre Reservierung direkt auf unserer Website vorzunehmen. Der <b>angegebene Preis ist fest<\/b>. Bei Drive me Driver denken wir in erster Linie an Ihre Bed\u00fcrfnisse. Somit haben Sie die Wahl, ob Sie Ihre Fahrt bei der Buchung oder direkt im Fahrzeug bezahlen m\u00f6chten.    \t\t\t\t\t\t\t\t<\/div>\n\t\t\t\t<\/div>\n\t\t\t\t<div class=\"elementor-element elementor-element-b7f3bef elementor-widget elementor-widget-heading\" data-id=\"b7f3bef\" data-element_type=\"widget\" data-e-type=\"widget\" data-widget_type=\"heading.default\">\n\t\t\t\t<div class=\"elementor-widget-container\">\n\t\t\t\t\t<h3 class=\"elementor-heading-title elementor-size-default\">VIP-Transportservice vom Flughafen Basel Mulhouse Fribourg<\/h3>\t\t\t\t<\/div>\n\t\t\t\t<\/div>\n\t\t\t\t<div class=\"elementor-element elementor-element-3f01672 elementor-widget elementor-widget-text-editor\" data-id=\"3f01672\" data-element_type=\"widget\" data-e-type=\"widget\" data-widget_type=\"text-editor.default\">\n\t\t\t\t<div class=\"elementor-widget-container\">\n\t\t\t\t\t\t\t\t\t<p>Unsere privaten Fahrer stehen Tag und Nacht, 7 Tage die Woche zur Verf\u00fcgung. Buchen Sie Ihre Fahrten von Basel Mulhouse Fribourg Flughafen zu Ihrem <b>Ziel im Grand Est von Frankreich<\/b>. In High-End-Fahrzeugen genie\u00dfen Sie eine luxuri\u00f6se Fahrt. W\u00e4hrend Ihres Rennens stehen Ihnen viele Dienste zur Verf\u00fcgung, wie z. B. WIFI.   <\/p><p>Die Buchung einer VTC f\u00fcr einen Tag oder ein paar Tage \u00fcber unsere Website ist sehr einfach. Unsere <b>Preise sind fest und attraktiv<\/b>, so dass Sie am Ende Ihrer Reise keine unangenehmen \u00dcberraschungen erleben. Wenn es um Touren ab Flughafen Basel geht, k\u00f6nnen Sie ganz einfach ein Angebot einholen. M\u00f6chten Sie uns lieber am Telefon haben? Z\u00f6gern Sie nicht, uns f\u00fcr weitere Informationen <a href=\"https:\/\/www.drivemedriver.fr\/contactez-nous\/\">zu kontaktieren<\/a> .    <\/p>\t\t\t\t\t\t\t\t<\/div>\n\t\t\t\t<\/div>\n\t\t\t\t\t<\/div>\n\t\t<\/div>\n\t\t\t\t\t<\/div>\n\t\t<\/section>\n\t\t\t\t<div class=\"elementor-element elementor-element-05d3235 elementor-widget elementor-widget-heading\" data-id=\"05d3235\" data-element_type=\"widget\" data-e-type=\"widget\" data-widget_type=\"heading.default\">\n\t\t\t\t<div class=\"elementor-widget-container\">\n\t\t\t\t\t<h2 class=\"elementor-heading-title elementor-size-default\">Zu welchen anderen Zielen fliegen wir?  <\/h2>\t\t\t\t<\/div>\n\t\t\t\t<\/div>\n\t\t\t\t<div class=\"elementor-element elementor-element-be29cd9 elementor-widget elementor-widget-text-editor\" data-id=\"be29cd9\" data-element_type=\"widget\" data-e-type=\"widget\" data-widget_type=\"text-editor.default\">\n\t\t\t\t<div class=\"elementor-widget-container\">\n\t\t\t\t\t\t\t\t\t<p>Drive me Driver bietet seine Dienstleistungen an den verschiedenen Flugh\u00e4fen in Grand Est, Deutschland und der Schweiz an:  <br><br><span style=\"text-decoration: underline;\"><span style=\"color: #ffffff; text-decoration: underline;\">&#8211; <a style=\"color: #ffffff; text-decoration: underline;\" href=\"https:\/\/vtc-strasbourg-dmd.fr\/chauffeur-prive-vtc-aeroport-baden-baden\/\">Umstieg zum Flughafen Baden-Baden<\/a><\/span><\/span><br><span style=\"text-decoration: underline;\"><span style=\"color: #ffffff; text-decoration: underline;\">&#8211; <a style=\"color: #ffffff; text-decoration: underline;\" href=\"https:\/\/vtc-strasbourg-dmd.fr\/chauffeur-prive-vtc-aeroport-entzheim-strasbourg\/\">Umsteigung zum Flughafen Stra\u00dfburg Entzheim<\/a><\/span><\/span><br><span style=\"text-decoration: underline;\"><span style=\"color: #ffffff; text-decoration: underline;\"><a style=\"color: #ffffff; text-decoration: underline;\" href=\"https:\/\/vtc-strasbourg-dmd.fr\/chauffeur-prive-vtc-aeroport-stuttgart\/\">&#8211; Transfer zum Flughafen Stuttgart<\/a><\/span><\/span><br><span style=\"text-decoration: underline;\"><span style=\"color: #ffffff; text-decoration: underline;\">&#8211; <a style=\"color: #ffffff; text-decoration: underline;\" href=\"https:\/\/vtc-strasbourg-dmd.fr\/transfert-vtc-aeroport-francfort-strasbourg\/\">Umsteigung zum Flughafen Frankfurt<\/a><\/span><\/span><br><span style=\"text-decoration: underline;\"><span style=\"color: #ffffff; text-decoration: underline;\">&#8211; <a style=\"color: #ffffff; text-decoration: underline;\" href=\"https:\/\/vtc-strasbourg-dmd.fr\/chauffeur-prive-vtc-aeroport-bale-mulhouse-fribourg\/\">Umsteigung zum Flughafen Basel-Mulhouse<\/a><\/span><\/span><br><span style=\"text-decoration: underline;\"><span style=\"color: #ffffff; text-decoration: underline;\">&#8211; <a style=\"color: #ffffff; text-decoration: underline;\" href=\"https:\/\/vtc-strasbourg-dmd.fr\/transfert-vtc-aeroport-zurich-strasbourg\/\">Transfer zum Flughafen Z\u00fcrich<\/a><\/span><\/span><br><span style=\"text-decoration: underline;\"><span style=\"color: #ffffff; text-decoration: underline;\">&#8211;<a style=\"color: #ffffff; text-decoration: underline;\" href=\"https:\/\/vtc-strasbourg-dmd.fr\/chauffeur-prive-vtc-aeroport-entzheim-strasbourg\/\"> Umsteigung zum Flughafen Stra\u00dfburg Entzheim<\/a><\/span><\/span><br><br><span style=\"color: #ffffff;\">Wir empfehlen Ihnen au\u00dferdem, die sch\u00f6nsten Orte unserer Region zu besuchen:  <\/span><br><br><span style=\"text-decoration: underline;\"><span style=\"color: #ffffff; text-decoration: underline;\">&#8211; <a style=\"color: #ffffff; text-decoration: underline;\" href=\"https:\/\/vtc-strasbourg-dmd.fr\/chauffeur-prive-vtc-europa-park-strasbourg\/\">Fahrer von Europa Park VTC<\/a><\/span><\/span><br><span style=\"text-decoration: underline;\"><span style=\"color: #ffffff; text-decoration: underline;\">&#8211; <a style=\"color: #ffffff; text-decoration: underline;\" href=\"https:\/\/vtc-strasbourg-dmd.fr\/transfert-vtc-chauffeur-prive-colmar-strasbourg\/\">Privatfahrer Colmar<\/a><\/span><\/span><br><span style=\"text-decoration: underline;\"><span style=\"color: #ffffff; text-decoration: underline;\">&#8211; <a style=\"color: #ffffff; text-decoration: underline;\" href=\"https:\/\/vtc-strasbourg-dmd.fr\/transfert-vtc-chauffeur-prive-ribeauville-strasbourg\/\">Chauffeur Chauffeur Ribeauvill\u00e9<\/a><\/span><\/span><br><span style=\"text-decoration: underline;\"><span style=\"color: #ffffff; text-decoration: underline;\">&#8211; <a style=\"color: #ffffff; text-decoration: underline;\" href=\"https:\/\/vtc-strasbourg-dmd.fr\/transfert-vtc-chauffeur-prive-obernai-strasbourg\/\">Chauffeur VTC Obernai<\/a><\/span><\/span><br><span style=\"text-decoration: underline;\"><span style=\"color: #ffffff; text-decoration: underline;\">&#8211; <a style=\"color: #ffffff; text-decoration: underline;\" href=\"https:\/\/vtc-strasbourg-dmd.fr\/transfert-vtc-chauffeur-prive-kaysersberg-strasbourg\/\">Chauffeur VTC Kaysersberg<\/a><\/span><\/span><br><span style=\"text-decoration: underline;\"><span style=\"color: #ffffff; text-decoration: underline;\">&#8211; <a style=\"color: #ffffff; text-decoration: underline;\" href=\"https:\/\/vtc-strasbourg-dmd.fr\/transfert-vtc-chauffeur-prive-riquewihr-strasbourg\/\">Riquewhir VTC-Fahrer<\/a><\/span><\/span><br><span style=\"text-decoration: underline;\"><span style=\"color: #ffffff; text-decoration: underline;\">&#8211; <a style=\"color: #ffffff; text-decoration: underline;\" href=\"https:\/\/vtc-strasbourg-dmd.fr\/transfert-vtc-chauffeur-prive-eguisheim-strasbourg\/\">VTC-Fahrer Eguisheim<\/a><\/span><\/span><\/p>\t\t\t\t\t\t\t\t<\/div>\n\t\t\t\t<\/div>\n\t\t\t\t\t<\/div>\n\t\t<\/div>\n\t\t\t\t\t<\/div>\n\t\t<\/section>\n\t\t\t\t<\/div>\n\t\t","protected":false},"excerpt":{"rendered":"<p>Profitieren Sie von unserem VTC-Service vom Flughafen Basel Mulhouse Fribourg Sind Sie auf der Suche nach einem privaten Fahrer f\u00fcr Ihre Reisen? Entdecken Sie unseren VTC-Transportservice am Flughafen Basel Mulhouse Freiburg. Unsere Fahrer stehen Ihnen 7 Tage die Woche, Tag und Nacht zur Verf\u00fcgung. Sie k\u00fcmmern sich um Ihren Transfer und den anderer Passagiere zum [&hellip;]<\/p>\n","protected":false},"author":31,"featured_media":0,"parent":0,"menu_order":0,"comment_status":"closed","ping_status":"closed","template":"","meta":{"site-sidebar-layout":"no-sidebar","site-content-layout":"page-builder","ast-site-content-layout":"full-width-container","site-content-style":"default","site-sidebar-style":"default","ast-global-header-display":"","ast-banner-title-visibility":"","ast-main-header-display":"","ast-hfb-above-header-display":"","ast-hfb-below-header-display":"","ast-hfb-mobile-header-display":"","site-post-title":"disabled","ast-breadcrumbs-content":"","ast-featured-img":"disabled","footer-sml-layout":"","ast-disable-related-posts":"","theme-transparent-header-meta":"","adv-header-id-meta":"","stick-header-meta":"","header-above-stick-meta":"","header-main-stick-meta":"","header-below-stick-meta":"","astra-migrate-meta-layouts":"default","ast-page-background-enabled":"default","ast-page-background-meta":{"desktop":{"background-color":"","background-image":"","background-repeat":"repeat","background-position":"center center","background-size":"auto","background-attachment":"scroll","background-type":"","background-media":"","overlay-type":"","overlay-color":"","overlay-opacity":"","overlay-gradient":""},"tablet":{"background-color":"","background-image":"","background-repeat":"repeat","background-position":"center center","background-size":"auto","background-attachment":"scroll","background-type":"","background-media":"","overlay-type":"","overlay-color":"","overlay-opacity":"","overlay-gradient":""},"mobile":{"background-color":"","background-image":"","background-repeat":"repeat","background-position":"center center","background-size":"auto","background-attachment":"scroll","background-type":"","background-media":"","overlay-type":"","overlay-color":"","overlay-opacity":"","overlay-gradient":""}},"ast-content-background-meta":{"desktop":{"background-color":"var(--ast-global-color-5)","background-image":"","background-repeat":"repeat","background-position":"center center","background-size":"auto","background-attachment":"scroll","background-type":"","background-media":"","overlay-type":"","overlay-color":"","overlay-opacity":"","overlay-gradient":""},"tablet":{"background-color":"var(--ast-global-color-5)","background-image":"","background-repeat":"repeat","background-position":"center center","background-size":"auto","background-attachment":"scroll","background-type":"","background-media":"","overlay-type":"","overlay-color":"","overlay-opacity":"","overlay-gradient":""},"mobile":{"background-color":"var(--ast-global-color-5)","background-image":"","background-repeat":"repeat","background-position":"center center","background-size":"auto","background-attachment":"scroll","background-type":"","background-media":"","overlay-type":"","overlay-color":"","overlay-opacity":"","overlay-gradient":""}},"footnotes":""},"class_list":["post-3119","page","type-page","status-publish","hentry"],"yoast_head":"<!-- This site is optimized with the Yoast SEO plugin v27.0 - https:\/\/yoast.com\/product\/yoast-seo-wordpress\/ -->\n<title>Privater Fahrer Basel, Mulhouse, Flughafen Freiburg - VTC Strasbourg DMD<\/title>\n<meta name=\"description\" content=\"VTC Stra\u00dfburg \u2194 Basel\u2013Mulhouse Flughafen Umsteigung. W\u00e4hlen Sie P\u00fcnktlichkeit mit DMD: privater Fahrer, fester Tarif und Komfort. Buchen Sie Ihren Shuttle online!\" \/>\n<meta name=\"robots\" content=\"index, follow, max-snippet:-1, max-image-preview:large, max-video-preview:-1\" \/>\n<link rel=\"canonical\" href=\"https:\/\/vtc-strasbourg-dmd.fr\/de\/privater-fahrer-basel-mulhouse-flughafen-freiburg\/\" \/>\n<meta property=\"og:locale\" content=\"de_DE\" \/>\n<meta property=\"og:type\" content=\"article\" \/>\n<meta property=\"og:title\" content=\"Privater Fahrer Basel, Mulhouse, Flughafen Freiburg - VTC Strasbourg DMD\" \/>\n<meta property=\"og:description\" content=\"VTC Stra\u00dfburg \u2194 Basel\u2013Mulhouse Flughafen Umsteigung. W\u00e4hlen Sie P\u00fcnktlichkeit mit DMD: privater Fahrer, fester Tarif und Komfort. Buchen Sie Ihren Shuttle online!\" \/>\n<meta property=\"og:url\" content=\"https:\/\/vtc-strasbourg-dmd.fr\/de\/privater-fahrer-basel-mulhouse-flughafen-freiburg\/\" \/>\n<meta property=\"og:site_name\" content=\"VTC Strasbourg DMD\" \/>\n<meta property=\"article:modified_time\" content=\"2025-12-01T23:21:46+00:00\" \/>\n<meta name=\"twitter:card\" content=\"summary_large_image\" \/>\n<meta name=\"twitter:label1\" content=\"Gesch\u00e4tzte Lesezeit\" \/>\n\t<meta name=\"twitter:data1\" content=\"5 Minuten\" \/>\n<script type=\"application\/ld+json\" class=\"yoast-schema-graph\">{\"@context\":\"https:\/\/schema.org\",\"@graph\":[{\"@type\":\"WebPage\",\"@id\":\"https:\/\/vtc-strasbourg-dmd.fr\/de\/privater-fahrer-basel-mulhouse-flughafen-freiburg\/\",\"url\":\"https:\/\/vtc-strasbourg-dmd.fr\/de\/privater-fahrer-basel-mulhouse-flughafen-freiburg\/\",\"name\":\"Privater Fahrer Basel, Mulhouse, Flughafen Freiburg - VTC Strasbourg DMD\",\"isPartOf\":{\"@id\":\"http:\/\/vtc-strasbourg-dmd.fr\/de\/#website\"},\"datePublished\":\"2023-11-15T14:28:11+00:00\",\"dateModified\":\"2025-12-01T23:21:46+00:00\",\"description\":\"VTC Stra\u00dfburg \u2194 Basel\u2013Mulhouse Flughafen Umsteigung. W\u00e4hlen Sie P\u00fcnktlichkeit mit DMD: privater Fahrer, fester Tarif und Komfort. Buchen Sie Ihren Shuttle online!\",\"breadcrumb\":{\"@id\":\"https:\/\/vtc-strasbourg-dmd.fr\/de\/privater-fahrer-basel-mulhouse-flughafen-freiburg\/#breadcrumb\"},\"inLanguage\":\"de\",\"potentialAction\":[{\"@type\":\"ReadAction\",\"target\":[\"https:\/\/vtc-strasbourg-dmd.fr\/de\/privater-fahrer-basel-mulhouse-flughafen-freiburg\/\"]}]},{\"@type\":\"BreadcrumbList\",\"@id\":\"https:\/\/vtc-strasbourg-dmd.fr\/de\/privater-fahrer-basel-mulhouse-flughafen-freiburg\/#breadcrumb\",\"itemListElement\":[{\"@type\":\"ListItem\",\"position\":1,\"name\":\"Accueil\",\"item\":\"https:\/\/vtc-strasbourg-dmd.fr\/de\/\"},{\"@type\":\"ListItem\",\"position\":2,\"name\":\"Privater Fahrer Basel, Mulhouse, Flughafen Freiburg\"}]},{\"@type\":\"WebSite\",\"@id\":\"http:\/\/vtc-strasbourg-dmd.fr\/de\/#website\",\"url\":\"http:\/\/vtc-strasbourg-dmd.fr\/de\/\",\"name\":\"VTC Strasbourg DMD\",\"description\":\"Chauffeur VTC Strasbourg\",\"publisher\":{\"@id\":\"http:\/\/vtc-strasbourg-dmd.fr\/de\/#organization\"},\"potentialAction\":[{\"@type\":\"SearchAction\",\"target\":{\"@type\":\"EntryPoint\",\"urlTemplate\":\"http:\/\/vtc-strasbourg-dmd.fr\/de\/?s={search_term_string}\"},\"query-input\":{\"@type\":\"PropertyValueSpecification\",\"valueRequired\":true,\"valueName\":\"search_term_string\"}}],\"inLanguage\":\"de\"},{\"@type\":\"Organization\",\"@id\":\"http:\/\/vtc-strasbourg-dmd.fr\/de\/#organization\",\"name\":\"VTC Strasbourg DMD\",\"url\":\"http:\/\/vtc-strasbourg-dmd.fr\/de\/\",\"logo\":{\"@type\":\"ImageObject\",\"inLanguage\":\"de\",\"@id\":\"http:\/\/vtc-strasbourg-dmd.fr\/de\/#\/schema\/logo\/image\/\",\"url\":\"https:\/\/vtc-strasbourg-dmd.fr\/wp-content\/uploads\/2025\/05\/cropped-LOGO-DRIVE-ME-DRIVER-scaled-1.png\",\"contentUrl\":\"https:\/\/vtc-strasbourg-dmd.fr\/wp-content\/uploads\/2025\/05\/cropped-LOGO-DRIVE-ME-DRIVER-scaled-1.png\",\"width\":2557,\"height\":854,\"caption\":\"VTC Strasbourg DMD\"},\"image\":{\"@id\":\"http:\/\/vtc-strasbourg-dmd.fr\/de\/#\/schema\/logo\/image\/\"}}]}<\/script>\n<!-- \/ Yoast SEO plugin. -->","yoast_head_json":{"title":"Privater Fahrer Basel, Mulhouse, Flughafen Freiburg - VTC Strasbourg DMD","description":"VTC Stra\u00dfburg \u2194 Basel\u2013Mulhouse Flughafen Umsteigung. W\u00e4hlen Sie P\u00fcnktlichkeit mit DMD: privater Fahrer, fester Tarif und Komfort. Buchen Sie Ihren Shuttle online!","robots":{"index":"index","follow":"follow","max-snippet":"max-snippet:-1","max-image-preview":"max-image-preview:large","max-video-preview":"max-video-preview:-1"},"canonical":"https:\/\/vtc-strasbourg-dmd.fr\/de\/privater-fahrer-basel-mulhouse-flughafen-freiburg\/","og_locale":"de_DE","og_type":"article","og_title":"Privater Fahrer Basel, Mulhouse, Flughafen Freiburg - VTC Strasbourg DMD","og_description":"VTC Stra\u00dfburg \u2194 Basel\u2013Mulhouse Flughafen Umsteigung. W\u00e4hlen Sie P\u00fcnktlichkeit mit DMD: privater Fahrer, fester Tarif und Komfort. Buchen Sie Ihren Shuttle online!","og_url":"https:\/\/vtc-strasbourg-dmd.fr\/de\/privater-fahrer-basel-mulhouse-flughafen-freiburg\/","og_site_name":"VTC Strasbourg DMD","article_modified_time":"2025-12-01T23:21:46+00:00","twitter_card":"summary_large_image","twitter_misc":{"Gesch\u00e4tzte Lesezeit":"5 Minuten"},"schema":{"@context":"https:\/\/schema.org","@graph":[{"@type":"WebPage","@id":"https:\/\/vtc-strasbourg-dmd.fr\/de\/privater-fahrer-basel-mulhouse-flughafen-freiburg\/","url":"https:\/\/vtc-strasbourg-dmd.fr\/de\/privater-fahrer-basel-mulhouse-flughafen-freiburg\/","name":"Privater Fahrer Basel, Mulhouse, Flughafen Freiburg - VTC Strasbourg DMD","isPartOf":{"@id":"http:\/\/vtc-strasbourg-dmd.fr\/de\/#website"},"datePublished":"2023-11-15T14:28:11+00:00","dateModified":"2025-12-01T23:21:46+00:00","description":"VTC Stra\u00dfburg \u2194 Basel\u2013Mulhouse Flughafen Umsteigung. W\u00e4hlen Sie P\u00fcnktlichkeit mit DMD: privater Fahrer, fester Tarif und Komfort. Buchen Sie Ihren Shuttle online!","breadcrumb":{"@id":"https:\/\/vtc-strasbourg-dmd.fr\/de\/privater-fahrer-basel-mulhouse-flughafen-freiburg\/#breadcrumb"},"inLanguage":"de","potentialAction":[{"@type":"ReadAction","target":["https:\/\/vtc-strasbourg-dmd.fr\/de\/privater-fahrer-basel-mulhouse-flughafen-freiburg\/"]}]},{"@type":"BreadcrumbList","@id":"https:\/\/vtc-strasbourg-dmd.fr\/de\/privater-fahrer-basel-mulhouse-flughafen-freiburg\/#breadcrumb","itemListElement":[{"@type":"ListItem","position":1,"name":"Accueil","item":"https:\/\/vtc-strasbourg-dmd.fr\/de\/"},{"@type":"ListItem","position":2,"name":"Privater Fahrer Basel, Mulhouse, Flughafen Freiburg"}]},{"@type":"WebSite","@id":"http:\/\/vtc-strasbourg-dmd.fr\/de\/#website","url":"http:\/\/vtc-strasbourg-dmd.fr\/de\/","name":"VTC Strasbourg DMD","description":"Chauffeur VTC Strasbourg","publisher":{"@id":"http:\/\/vtc-strasbourg-dmd.fr\/de\/#organization"},"potentialAction":[{"@type":"SearchAction","target":{"@type":"EntryPoint","urlTemplate":"http:\/\/vtc-strasbourg-dmd.fr\/de\/?s={search_term_string}"},"query-input":{"@type":"PropertyValueSpecification","valueRequired":true,"valueName":"search_term_string"}}],"inLanguage":"de"},{"@type":"Organization","@id":"http:\/\/vtc-strasbourg-dmd.fr\/de\/#organization","name":"VTC Strasbourg DMD","url":"http:\/\/vtc-strasbourg-dmd.fr\/de\/","logo":{"@type":"ImageObject","inLanguage":"de","@id":"http:\/\/vtc-strasbourg-dmd.fr\/de\/#\/schema\/logo\/image\/","url":"https:\/\/vtc-strasbourg-dmd.fr\/wp-content\/uploads\/2025\/05\/cropped-LOGO-DRIVE-ME-DRIVER-scaled-1.png","contentUrl":"https:\/\/vtc-strasbourg-dmd.fr\/wp-content\/uploads\/2025\/05\/cropped-LOGO-DRIVE-ME-DRIVER-scaled-1.png","width":2557,"height":854,"caption":"VTC Strasbourg DMD"},"image":{"@id":"http:\/\/vtc-strasbourg-dmd.fr\/de\/#\/schema\/logo\/image\/"}}]}},"_links":{"self":[{"href":"https:\/\/vtc-strasbourg-dmd.fr\/de\/wp-json\/wp\/v2\/pages\/3119","targetHints":{"allow":["GET"]}}],"collection":[{"href":"https:\/\/vtc-strasbourg-dmd.fr\/de\/wp-json\/wp\/v2\/pages"}],"about":[{"href":"https:\/\/vtc-strasbourg-dmd.fr\/de\/wp-json\/wp\/v2\/types\/page"}],"author":[{"embeddable":true,"href":"https:\/\/vtc-strasbourg-dmd.fr\/de\/wp-json\/wp\/v2\/users\/31"}],"replies":[{"embeddable":true,"href":"https:\/\/vtc-strasbourg-dmd.fr\/de\/wp-json\/wp\/v2\/comments?post=3119"}],"version-history":[{"count":4,"href":"https:\/\/vtc-strasbourg-dmd.fr\/de\/wp-json\/wp\/v2\/pages\/3119\/revisions"}],"predecessor-version":[{"id":3565,"href":"https:\/\/vtc-strasbourg-dmd.fr\/de\/wp-json\/wp\/v2\/pages\/3119\/revisions\/3565"}],"wp:attachment":[{"href":"https:\/\/vtc-strasbourg-dmd.fr\/de\/wp-json\/wp\/v2\/media?parent=3119"}],"curies":[{"name":"wp","href":"https:\/\/api.w.org\/{rel}","templated":true}]}}