{"id":3268,"date":"2025-09-09T13:04:29","date_gmt":"2025-09-09T11:04:29","guid":{"rendered":"https:\/\/vtc-strasbourg-dmd.fr\/privater-fahrer-strassburg-europa-park\/"},"modified":"2026-02-27T14:03:56","modified_gmt":"2026-02-27T13:03:56","slug":"privater-fahrer-strassburg-europa-park","status":"publish","type":"page","link":"http:\/\/vtc-strasbourg-dmd.fr\/de\/privater-fahrer-strassburg-europa-park\/","title":{"rendered":"Privater Fahrer Stra\u00dfburg Europa Park"},"content":{"rendered":"\t\t<div data-elementor-type=\"wp-page\" data-elementor-id=\"3268\" class=\"elementor elementor-3268 elementor-2806\" data-elementor-post-type=\"page\">\n\t\t\t\t\t\t<section class=\"elementor-section elementor-top-section elementor-element elementor-element-da58e92 elementor-section-full_width elementor-section-height-min-height elementor-section-height-default elementor-section-items-middle\" data-id=\"da58e92\" data-element_type=\"section\" data-e-type=\"section\" data-settings=\"{&quot;background_background&quot;:&quot;classic&quot;}\">\n\t\t\t\t\t\t\t<div class=\"elementor-background-overlay\"><\/div>\n\t\t\t\t\t\t\t<div class=\"elementor-container elementor-column-gap-default\">\n\t\t\t\t\t<div class=\"elementor-column elementor-col-100 elementor-top-column elementor-element elementor-element-8731239\" data-id=\"8731239\" data-element_type=\"column\" data-e-type=\"column\">\n\t\t\t<div class=\"elementor-widget-wrap elementor-element-populated\">\n\t\t\t\t\t\t<div class=\"elementor-element elementor-element-cec1592 elementor-widget elementor-widget-heading\" data-id=\"cec1592\" data-element_type=\"widget\" data-e-type=\"widget\" data-widget_type=\"heading.default\">\n\t\t\t\t<div class=\"elementor-widget-container\">\n\t\t\t\t\t<h1 class=\"elementor-heading-title elementor-size-default\">Stra\u00dfburg \u2194 Europa-Park &amp; Rulantica Privatfahrer: Ihr direkter privater Transfer<\/h1>\t\t\t\t<\/div>\n\t\t\t\t<\/div>\n\t\t\t\t<div class=\"elementor-element elementor-element-4b8dca0 elementor-widget__width-initial elementor-widget elementor-widget-text-editor\" data-id=\"4b8dca0\" data-element_type=\"widget\" data-e-type=\"widget\" data-widget_type=\"text-editor.default\">\n\t\t\t\t<div class=\"elementor-widget-container\">\n\t\t\t\t\t\t\t\t\t<p>&#8222;Erleben Sie die Magie des Europa-Parks ohne die Einschr\u00e4nkungen des Transports. Die VTC Strasbourg DMD bietet Ihre direkte Verbindung zwischen Stra\u00dfburg (Bahnhof, Hotel, Zuhause) und dem Haupteingang des Parks in Rust (Deutschland). Vergiss das Wechseln der Z\u00fcge und starren Busfahrpl\u00e4ne. Geh, wann du willst, komm zur\u00fcck, wenn du m\u00fcde bist, alles in absolutem Komfort f\u00fcr die ganze Familie.&#8220;<\/p>\t\t\t\t\t\t\t\t<\/div>\n\t\t\t\t<\/div>\n\t\t\t\t<div class=\"elementor-element elementor-element-b6c9a46 elementor-widget elementor-widget-html\" data-id=\"b6c9a46\" data-element_type=\"widget\" data-e-type=\"widget\" data-widget_type=\"html.default\">\n\t\t\t\t<div class=\"elementor-widget-container\">\n\t\t\t\t\t<iframe src=\"https:\/\/dr2e48b1.web.app\" height=\"600\" width=\"LARGEUR\"><\/iframe>\t\t\t\t<\/div>\n\t\t\t\t<\/div>\n\t\t\t\t\t<\/div>\n\t\t<\/div>\n\t\t\t\t\t<\/div>\n\t\t<\/section>\n\t\t\t\t<section class=\"elementor-section elementor-top-section elementor-element elementor-element-0b43038 elementor-section-content-middle elementor-section-boxed elementor-section-height-default elementor-section-height-default\" data-id=\"0b43038\" data-element_type=\"section\" data-e-type=\"section\" data-settings=\"{&quot;background_background&quot;:&quot;classic&quot;}\">\n\t\t\t\t\t\t<div class=\"elementor-container elementor-column-gap-no\">\n\t\t\t\t\t<div class=\"elementor-column elementor-col-100 elementor-top-column elementor-element elementor-element-57784e5\" data-id=\"57784e5\" data-element_type=\"column\" data-e-type=\"column\">\n\t\t\t<div class=\"elementor-widget-wrap elementor-element-populated\">\n\t\t\t\t\t\t<section class=\"elementor-section elementor-inner-section elementor-element elementor-element-083431c elementor-section-content-middle elementor-section-boxed elementor-section-height-default elementor-section-height-default\" data-id=\"083431c\" data-element_type=\"section\" data-e-type=\"section\">\n\t\t\t\t\t\t<div class=\"elementor-container elementor-column-gap-no\">\n\t\t\t\t\t<div class=\"elementor-column elementor-col-50 elementor-inner-column elementor-element elementor-element-947d770\" data-id=\"947d770\" data-element_type=\"column\" data-e-type=\"column\" data-settings=\"{&quot;background_background&quot;:&quot;classic&quot;}\">\n\t\t\t<div class=\"elementor-widget-wrap elementor-element-populated\">\n\t\t\t\t\t\t<div class=\"elementor-element elementor-element-73fdd50 elementor-widget elementor-widget-spacer\" data-id=\"73fdd50\" data-element_type=\"widget\" data-e-type=\"widget\" data-widget_type=\"spacer.default\">\n\t\t\t\t<div class=\"elementor-widget-container\">\n\t\t\t\t\t\t\t<div class=\"elementor-spacer\">\n\t\t\t<div class=\"elementor-spacer-inner\"><\/div>\n\t\t<\/div>\n\t\t\t\t\t\t<\/div>\n\t\t\t\t<\/div>\n\t\t\t\t\t<\/div>\n\t\t<\/div>\n\t\t\t\t<div class=\"elementor-column elementor-col-50 elementor-inner-column elementor-element elementor-element-6663c20\" data-id=\"6663c20\" data-element_type=\"column\" data-e-type=\"column\">\n\t\t\t<div class=\"elementor-widget-wrap elementor-element-populated\">\n\t\t\t\t\t\t<div class=\"elementor-element elementor-element-765bbe9 elementor-widget elementor-widget-heading\" data-id=\"765bbe9\" data-element_type=\"widget\" data-e-type=\"widget\" data-widget_type=\"heading.default\">\n\t\t\t\t<div class=\"elementor-widget-container\">\n\t\t\t\t\t<h2 class=\"elementor-heading-title elementor-size-default\">Warum einen VTC w\u00e4hlen, um von Stra\u00dfburg zum Europa-Park zu fahren?<\/h2>\t\t\t\t<\/div>\n\t\t\t\t<\/div>\n\t\t\t\t<div class=\"elementor-element elementor-element-1068fab elementor-widget elementor-widget-text-editor\" data-id=\"1068fab\" data-element_type=\"widget\" data-e-type=\"widget\" data-widget_type=\"text-editor.default\">\n\t\t\t\t<div class=\"elementor-widget-container\">\n\t\t\t\t\t\t\t\t\t<p><strong>1. Die schnellste Reise (T\u00fcr zu T\u00fcr)<\/strong> <br>Mit dem Zug muss man zum Bahnhof, in Offenburg umsteigen, einen weiteren Zug nehmen, dann einen Shuttle&#8230; Es ist eine lange Zeit, besonders bei ungeduldigen Kindern. Mit deinem privaten Fahrer VTC Strasbourg DMD steigst du vor deinem Hotel ins Auto und steigst in weniger als 45 Minuten vor den Drehkreuzen des Parks aus (je nach Verkehr).  <\/p><p><strong>2. R\u00fcckkehr mit Serenity<\/strong> <br>Nach einem Tag voller Gehen und Schreien auf der Achterbahn will niemand mehr den letzten Bus oder die letzte Fahrt hinterherjagen. Ihr Fahrer wartet zur vereinbarten Zeit an der Ausfahrt auf Sie. Lehnen Sie sich zur\u00fcck, genie\u00dfen Sie die Klimaanlage, verbinden Sie sich mit dem WLAN, um Ihre Fotos zu posten, und lassen Sie sich von uns zur\u00fcck in Sicherheit bringen.  <\/p><p><strong>3. Kostenlose Kindersitze und Sitzerh\u00f6hungen<\/strong> <br>Die Sicherheit Ihrer Kinder hat f\u00fcr uns oberste Priorit\u00e4t. Auf Anfrage bei der Buchung k\u00f6nnen wir das Fahrzeug kostenlos mit Sitzen ausstatten, die an das Alter Ihrer kleinen Passagiere angepasst sind. <\/p>\t\t\t\t\t\t\t\t<\/div>\n\t\t\t\t<\/div>\n\t\t\t\t\t<\/div>\n\t\t<\/div>\n\t\t\t\t\t<\/div>\n\t\t<\/section>\n\t\t\t\t<section class=\"elementor-section elementor-inner-section elementor-element elementor-element-722a9c0 elementor-section-content-middle elementor-reverse-mobile elementor-section-boxed elementor-section-height-default elementor-section-height-default\" data-id=\"722a9c0\" data-element_type=\"section\" data-e-type=\"section\">\n\t\t\t\t\t\t<div class=\"elementor-container elementor-column-gap-no\">\n\t\t\t\t\t<div class=\"elementor-column elementor-col-50 elementor-inner-column elementor-element elementor-element-cc154fa\" data-id=\"cc154fa\" data-element_type=\"column\" data-e-type=\"column\">\n\t\t\t<div class=\"elementor-widget-wrap elementor-element-populated\">\n\t\t\t\t\t\t<div class=\"elementor-element elementor-element-5ead834 elementor-widget elementor-widget-heading\" data-id=\"5ead834\" data-element_type=\"widget\" data-e-type=\"widget\" data-widget_type=\"heading.default\">\n\t\t\t\t<div class=\"elementor-widget-container\">\n\t\t\t\t\t<h2 class=\"elementor-heading-title elementor-size-default\">VTC-Van und Minibus: Die ideale L\u00f6sung f\u00fcr Gruppen<\/h2>\t\t\t\t<\/div>\n\t\t\t\t<\/div>\n\t\t\t\t<div class=\"elementor-element elementor-element-eb1c652 elementor-widget elementor-widget-text-editor\" data-id=\"eb1c652\" data-element_type=\"widget\" data-e-type=\"widget\" data-widget_type=\"text-editor.default\">\n\t\t\t\t<div class=\"elementor-widget-container\">\n\t\t\t\t\t\t\t\t\t<p>Gehst du mit Freunden oder gro\u00dfer Familie in den Europa-Park? Nehmen Sie nicht zwei Autos! Unser Mercedes V-Klasse Van bietet Platz f\u00fcr bis zu 7 Passagiere in einem ger\u00e4umigen Wohnzimmer.  <\/p><p><strong>Wirtschaftlich<\/strong> : Durch die Aufteilung des Fahrpreises durch 7 ist der Fahrpreis pro Person oft vorteilhafter als der Zug.<\/p><p><strong>Freundlich<\/strong> : Die Atmosph\u00e4re beginnt auf der Reise nach au\u00dfen.<\/p>\t\t\t\t\t\t\t\t<\/div>\n\t\t\t\t<\/div>\n\t\t\t\t<div class=\"elementor-element elementor-element-c812a77 elementor-widget elementor-widget-heading\" data-id=\"c812a77\" data-element_type=\"widget\" data-e-type=\"widget\" data-widget_type=\"heading.default\">\n\t\t\t\t<div class=\"elementor-widget-container\">\n\t\t\t\t\t<h2 class=\"elementor-heading-title elementor-size-default\">Preise &amp; praktische Informationen (Rust \/ Rulantica)\n<\/h2>\t\t\t\t<\/div>\n\t\t\t\t<\/div>\n\t\t\t\t<div class=\"elementor-element elementor-element-d30f2c1 elementor-widget elementor-widget-text-editor\" data-id=\"d30f2c1\" data-element_type=\"widget\" data-e-type=\"widget\" data-widget_type=\"text-editor.default\">\n\t\t\t\t<div class=\"elementor-widget-container\">\n\t\t\t\t\t\t\t\t\t<p>Wir bedienen au\u00dferdem<strong> den Wasserpark Rulantica und die Hotels des Resorts (Colosseo Hotel, Bell Rock, Kr\u00f8nas\u00e5r&#8230;).<\/strong><\/p><p><strong>Der Zinssatz ist fest:<\/strong> Das \u00dcberqueren der Grenze und m\u00f6gliche Staus auf der Pont de l&#8217;Europe ver\u00e4ndern den Preis nicht. Du kennst den genauen Betrag, wenn du buchst. Beispiel: Transfer Strasbourg Centre -&gt; Europa-Park von 90 \u20ac (je nach Fahrzeug).  <\/p>\t\t\t\t\t\t\t\t<\/div>\n\t\t\t\t<\/div>\n\t\t\t\t\t<\/div>\n\t\t<\/div>\n\t\t\t\t<div class=\"elementor-column elementor-col-50 elementor-inner-column elementor-element elementor-element-8f53b77\" data-id=\"8f53b77\" data-element_type=\"column\" data-e-type=\"column\" data-settings=\"{&quot;background_background&quot;:&quot;classic&quot;}\">\n\t\t\t<div class=\"elementor-widget-wrap elementor-element-populated\">\n\t\t\t\t\t\t<div class=\"elementor-element elementor-element-fe6cb47 elementor-widget elementor-widget-spacer\" data-id=\"fe6cb47\" data-element_type=\"widget\" data-e-type=\"widget\" data-widget_type=\"spacer.default\">\n\t\t\t\t<div class=\"elementor-widget-container\">\n\t\t\t\t\t\t\t<div class=\"elementor-spacer\">\n\t\t\t<div class=\"elementor-spacer-inner\"><\/div>\n\t\t<\/div>\n\t\t\t\t\t\t<\/div>\n\t\t\t\t<\/div>\n\t\t\t\t\t<\/div>\n\t\t<\/div>\n\t\t\t\t\t<\/div>\n\t\t<\/section>\n\t\t\t\t<section class=\"elementor-section elementor-inner-section elementor-element elementor-element-b11d460 elementor-section-content-middle elementor-section-boxed elementor-section-height-default elementor-section-height-default\" data-id=\"b11d460\" data-element_type=\"section\" data-e-type=\"section\">\n\t\t\t\t\t\t<div class=\"elementor-container elementor-column-gap-no\">\n\t\t\t\t\t<div class=\"elementor-column elementor-col-50 elementor-inner-column elementor-element elementor-element-f017cbc\" data-id=\"f017cbc\" data-element_type=\"column\" data-e-type=\"column\" data-settings=\"{&quot;background_background&quot;:&quot;classic&quot;}\">\n\t\t\t<div class=\"elementor-widget-wrap elementor-element-populated\">\n\t\t\t\t\t\t<div class=\"elementor-element elementor-element-345948a elementor-widget elementor-widget-spacer\" data-id=\"345948a\" data-element_type=\"widget\" data-e-type=\"widget\" data-widget_type=\"spacer.default\">\n\t\t\t\t<div class=\"elementor-widget-container\">\n\t\t\t\t\t\t\t<div class=\"elementor-spacer\">\n\t\t\t<div class=\"elementor-spacer-inner\"><\/div>\n\t\t<\/div>\n\t\t\t\t\t\t<\/div>\n\t\t\t\t<\/div>\n\t\t\t\t\t<\/div>\n\t\t<\/div>\n\t\t\t\t<div class=\"elementor-column elementor-col-50 elementor-inner-column elementor-element elementor-element-72cd674\" data-id=\"72cd674\" data-element_type=\"column\" data-e-type=\"column\">\n\t\t\t<div class=\"elementor-widget-wrap elementor-element-populated\">\n\t\t\t\t\t\t<div class=\"elementor-element elementor-element-2c02629 elementor-widget elementor-widget-heading\" data-id=\"2c02629\" data-element_type=\"widget\" data-e-type=\"widget\" data-widget_type=\"heading.default\">\n\t\t\t\t<div class=\"elementor-widget-container\">\n\t\t\t\t\t<h2 class=\"elementor-heading-title elementor-size-default\">Wie ist der Treffpunkt im Park?<\/h2>\t\t\t\t<\/div>\n\t\t\t\t<\/div>\n\t\t\t\t<div class=\"elementor-element elementor-element-a70a82e elementor-widget elementor-widget-text-editor\" data-id=\"a70a82e\" data-element_type=\"widget\" data-e-type=\"widget\" data-widget_type=\"text-editor.default\">\n\t\t\t\t<div class=\"elementor-widget-container\">\n\t\t\t\t\t\t\t\t\t<section aria-labelledby=\"comparaisons\"><p>Europa-Park ist riesig. Um sich leicht zu finden: <\/p><ul><li><strong>Auf dem \u00e4u\u00dferen Abschnitt:<\/strong> Wir setzen Sie direkt vor dem Haupteingang oder vor der Rezeption Ihres Hotels im Park am &#8222;Kiss &amp; Ride&#8220; ab.<\/li><li><strong>Auf dem R\u00fcckweg:<\/strong> Ihr Fahrer wartet am genauen Ort oder am offiziellen &#8222;Taxis\/VTC&#8220;-Treffpunkt des Parks auf Sie. Sie erhalten seine Nummer per SMS, um ihn sofort zu finden. <\/li><\/ul><\/section>\t\t\t\t\t\t\t\t<\/div>\n\t\t\t\t<\/div>\n\t\t\t\t\t<\/div>\n\t\t<\/div>\n\t\t\t\t\t<\/div>\n\t\t<\/section>\n\t\t\t\t<div class=\"elementor-element elementor-element-48f3374 elementor-widget elementor-widget-spacer\" data-id=\"48f3374\" data-element_type=\"widget\" data-e-type=\"widget\" data-widget_type=\"spacer.default\">\n\t\t\t\t<div class=\"elementor-widget-container\">\n\t\t\t\t\t\t\t<div class=\"elementor-spacer\">\n\t\t\t<div class=\"elementor-spacer-inner\"><\/div>\n\t\t<\/div>\n\t\t\t\t\t\t<\/div>\n\t\t\t\t<\/div>\n\t\t\t\t<div class=\"elementor-element elementor-element-a309dc6 elementor-widget elementor-widget-text-editor\" data-id=\"a309dc6\" data-element_type=\"widget\" data-e-type=\"widget\" data-widget_type=\"text-editor.default\">\n\t\t\t\t<div class=\"elementor-widget-container\">\n\t\t\t\t\t\t\t\t\t<h2>Entdecken Sie unsere ma\u00dfgeschneiderten VTC-Dienstleistungen f\u00fcr Europa-Park<\/h2>\n<p>Jede Familie und jede Gruppe hat unterschiedliche Bed\u00fcrfnisse, um zum besten Freizeitpark der Welt zu gelangen. Um Ihnen ein perfektes Erlebnis zu bieten, hat VTC Strasbourg DMD spezifische Transportl\u00f6sungen entwickelt: <\/p>\n\n<h3>Reist ihr in einer Gruppe oder mit einer gro\u00dfen Familie?<\/h3>\n<p>Nimm nicht zwei Autos und lass dich im Zug getrennt. Wir stellen Ihnen unseren <a href=\"https:\/\/vtc-strasbourg-dmd.fr\/van-vtc-7-places-strasbourg-europa-park\/\" title=\"7-sitziger VTC van Strasbourg Europa-Park\">7-sitzigen VTC-Van f\u00fcr Europa-Park<\/a> zur Verf\u00fcgung. Genie\u00dfen Sie eine ger\u00e4umige Lounge, einen XXL-Kofferraum f\u00fcr Ihre Kinderwagen und K\u00fchlboxen und teilen Sie den Reisepreis durch die Anzahl der Passagiere f\u00fcr einen ultra-g\u00fcnstigen Shuttle.  <\/p>\n\n<h3>Landest du am Flughafen Entzheim?<\/h3>\n<p>Beginnen Sie Ihren Urlaub, sobald Sie aus dem Flugzeug steigen. Buchen Sie unseren <a href=\"https:\/\/vtc-strasbourg-dmd.fr\/transfert-aeroport-entzheim-europa-park-vtc\/\" title=\"VTC Flughafen Stra\u00dfburg nach Europa-Park\">Direkttransfer zum Flughafen Stra\u00dfburg-Entzheim zum Europa-Park<\/a>. Ihr privater Fahrer begr\u00fc\u00dft Sie mit einem Schild am Gep\u00e4ckausgang und setzt Sie in weniger als 45 Minuten an der Hotelrezeption in Rust ab.  <\/p>\n\n<h3>Haben Sie kleine Kinder?<\/h3>\n<p>Sicherheit auf der deutschen Autobahn hat f\u00fcr uns oberste Priorit\u00e4t. Vermeiden Sie unausgestattete Taxis und entdecken Sie unseren <a href=\"https:\/\/vtc-strasbourg-dmd.fr\/vtc-strasbourg-europa-park-siege-bebe-enfant\/\" title=\"Stra\u00dfburger Europa-Park VTC mit Kindersitzen\">Europa-Park Shuttle mit kostenlosen Baby- und Kindersitzen<\/a>. Geben Sie bei der Buchung einfach das Alter Ihrer Kinder an, wir bereiten das Fahrzeug mit genehmigter und desinfizierter Ausr\u00fcstung vor.  <\/p>\n\n<h3>Willst du in Rulantica schwimmen?<\/h3>\n<p>Der Wasserpark erfordert andere Logistik, mit schweren und sperrigen Billards\u00e4cken. \u00dcberspringen Sie die internen Shuttles des Parks und buchen Sie unseren <a href=\"https:\/\/vtc-strasbourg-dmd.fr\/navette-vtc-strasbourg-rulantica-parc-aquatique\/\" title=\"Shuttle von Stra\u00dfburg nach Rulantica\">direkten VTC-Shuttle zum Rulantica Water Park<\/a>. Wir setzen Sie genau vor den Umkleider\u00e4umen oder am Hotel Kr\u00f8nas\u00e5r ab.  <\/p>\t\t\t\t\t\t\t\t<\/div>\n\t\t\t\t<\/div>\n\t\t\t\t<div class=\"elementor-element elementor-element-e82e29b elementor-widget elementor-widget-toggle\" data-id=\"e82e29b\" data-element_type=\"widget\" data-e-type=\"widget\" data-widget_type=\"toggle.default\">\n\t\t\t\t<div class=\"elementor-widget-container\">\n\t\t\t\t\t\t\t<div class=\"elementor-toggle\">\n\t\t\t\t\t\t\t<div class=\"elementor-toggle-item\">\n\t\t\t\t\t<h3 id=\"elementor-tab-title-2431\" class=\"elementor-tab-title\" data-tab=\"1\" role=\"button\" aria-controls=\"elementor-tab-content-2431\" aria-expanded=\"false\">\n\t\t\t\t\t\t\t\t\t\t\t\t<span class=\"elementor-toggle-icon elementor-toggle-icon-left\" aria-hidden=\"true\">\n\t\t\t\t\t\t\t\t\t\t\t\t\t\t\t<span class=\"elementor-toggle-icon-closed\"><i class=\"fas fa-caret-right\"><\/i><\/span>\n\t\t\t\t\t\t\t\t<span class=\"elementor-toggle-icon-opened\"><i class=\"elementor-toggle-icon-opened fas fa-caret-up\"><\/i><\/span>\n\t\t\t\t\t\t\t\t\t\t\t\t\t<\/span>\n\t\t\t\t\t\t\t\t\t\t\t\t<a class=\"elementor-toggle-title\" tabindex=\"0\">Zu welchen anderen Zielen fliegen wir in der N\u00e4he von Stra\u00dfburg?  <\/a>\n\t\t\t\t\t<\/h3>\n\n\t\t\t\t\t<div id=\"elementor-tab-content-2431\" class=\"elementor-tab-content elementor-clearfix\" data-tab=\"1\" role=\"region\" aria-labelledby=\"elementor-tab-title-2431\"><p><span style=\"color: #000000;\">VTC Stra\u00dfburg DMD bietet seine Dienstleistungen an den verschiedenen Flugh\u00e4fen in Grand Est, Deutschland und der Schweiz an:  <\/span><\/p>\n<p><span style=\"text-decoration: underline; color: #000000;\">&#8211; <a style=\"color: #000000; text-decoration: underline;\" href=\"https:\/\/vtc-strasbourg-dmd.fr\/chauffeur-prive-vtc-aeroport-baden-baden\/\">Umstieg zum Flughafen Baden-Baden<\/a><\/span><br \/><span style=\"text-decoration: underline; color: #000000;\">&#8211; <a style=\"color: #000000; text-decoration: underline;\" href=\"https:\/\/vtc-strasbourg-dmd.fr\/chauffeur-prive-vtc-aeroport-entzheim-strasbourg\/\">Umsteigung zum Flughafen Stra\u00dfburg Entzheim<\/a><\/span><br \/><span style=\"text-decoration: underline; color: #000000;\"><a style=\"color: #000000; text-decoration: underline;\" href=\"https:\/\/vtc-strasbourg-dmd.fr\/chauffeur-prive-vtc-aeroport-stuttgart\/\">&#8211; Transfer zum Flughafen Stuttgart<\/a><\/span><br \/><span style=\"text-decoration: underline; color: #000000;\">&#8211; <a style=\"color: #000000; text-decoration: underline;\" href=\"https:\/\/vtc-strasbourg-dmd.fr\/transfert-vtc-aeroport-francfort-strasbourg\/\">Umsteigung zum Flughafen Frankfurt<\/a><\/span><br \/><span style=\"text-decoration: underline; color: #000000;\">&#8211; <a style=\"color: #000000; text-decoration: underline;\" href=\"https:\/\/vtc-strasbourg-dmd.fr\/chauffeur-prive-vtc-aeroport-bale-mulhouse-fribourg\/\">Umsteigung zum Flughafen Basel-Mulhouse<\/a><\/span><br \/><span style=\"text-decoration: underline; color: #000000;\">&#8211; <a style=\"color: #000000; text-decoration: underline;\" href=\"https:\/\/vtc-strasbourg-dmd.fr\/transfert-vtc-aeroport-zurich-strasbourg\/\">Transfer zum Flughafen Z\u00fcrich<\/a><\/span><br \/><span style=\"text-decoration: underline; color: #000000;\">&#8211;<a style=\"color: #000000; text-decoration: underline;\" href=\"https:\/\/vtc-strasbourg-dmd.fr\/chauffeur-prive-vtc-aeroport-entzheim-strasbourg\/\"> Umsteigung zum Flughafen Stra\u00dfburg Entzheim<\/a><\/span><\/p>\n<p><span style=\"color: #000000;\">Wir empfehlen Ihnen au\u00dferdem, die sch\u00f6nsten Orte unserer Region zu besuchen:  <\/span><\/p>\n<p><span style=\"text-decoration: underline; color: #000000;\">&#8211; <a style=\"color: #000000; text-decoration: underline;\" href=\"https:\/\/vtc-strasbourg-dmd.fr\/chauffeur-prive-vtc-europa-park-strasbourg\/\">Fahrer von Europa Park VTC<\/a><\/span><br \/><span style=\"text-decoration: underline; color: #000000;\">&#8211; <a style=\"color: #000000; text-decoration: underline;\" href=\"https:\/\/vtc-strasbourg-dmd.fr\/transfert-vtc-chauffeur-prive-colmar-strasbourg\/\">Privatfahrer Colmar<\/a><\/span><br \/><span style=\"text-decoration: underline; color: #000000;\">&#8211; <a style=\"color: #000000; text-decoration: underline;\" href=\"https:\/\/vtc-strasbourg-dmd.fr\/transfert-vtc-chauffeur-prive-ribeauville-strasbourg\/\">Chauffeur Chauffeur Ribeauvill\u00e9<\/a><\/span><br \/><span style=\"text-decoration: underline; color: #000000;\">&#8211; <a style=\"color: #000000; text-decoration: underline;\" href=\"https:\/\/vtc-strasbourg-dmd.fr\/transfert-vtc-chauffeur-prive-obernai-strasbourg\/\">Chauffeur VTC Obernai<\/a><\/span><br \/><span style=\"text-decoration: underline; color: #000000;\">&#8211; <a style=\"color: #000000; text-decoration: underline;\" href=\"https:\/\/vtc-strasbourg-dmd.fr\/transfert-vtc-chauffeur-prive-kaysersberg-strasbourg\/\">Chauffeur VTC Kaysersberg<\/a><\/span><br \/><span style=\"text-decoration: underline; color: #000000;\">&#8211; <a style=\"color: #000000; text-decoration: underline;\" href=\"https:\/\/vtc-strasbourg-dmd.fr\/transfert-vtc-chauffeur-prive-riquewihr-strasbourg\/\">Riquewhir VTC-Fahrer<\/a><\/span><br \/><span style=\"text-decoration: underline; color: #000000;\">&#8211; <a style=\"color: #000000; text-decoration: underline;\" href=\"https:\/\/vtc-strasbourg-dmd.fr\/transfert-vtc-chauffeur-prive-eguisheim-strasbourg\/\">VTC-Fahrer Eguisheim<\/a><\/span><\/p>\n<\/div>\n\t\t\t\t<\/div>\n\t\t\t\t\t\t\t<div class=\"elementor-toggle-item\">\n\t\t\t\t\t<h3 id=\"elementor-tab-title-2432\" class=\"elementor-tab-title\" data-tab=\"2\" role=\"button\" aria-controls=\"elementor-tab-content-2432\" aria-expanded=\"false\">\n\t\t\t\t\t\t\t\t\t\t\t\t<span class=\"elementor-toggle-icon elementor-toggle-icon-left\" aria-hidden=\"true\">\n\t\t\t\t\t\t\t\t\t\t\t\t\t\t\t<span class=\"elementor-toggle-icon-closed\"><i class=\"fas fa-caret-right\"><\/i><\/span>\n\t\t\t\t\t\t\t\t<span class=\"elementor-toggle-icon-opened\"><i class=\"elementor-toggle-icon-opened fas fa-caret-up\"><\/i><\/span>\n\t\t\t\t\t\t\t\t\t\t\t\t\t<\/span>\n\t\t\t\t\t\t\t\t\t\t\t\t<a class=\"elementor-toggle-title\" tabindex=\"0\">Fl\u00fcge zu Stra\u00dfburger DMD VTC-Flugh\u00e4fen<\/a>\n\t\t\t\t\t<\/h3>\n\n\t\t\t\t\t<div id=\"elementor-tab-content-2432\" class=\"elementor-tab-content elementor-clearfix\" data-tab=\"2\" role=\"region\" aria-labelledby=\"elementor-tab-title-2432\"><p data-path-to-node=\"3\">Ab Stra\u00dfburg und ganz Elsass bieten wir Ihre privaten Transfers (Hin- und R\u00fcckfahrt) zu den wichtigsten Flughafenplattformen der Region und grenz\u00fcberschreitend:<\/p>\n<ul data-path-to-node=\"4\">\n<li>\n<p data-path-to-node=\"4,0,0\"><b data-path-to-node=\"4,0,0\" data-index-in-node=\"0\">Frankreich:<\/b> <a href=\"https:\/\/vtc-strasbourg-dmd.fr\/chauffeur-prive-vtc-aeroport-entzheim-strasbourg\/\">Stra\u00dfburg-Entzheim (SXB)<\/a> und <a href=\"https:\/\/vtc-strasbourg-dmd.fr\/chauffeur-prive-vtc-aeroport-bale-mulhouse-fribourg\/\">Basel-M\u00fclhaus (EuroAirport).<\/a><\/p>\n<\/li>\n<li>\n<p data-path-to-node=\"4,1,0\"><b data-path-to-node=\"4,1,0\" data-index-in-node=\"0\">Deutschland:<\/b> <a href=\"https:\/\/vtc-strasbourg-dmd.fr\/chauffeur-prive-vtc-aeroport-baden-baden\/\">Karlsruhe \/ Baden-Baden (FKB),<\/a> <a href=\"https:\/\/vtc-strasbourg-dmd.fr\/transfert-vtc-aeroport-francfort-strasbourg\/\">Frankfurt International (FRA)<\/a> und <a href=\"https:\/\/vtc-strasbourg-dmd.fr\/chauffeur-prive-vtc-aeroport-stuttgart\/\">Stuttgart (STR).<\/a><\/p>\n<\/li>\n<li>\n<p data-path-to-node=\"4,2,0\"><b data-path-to-node=\"4,2,0\" data-index-in-node=\"0\">Schweiz:<\/b> <a href=\"https:\/\/vtc-strasbourg-dmd.fr\/transfert-vtc-aeroport-zurich-strasbourg\/\">Z\u00fcrich (ZRH)<\/a> und Basel.<\/p>\n<\/li>\n<\/ul>\n<p data-path-to-node=\"5\"><b data-path-to-node=\"5\" data-index-in-node=\"0\">Das DMD + VTC:<\/b> Ein im Voraus bekannter fester Fahrpreis, Echtzeit-Flugverfolgung und &#8222;T\u00fcr-zu-Terminal&#8220;-Unterst\u00fctzung ohne Verbindungen.<\/p>\n<\/div>\n\t\t\t\t<\/div>\n\t\t\t\t\t\t\t<div class=\"elementor-toggle-item\">\n\t\t\t\t\t<h3 id=\"elementor-tab-title-2433\" class=\"elementor-tab-title\" data-tab=\"3\" role=\"button\" aria-controls=\"elementor-tab-content-2433\" aria-expanded=\"false\">\n\t\t\t\t\t\t\t\t\t\t\t\t<span class=\"elementor-toggle-icon elementor-toggle-icon-left\" aria-hidden=\"true\">\n\t\t\t\t\t\t\t\t\t\t\t\t\t\t\t<span class=\"elementor-toggle-icon-closed\"><i class=\"fas fa-caret-right\"><\/i><\/span>\n\t\t\t\t\t\t\t\t<span class=\"elementor-toggle-icon-opened\"><i class=\"elementor-toggle-icon-opened fas fa-caret-up\"><\/i><\/span>\n\t\t\t\t\t\t\t\t\t\t\t\t\t<\/span>\n\t\t\t\t\t\t\t\t\t\t\t\t<a class=\"elementor-toggle-title\" tabindex=\"0\">SNCF- und DB-Bahnhofsdienste (Stra\u00dfburg und Umgebung)<\/a>\n\t\t\t\t\t<\/h3>\n\n\t\t\t\t\t<div id=\"elementor-tab-content-2433\" class=\"elementor-tab-content elementor-clearfix\" data-tab=\"3\" role=\"region\" aria-labelledby=\"elementor-tab-title-2433\"><p data-path-to-node=\"3\">Um Ihre TGV- oder TER-Verbindungen zu erleichtern, stellt <b data-path-to-node=\"3\" data-index-in-node=\"47\">VTC Strasbourg DMD<\/b> Ihre Umstiege zu und von allen strategischen Bahnh\u00f6fen in Bas-Rhin und Ortenau (Deutschland) bereit:<\/p>\n<ul data-path-to-node=\"4\">\n<li>\n<p data-path-to-node=\"4,0,0\"><b data-path-to-node=\"4,0,0\" data-index-in-node=\"0\">Stra\u00dfburg:<\/b> Zentralbahnhof (TGV) und Krimmeri-Meinau-Bahnhof.<\/p>\n<\/li>\n<li>\n<p data-path-to-node=\"4,1,0\"><b data-path-to-node=\"4,1,0\" data-index-in-node=\"0\">Nord &amp; West:<\/b> Haguenau, Saverne, Brumath.<\/p>\n<\/li>\n<li>\n<p data-path-to-node=\"4,2,0\"><b data-path-to-node=\"4,2,0\" data-index-in-node=\"0\">S\u00fcd &amp; Weinroute:<\/b> S\u00e9lestat, Molsheim, Obernai, Entzheim-Flughafen.<\/p>\n<\/li>\n<li>\n<p data-path-to-node=\"4,3,0\"><b data-path-to-node=\"4,3,0\" data-index-in-node=\"0\">Deutschland:<\/b> Stationen Kehl und Offenburg (ICE-Verbindungen).<\/p>\n<\/li>\n<\/ul>\n<p data-path-to-node=\"5\"><b data-path-to-node=\"5\" data-index-in-node=\"0\">Ihr Vorteil:<\/b> Ein Fahrer wartet auf dem Bahnsteig oder am Abgabepunkt auf Sie. Keine Parksuche mehr oder das Nachjagen einer Stra\u00dfenbahn. <\/p>\n<\/div>\n\t\t\t\t<\/div>\n\t\t\t\t\t\t\t<div class=\"elementor-toggle-item\">\n\t\t\t\t\t<h3 id=\"elementor-tab-title-2434\" class=\"elementor-tab-title\" data-tab=\"4\" role=\"button\" aria-controls=\"elementor-tab-content-2434\" aria-expanded=\"false\">\n\t\t\t\t\t\t\t\t\t\t\t\t<span class=\"elementor-toggle-icon elementor-toggle-icon-left\" aria-hidden=\"true\">\n\t\t\t\t\t\t\t\t\t\t\t\t\t\t\t<span class=\"elementor-toggle-icon-closed\"><i class=\"fas fa-caret-right\"><\/i><\/span>\n\t\t\t\t\t\t\t\t<span class=\"elementor-toggle-icon-opened\"><i class=\"elementor-toggle-icon-opened fas fa-caret-up\"><\/i><\/span>\n\t\t\t\t\t\t\t\t\t\t\t\t\t<\/span>\n\t\t\t\t\t\t\t\t\t\t\t\t<a class=\"elementor-toggle-title\" tabindex=\"0\">Touristenentdeckung: Besuchen Sie das Elsass durch VTC<\/a>\n\t\t\t\t\t<\/h3>\n\n\t\t\t\t\t<div id=\"elementor-tab-content-2434\" class=\"elementor-tab-content elementor-clearfix\" data-tab=\"4\" role=\"region\" aria-labelledby=\"elementor-tab-title-2434\"><p data-path-to-node=\"3\">Genie\u00dfen Sie die Gegend ohne die Einschr\u00e4nkungen von Autofahren oder Parken. Wir f\u00fchren Sie direkt zu den sch\u00f6nsten Touristenattraktionen rund um Stra\u00dfburg: <\/p>\n<ul data-path-to-node=\"4\">\n<li>\n<p data-path-to-node=\"4,0,0\"><b data-path-to-node=\"4,0,0\" data-index-in-node=\"0\">Die Weinstra\u00dfe:<\/b> <a href=\"https:\/\/vtc-strasbourg-dmd.fr\/transfert-vtc-chauffeur-prive-obernai-strasbourg\/\">Obernai<\/a>, <a href=\"https:\/\/vtc-strasbourg-dmd.fr\/transfert-vtc-chauffeur-prive-riquewihr-strasbourg\/\">Riquewihr<\/a>, <a href=\"https:\/\/vtc-strasbourg-dmd.fr\/transfert-vtc-chauffeur-prive-kaysersberg-strasbourg\/\">Kaysersberg<\/a> und <a href=\"https:\/\/vtc-strasbourg-dmd.fr\/transfert-vtc-chauffeur-prive-colmar-strasbourg\/\">Colmar<\/a>.<\/p>\n<\/li>\n<li>\n<p data-path-to-node=\"4,1,0\"><b data-path-to-node=\"4,1,0\" data-index-in-node=\"0\">Freizeit &amp; Unterhaltung:<\/b> <a href=\"https:\/\/vtc-strasbourg-dmd.fr\/chauffeur-prive-vtc-europa-park-strasbourg\/\">Europa-Park &amp; Rulantica<\/a> (Deutschland), Das K\u00f6nigliche Schloss (Kirrwiller), Baden-Baden Casino.<\/p>\n<\/li>\n<li>\n<p data-path-to-node=\"4,2,0\"><b data-path-to-node=\"4,2,0\" data-index-in-node=\"0\">Geschichte &amp; Natur:<\/b> Schloss Haut-K\u0153nigsbourg, Mont Sainte-Odile, Fort de Mutzig.<\/p>\n<\/li>\n<li>\n<p data-path-to-node=\"4,3,0\"><b data-path-to-node=\"4,3,0\" data-index-in-node=\"0\">Einkaufen:<\/b> Roppenheim The Style Outlets.<\/p>\n<\/li>\n<\/ul>\n<p data-path-to-node=\"5\"><b data-path-to-node=\"5\" data-index-in-node=\"0\">&#8222;Provision&#8220;-Formel:<\/b> F\u00fcr v\u00f6llige Freiheit <a href=\"https:\/\/vtc-strasbourg-dmd.fr\/chauffeur-prive-sur-mesure-strasbourg-vtc\/\">buchen Sie Ihren Fahrer f\u00fcr einen halben oder einen ganzen Tag.<\/a> Es wartet auf jeden Schritt des Weges auf dich.<\/p>\n<\/div>\n\t\t\t\t<\/div>\n\t\t\t\t\t\t\t\t<\/div>\n\t\t\t\t\t\t<\/div>\n\t\t\t\t<\/div>\n\t\t\t\t\t<\/div>\n\t\t<\/div>\n\t\t\t\t\t<\/div>\n\t\t<\/section>\n\t\t\t\t<\/div>\n\t\t","protected":false},"excerpt":{"rendered":"<p>Stra\u00dfburg \u2194 Europa-Park &amp; Rulantica Privatfahrer: Ihr direkter privater Transfer &#8222;Erleben Sie die Magie des Europa-Parks ohne die Einschr\u00e4nkungen des Transports. Die VTC Strasbourg DMD bietet Ihre direkte Verbindung zwischen Stra\u00dfburg (Bahnhof, Hotel, Zuhause) und dem Haupteingang des Parks in Rust (Deutschland). Vergiss das Wechseln der Z\u00fcge und starren Busfahrpl\u00e4ne. Geh, wann du willst, komm [&hellip;]<\/p>\n","protected":false},"author":31,"featured_media":0,"parent":0,"menu_order":0,"comment_status":"closed","ping_status":"closed","template":"","meta":{"site-sidebar-layout":"default","site-content-layout":"","ast-site-content-layout":"full-width-container","site-content-style":"default","site-sidebar-style":"default","ast-global-header-display":"disabled","ast-banner-title-visibility":"disabled","ast-main-header-display":"","ast-hfb-above-header-display":"","ast-hfb-below-header-display":"","ast-hfb-mobile-header-display":"","site-post-title":"","ast-breadcrumbs-content":"","ast-featured-img":"","footer-sml-layout":"disabled","ast-disable-related-posts":"","theme-transparent-header-meta":"","adv-header-id-meta":"","stick-header-meta":"","header-above-stick-meta":"","header-main-stick-meta":"","header-below-stick-meta":"","astra-migrate-meta-layouts":"default","ast-page-background-enabled":"default","ast-page-background-meta":{"desktop":{"background-color":"","background-image":"","background-repeat":"repeat","background-position":"center center","background-size":"auto","background-attachment":"scroll","background-type":"","background-media":"","overlay-type":"","overlay-color":"","overlay-opacity":"","overlay-gradient":""},"tablet":{"background-color":"","background-image":"","background-repeat":"repeat","background-position":"center center","background-size":"auto","background-attachment":"scroll","background-type":"","background-media":"","overlay-type":"","overlay-color":"","overlay-opacity":"","overlay-gradient":""},"mobile":{"background-color":"","background-image":"","background-repeat":"repeat","background-position":"center center","background-size":"auto","background-attachment":"scroll","background-type":"","background-media":"","overlay-type":"","overlay-color":"","overlay-opacity":"","overlay-gradient":""}},"ast-content-background-meta":{"desktop":{"background-color":"var(--ast-global-color-5)","background-image":"","background-repeat":"repeat","background-position":"center center","background-size":"auto","background-attachment":"scroll","background-type":"","background-media":"","overlay-type":"","overlay-color":"","overlay-opacity":"","overlay-gradient":""},"tablet":{"background-color":"var(--ast-global-color-5)","background-image":"","background-repeat":"repeat","background-position":"center center","background-size":"auto","background-attachment":"scroll","background-type":"","background-media":"","overlay-type":"","overlay-color":"","overlay-opacity":"","overlay-gradient":""},"mobile":{"background-color":"var(--ast-global-color-5)","background-image":"","background-repeat":"repeat","background-position":"center center","background-size":"auto","background-attachment":"scroll","background-type":"","background-media":"","overlay-type":"","overlay-color":"","overlay-opacity":"","overlay-gradient":""}},"footnotes":""},"class_list":["post-3268","page","type-page","status-publish","hentry"],"yoast_head":"<!-- This site is optimized with the Yoast SEO plugin v27.0 - https:\/\/yoast.com\/product\/yoast-seo-wordpress\/ -->\n<title>Privater Fahrer Stra\u00dfburg Europa Park - VTC Strasbourg DMD<\/title>\n<meta name=\"description\" content=\"VTC Europa Park - Stra\u00dfburg - Buchen Sie Ihren Transfer mit Fahrer zum oder vom Europa Park und Stra\u00dfburg. Professioneller Fahrer.\" \/>\n<meta name=\"robots\" content=\"index, follow, max-snippet:-1, max-image-preview:large, max-video-preview:-1\" \/>\n<link rel=\"canonical\" href=\"http:\/\/vtc-strasbourg-dmd.fr\/de\/privater-fahrer-strassburg-europa-park\/\" \/>\n<meta property=\"og:locale\" content=\"de_DE\" \/>\n<meta property=\"og:type\" content=\"article\" \/>\n<meta property=\"og:title\" content=\"Privater Fahrer Stra\u00dfburg Europa Park - VTC Strasbourg DMD\" \/>\n<meta property=\"og:description\" content=\"VTC Europa Park - Stra\u00dfburg - Buchen Sie Ihren Transfer mit Fahrer zum oder vom Europa Park und Stra\u00dfburg. Professioneller Fahrer.\" \/>\n<meta property=\"og:url\" content=\"http:\/\/vtc-strasbourg-dmd.fr\/de\/privater-fahrer-strassburg-europa-park\/\" \/>\n<meta property=\"og:site_name\" content=\"VTC Strasbourg DMD\" \/>\n<meta property=\"article:modified_time\" content=\"2026-02-27T13:03:56+00:00\" \/>\n<meta name=\"twitter:card\" content=\"summary_large_image\" \/>\n<meta name=\"twitter:label1\" content=\"Gesch\u00e4tzte Lesezeit\" \/>\n\t<meta name=\"twitter:data1\" content=\"5 Minuten\" \/>\n<script type=\"application\/ld+json\" class=\"yoast-schema-graph\">{\"@context\":\"https:\/\/schema.org\",\"@graph\":[{\"@type\":\"WebPage\",\"@id\":\"http:\/\/vtc-strasbourg-dmd.fr\/de\/privater-fahrer-strassburg-europa-park\/\",\"url\":\"http:\/\/vtc-strasbourg-dmd.fr\/de\/privater-fahrer-strassburg-europa-park\/\",\"name\":\"Privater Fahrer Stra\u00dfburg Europa Park - VTC Strasbourg DMD\",\"isPartOf\":{\"@id\":\"http:\/\/vtc-strasbourg-dmd.fr\/de\/#website\"},\"datePublished\":\"2025-09-09T11:04:29+00:00\",\"dateModified\":\"2026-02-27T13:03:56+00:00\",\"description\":\"VTC Europa Park - Stra\u00dfburg - Buchen Sie Ihren Transfer mit Fahrer zum oder vom Europa Park und Stra\u00dfburg. Professioneller Fahrer.\",\"breadcrumb\":{\"@id\":\"http:\/\/vtc-strasbourg-dmd.fr\/de\/privater-fahrer-strassburg-europa-park\/#breadcrumb\"},\"inLanguage\":\"de\",\"potentialAction\":[{\"@type\":\"ReadAction\",\"target\":[\"http:\/\/vtc-strasbourg-dmd.fr\/de\/privater-fahrer-strassburg-europa-park\/\"]}]},{\"@type\":\"BreadcrumbList\",\"@id\":\"http:\/\/vtc-strasbourg-dmd.fr\/de\/privater-fahrer-strassburg-europa-park\/#breadcrumb\",\"itemListElement\":[{\"@type\":\"ListItem\",\"position\":1,\"name\":\"Accueil\",\"item\":\"https:\/\/vtc-strasbourg-dmd.fr\/de\/\"},{\"@type\":\"ListItem\",\"position\":2,\"name\":\"Privater Fahrer Stra\u00dfburg Europa Park\"}]},{\"@type\":\"WebSite\",\"@id\":\"http:\/\/vtc-strasbourg-dmd.fr\/de\/#website\",\"url\":\"http:\/\/vtc-strasbourg-dmd.fr\/de\/\",\"name\":\"VTC Strasbourg DMD\",\"description\":\"Chauffeur VTC Strasbourg\",\"publisher\":{\"@id\":\"http:\/\/vtc-strasbourg-dmd.fr\/de\/#organization\"},\"potentialAction\":[{\"@type\":\"SearchAction\",\"target\":{\"@type\":\"EntryPoint\",\"urlTemplate\":\"http:\/\/vtc-strasbourg-dmd.fr\/de\/?s={search_term_string}\"},\"query-input\":{\"@type\":\"PropertyValueSpecification\",\"valueRequired\":true,\"valueName\":\"search_term_string\"}}],\"inLanguage\":\"de\"},{\"@type\":\"Organization\",\"@id\":\"http:\/\/vtc-strasbourg-dmd.fr\/de\/#organization\",\"name\":\"VTC Strasbourg DMD\",\"url\":\"http:\/\/vtc-strasbourg-dmd.fr\/de\/\",\"logo\":{\"@type\":\"ImageObject\",\"inLanguage\":\"de\",\"@id\":\"http:\/\/vtc-strasbourg-dmd.fr\/de\/#\/schema\/logo\/image\/\",\"url\":\"https:\/\/vtc-strasbourg-dmd.fr\/wp-content\/uploads\/2025\/05\/cropped-LOGO-DRIVE-ME-DRIVER-scaled-1.png\",\"contentUrl\":\"https:\/\/vtc-strasbourg-dmd.fr\/wp-content\/uploads\/2025\/05\/cropped-LOGO-DRIVE-ME-DRIVER-scaled-1.png\",\"width\":2557,\"height\":854,\"caption\":\"VTC Strasbourg DMD\"},\"image\":{\"@id\":\"http:\/\/vtc-strasbourg-dmd.fr\/de\/#\/schema\/logo\/image\/\"}}]}<\/script>\n<!-- \/ Yoast SEO plugin. -->","yoast_head_json":{"title":"Privater Fahrer Stra\u00dfburg Europa Park - VTC Strasbourg DMD","description":"VTC Europa Park - Stra\u00dfburg - Buchen Sie Ihren Transfer mit Fahrer zum oder vom Europa Park und Stra\u00dfburg. Professioneller Fahrer.","robots":{"index":"index","follow":"follow","max-snippet":"max-snippet:-1","max-image-preview":"max-image-preview:large","max-video-preview":"max-video-preview:-1"},"canonical":"http:\/\/vtc-strasbourg-dmd.fr\/de\/privater-fahrer-strassburg-europa-park\/","og_locale":"de_DE","og_type":"article","og_title":"Privater Fahrer Stra\u00dfburg Europa Park - VTC Strasbourg DMD","og_description":"VTC Europa Park - Stra\u00dfburg - Buchen Sie Ihren Transfer mit Fahrer zum oder vom Europa Park und Stra\u00dfburg. Professioneller Fahrer.","og_url":"http:\/\/vtc-strasbourg-dmd.fr\/de\/privater-fahrer-strassburg-europa-park\/","og_site_name":"VTC Strasbourg DMD","article_modified_time":"2026-02-27T13:03:56+00:00","twitter_card":"summary_large_image","twitter_misc":{"Gesch\u00e4tzte Lesezeit":"5 Minuten"},"schema":{"@context":"https:\/\/schema.org","@graph":[{"@type":"WebPage","@id":"http:\/\/vtc-strasbourg-dmd.fr\/de\/privater-fahrer-strassburg-europa-park\/","url":"http:\/\/vtc-strasbourg-dmd.fr\/de\/privater-fahrer-strassburg-europa-park\/","name":"Privater Fahrer Stra\u00dfburg Europa Park - VTC Strasbourg DMD","isPartOf":{"@id":"http:\/\/vtc-strasbourg-dmd.fr\/de\/#website"},"datePublished":"2025-09-09T11:04:29+00:00","dateModified":"2026-02-27T13:03:56+00:00","description":"VTC Europa Park - Stra\u00dfburg - Buchen Sie Ihren Transfer mit Fahrer zum oder vom Europa Park und Stra\u00dfburg. Professioneller Fahrer.","breadcrumb":{"@id":"http:\/\/vtc-strasbourg-dmd.fr\/de\/privater-fahrer-strassburg-europa-park\/#breadcrumb"},"inLanguage":"de","potentialAction":[{"@type":"ReadAction","target":["http:\/\/vtc-strasbourg-dmd.fr\/de\/privater-fahrer-strassburg-europa-park\/"]}]},{"@type":"BreadcrumbList","@id":"http:\/\/vtc-strasbourg-dmd.fr\/de\/privater-fahrer-strassburg-europa-park\/#breadcrumb","itemListElement":[{"@type":"ListItem","position":1,"name":"Accueil","item":"https:\/\/vtc-strasbourg-dmd.fr\/de\/"},{"@type":"ListItem","position":2,"name":"Privater Fahrer Stra\u00dfburg Europa Park"}]},{"@type":"WebSite","@id":"http:\/\/vtc-strasbourg-dmd.fr\/de\/#website","url":"http:\/\/vtc-strasbourg-dmd.fr\/de\/","name":"VTC Strasbourg DMD","description":"Chauffeur VTC Strasbourg","publisher":{"@id":"http:\/\/vtc-strasbourg-dmd.fr\/de\/#organization"},"potentialAction":[{"@type":"SearchAction","target":{"@type":"EntryPoint","urlTemplate":"http:\/\/vtc-strasbourg-dmd.fr\/de\/?s={search_term_string}"},"query-input":{"@type":"PropertyValueSpecification","valueRequired":true,"valueName":"search_term_string"}}],"inLanguage":"de"},{"@type":"Organization","@id":"http:\/\/vtc-strasbourg-dmd.fr\/de\/#organization","name":"VTC Strasbourg DMD","url":"http:\/\/vtc-strasbourg-dmd.fr\/de\/","logo":{"@type":"ImageObject","inLanguage":"de","@id":"http:\/\/vtc-strasbourg-dmd.fr\/de\/#\/schema\/logo\/image\/","url":"https:\/\/vtc-strasbourg-dmd.fr\/wp-content\/uploads\/2025\/05\/cropped-LOGO-DRIVE-ME-DRIVER-scaled-1.png","contentUrl":"https:\/\/vtc-strasbourg-dmd.fr\/wp-content\/uploads\/2025\/05\/cropped-LOGO-DRIVE-ME-DRIVER-scaled-1.png","width":2557,"height":854,"caption":"VTC Strasbourg DMD"},"image":{"@id":"http:\/\/vtc-strasbourg-dmd.fr\/de\/#\/schema\/logo\/image\/"}}]}},"_links":{"self":[{"href":"http:\/\/vtc-strasbourg-dmd.fr\/de\/wp-json\/wp\/v2\/pages\/3268","targetHints":{"allow":["GET"]}}],"collection":[{"href":"http:\/\/vtc-strasbourg-dmd.fr\/de\/wp-json\/wp\/v2\/pages"}],"about":[{"href":"http:\/\/vtc-strasbourg-dmd.fr\/de\/wp-json\/wp\/v2\/types\/page"}],"author":[{"embeddable":true,"href":"http:\/\/vtc-strasbourg-dmd.fr\/de\/wp-json\/wp\/v2\/users\/31"}],"replies":[{"embeddable":true,"href":"http:\/\/vtc-strasbourg-dmd.fr\/de\/wp-json\/wp\/v2\/comments?post=3268"}],"version-history":[{"count":14,"href":"http:\/\/vtc-strasbourg-dmd.fr\/de\/wp-json\/wp\/v2\/pages\/3268\/revisions"}],"predecessor-version":[{"id":4378,"href":"http:\/\/vtc-strasbourg-dmd.fr\/de\/wp-json\/wp\/v2\/pages\/3268\/revisions\/4378"}],"wp:attachment":[{"href":"http:\/\/vtc-strasbourg-dmd.fr\/de\/wp-json\/wp\/v2\/media?parent=3268"}],"curies":[{"name":"wp","href":"https:\/\/api.w.org\/{rel}","templated":true}]}}